{"id":30067,"date":"2026-01-27T11:54:15","date_gmt":"2026-01-27T11:54:15","guid":{"rendered":"https:\/\/emprocy.com\/?page_id=30067"},"modified":"2026-03-04T11:42:03","modified_gmt":"2026-03-04T11:42:03","slug":"realizacje","status":"publish","type":"page","link":"https:\/\/emprocy.com\/de\/realizacje\/","title":{"rendered":"Verwirklichungen"},"content":{"rendered":"<div data-elementor-type=\"wp-page\" data-elementor-id=\"30067\" class=\"elementor elementor-30067\" data-elementor-post-type=\"page\">\n\t\t\t\t<div class=\"wd-negative-gap elementor-element elementor-element-270c869 e-flex e-con-boxed e-con e-parent\" data-id=\"270c869\" data-element_type=\"container\" data-e-type=\"container\">\n\t\t\t\t\t<div class=\"e-con-inner\">\n\t\t\t\t<div class=\"elementor-element elementor-element-bd01676 wd-width-100 elementor-widget elementor-widget-wd_title\" data-id=\"bd01676\" data-element_type=\"widget\" data-e-type=\"widget\" data-widget_type=\"wd_title.default\">\n\t\t\t\t<div class=\"elementor-widget-container\">\n\t\t\t\t\t\t\t<div class=\"title-wrapper wd-set-mb reset-last-child wd-title-color-primary wd-title-style-simple wd-title-size-custom text-left\">\n\n\t\t\t\n\t\t\t<div class=\"liner-continer\">\n\t\t\t\t<h4 class=\"woodmart-title-container title\">Verwirklichungen<\/h4> \n\t\t\t\t\t\t\t<\/div>\n\n\t\t\t\t\t\t\t<div class=\"title-after_title reset-last-child\">\n\t\t\t\t\t<p>Wir stellen eine Auswahl von Wohnprojekten vor, die in Zusammenarbeit mit unseren zuverl\u00e4ssigen Entwicklungspartnern auf Zypern entwickelt wurden. Dies sind Beispiele f\u00fcr Investitionen, die komfortables Wohnen, eine gute Lage und das Potenzial f\u00fcr eine langfristige Wertsteigerung vereinen.<\/p>\u00a0\t\t\t\t<\/div>\n\t\t\t\t\t<\/div>\n\t\t\t\t\t\t<\/div>\n\t\t\t\t<\/div>\n\t\t\t\t\t<\/div>\n\t\t\t\t<\/div>\n\t\t<div class=\"wd-negative-gap elementor-element elementor-element-8433819 e-flex e-con-boxed e-con e-parent\" data-id=\"8433819\" data-element_type=\"container\" data-e-type=\"container\">\n\t\t\t\t\t<div class=\"e-con-inner\">\n\t\t<div class=\"elementor-element elementor-element-3378bf8 e-con-full e-flex e-con e-child\" data-id=\"3378bf8\" data-element_type=\"container\" data-e-type=\"container\">\n\t\t\t\t<div class=\"elementor-element elementor-element-4584bb2 elementor-position-top elementor-widget elementor-widget-image-box\" data-id=\"4584bb2\" data-element_type=\"widget\" data-e-type=\"widget\" data-widget_type=\"image-box.default\">\n\t\t\t\t\t<div class=\"elementor-image-box-wrapper\"><figure class=\"elementor-image-box-img\"><img loading=\"lazy\" decoding=\"async\" width=\"1200\" height=\"628\" src=\"https:\/\/emprocy.com\/wp-content\/uploads\/2026\/02\/Elewacja-budynku-z-nowoczesna-architektura-i-przeszklonymi-balkonami-e1770123356350.jpeg\" class=\"attachment-full size-full wp-image-30496\" alt=\"Elewacja budynku z nowoczesn\u0105 architektur\u0105 i przeszklonymi balkonami\" srcset=\"https:\/\/emprocy.com\/wp-content\/uploads\/2026\/02\/Elewacja-budynku-z-nowoczesna-architektura-i-przeszklonymi-balkonami-e1770123356350.jpeg 1200w, https:\/\/emprocy.com\/wp-content\/uploads\/2026\/02\/Elewacja-budynku-z-nowoczesna-architektura-i-przeszklonymi-balkonami-e1770123356350-400x209.jpeg 400w, https:\/\/emprocy.com\/wp-content\/uploads\/2026\/02\/Elewacja-budynku-z-nowoczesna-architektura-i-przeszklonymi-balkonami-e1770123356350-768x402.jpeg 768w\" sizes=\"auto, (max-width: 1200px) 100vw, 1200px\" \/><\/figure><div class=\"elementor-image-box-content\"><h3 class=\"elementor-image-box-title\">Moderne Wohnungen in einem ruhigen Viertel<\/h3><p class=\"elementor-image-box-description\">Die Bauarbeiten f\u00fcr das neue Projekt haben offiziell begonnen. Es kombiniert einen hohen Ausbaustandard mit funktionalen Wohnungsgrundrissen in einer ruhigen Wohnlage. Es ist ideal f\u00fcr Familien und Menschen, die nach Zypern umziehen und inmitten der \u00f6rtlichen Gemeinschaft leben m\u00f6chten, die die Annehmlichkeiten des t\u00e4glichen Lebens genie\u00dfen und in der N\u00e4he von Schulen, Gesch\u00e4ften und Dienstleistungen wohnen m\u00f6chten.<\/p><\/div><\/div>\t\t\t\t<\/div>\n\t\t\t\t<div class=\"elementor-element elementor-element-661f1d8 elementor-widget elementor-widget-wd_button\" data-id=\"661f1d8\" data-element_type=\"widget\" data-e-type=\"widget\" data-widget_type=\"wd_button.default\">\n\t\t\t\t<div class=\"elementor-widget-container\">\n\t\t\t\t\t\t\t<div class=\"wd-button-wrapper text-center\" >\n\t\t\t<a class=\"btn btn-style-default btn-shape-round btn-size-default btn-icon-pos-right\"  href=\"\/de\/realizacje\/premium-w-rozsadnej-cenie-nowy-standard-w-rezydencjalnej-czesci-miasta\/\">\n\t\t\t\t<span class=\"wd-btn-text\" data-elementor-setting-key=\"text\">\n\t\t\t\t\tLernen Sie das Projekt kennen \t\t\t\t<\/span>\n\n\t\t\t\t\t\t\t<\/a>\n\t\t<\/div>\n\t\t\t\t\t\t<\/div>\n\t\t\t\t<\/div>\n\t\t\t\t<div class=\"elementor-element elementor-element-fd26810 elementor-widget-divider--view-line elementor-widget elementor-widget-divider\" data-id=\"fd26810\" data-element_type=\"widget\" data-e-type=\"widget\" data-widget_type=\"divider.default\">\n\t\t\t\t\t\t\t<div class=\"elementor-divider\">\n\t\t\t<span class=\"elementor-divider-separator\">\n\t\t\t\t\t\t<\/span>\n\t\t<\/div>\n\t\t\t\t\t\t<\/div>\n\t\t\t\t<\/div>\n\t\t<div class=\"elementor-element elementor-element-8f806c4 e-con-full e-flex e-con e-child\" data-id=\"8f806c4\" data-element_type=\"container\" data-e-type=\"container\">\n\t\t\t\t<div class=\"elementor-element elementor-element-cfd5246 elementor-position-top elementor-widget elementor-widget-image-box\" data-id=\"cfd5246\" data-element_type=\"widget\" data-e-type=\"widget\" data-widget_type=\"image-box.default\">\n\t\t\t\t\t<div class=\"elementor-image-box-wrapper\"><figure class=\"elementor-image-box-img\"><img loading=\"lazy\" decoding=\"async\" width=\"1200\" height=\"628\" src=\"https:\/\/emprocy.com\/wp-content\/uploads\/2026\/01\/kameralne-apartamenty-Pafos-Cypr-e1769519879887.jpg\" class=\"attachment-full size-full wp-image-30081\" alt=\"kameralne apartamenty Pafos, Cypr\" srcset=\"https:\/\/emprocy.com\/wp-content\/uploads\/2026\/01\/kameralne-apartamenty-Pafos-Cypr-e1769519879887.jpg 1200w, https:\/\/emprocy.com\/wp-content\/uploads\/2026\/01\/kameralne-apartamenty-Pafos-Cypr-e1769519879887-400x209.jpg 400w, https:\/\/emprocy.com\/wp-content\/uploads\/2026\/01\/kameralne-apartamenty-Pafos-Cypr-e1769519879887-768x402.jpg 768w\" sizes=\"auto, (max-width: 1200px) 100vw, 1200px\" \/><\/figure><div class=\"elementor-image-box-content\"><h3 class=\"elementor-image-box-title\">Intimes Wohnprojekt in Paphos<\/h3><p class=\"elementor-image-box-description\">Diese intime Wohnanlage bietet funktionelle 2-Zimmer-Wohnungen in einer ruhigen, gr\u00fcnen Gegend von Universal, in der N\u00e4he von Gesch\u00e4ften, Restaurants, dem Stadtzentrum und dem Meer. Das Projekt verbindet die Annehmlichkeiten der Lage mit dem Komfort des t\u00e4glichen Lebens und einem einheitlichen Design mit dem benachbarten Komplex, wodurch eine praktische L\u00f6sung f\u00fcr das Wohnen und die langfristige Vermietung geschaffen wird.<\/p><\/div><\/div>\t\t\t\t<\/div>\n\t\t\t\t<div class=\"elementor-element elementor-element-2653d3b elementor-widget elementor-widget-wd_button\" data-id=\"2653d3b\" data-element_type=\"widget\" data-e-type=\"widget\" data-widget_type=\"wd_button.default\">\n\t\t\t\t<div class=\"elementor-widget-container\">\n\t\t\t\t\t\t\t<div class=\"wd-button-wrapper text-center\" >\n\t\t\t<a class=\"btn btn-style-default btn-shape-round btn-size-default btn-icon-pos-right\"  href=\"\/de\/kameralny-projekt-mieszkaniowy-w-pafos\/\">\n\t\t\t\t<span class=\"wd-btn-text\" data-elementor-setting-key=\"text\">\n\t\t\t\t\tLernen Sie das Projekt kennen\t\t\t\t<\/span>\n\n\t\t\t\t\t\t\t<\/a>\n\t\t<\/div>\n\t\t\t\t\t\t<\/div>\n\t\t\t\t<\/div>\n\t\t\t\t<div class=\"elementor-element elementor-element-5399ae9 elementor-widget-divider--view-line elementor-widget elementor-widget-divider\" data-id=\"5399ae9\" data-element_type=\"widget\" data-e-type=\"widget\" data-widget_type=\"divider.default\">\n\t\t\t\t\t\t\t<div class=\"elementor-divider\">\n\t\t\t<span class=\"elementor-divider-separator\">\n\t\t\t\t\t\t<\/span>\n\t\t<\/div>\n\t\t\t\t\t\t<\/div>\n\t\t\t\t<\/div>\n\t\t\t\t\t<\/div>\n\t\t\t\t<\/div>\n\t\t<div class=\"wd-negative-gap elementor-element elementor-element-aebef5a e-flex e-con-boxed e-con e-parent\" data-id=\"aebef5a\" data-element_type=\"container\" data-e-type=\"container\">\n\t\t\t\t\t<div class=\"e-con-inner\">\n\t\t<div class=\"elementor-element elementor-element-a702727 e-con-full e-flex e-con e-child\" data-id=\"a702727\" data-element_type=\"container\" data-e-type=\"container\">\n\t\t\t\t<div class=\"elementor-element elementor-element-aa29136 elementor-position-top elementor-widget elementor-widget-image-box\" data-id=\"aa29136\" data-element_type=\"widget\" data-e-type=\"widget\" data-widget_type=\"image-box.default\">\n\t\t\t\t\t<div class=\"elementor-image-box-wrapper\"><figure class=\"elementor-image-box-img\"><img loading=\"lazy\" decoding=\"async\" width=\"1200\" height=\"628\" src=\"https:\/\/emprocy.com\/wp-content\/uploads\/2026\/01\/duzy-odkryty-basen-w-kompleksie-pafos-cypr-e1769611101482.jpg\" class=\"attachment-full size-full wp-image-30244\" alt=\"duzy-odkryty-basen-w-kompleksie-pafos cypr\" srcset=\"https:\/\/emprocy.com\/wp-content\/uploads\/2026\/01\/duzy-odkryty-basen-w-kompleksie-pafos-cypr-e1769611101482.jpg 1200w, https:\/\/emprocy.com\/wp-content\/uploads\/2026\/01\/duzy-odkryty-basen-w-kompleksie-pafos-cypr-e1769611101482-400x209.jpg 400w, https:\/\/emprocy.com\/wp-content\/uploads\/2026\/01\/duzy-odkryty-basen-w-kompleksie-pafos-cypr-e1769611101482-768x402.jpg 768w\" sizes=\"auto, (max-width: 1200px) 100vw, 1200px\" \/><\/figure><div class=\"elementor-image-box-content\"><h3 class=\"elementor-image-box-title\">Ruhige Wohnanlage im Herzen von Paphos<\/h3><p class=\"elementor-image-box-description\">Es handelt sich um einen intimen Komplex mit 31 Wohnungen in zwei Geb\u00e4uden, der sich in einem der funktionellsten und ruhigsten Gebiete von Paphos befindet - Universal. Das Projekt verbindet die Bequemlichkeit einer Lage in der N\u00e4he von Gesch\u00e4ften, Restaurants und dem Meer mit dem Komfort einer gr\u00fcnen, ruhigen Umgebung und bietet funktionale Wohnungen, die sowohl f\u00fcr das t\u00e4gliche Leben als auch f\u00fcr die langfristige Vermietung geeignet sind.<\/p><\/div><\/div>\t\t\t\t<\/div>\n\t\t\t\t<div class=\"elementor-element elementor-element-2f75f1c elementor-widget elementor-widget-wd_button\" data-id=\"2f75f1c\" data-element_type=\"widget\" data-e-type=\"widget\" data-widget_type=\"wd_button.default\">\n\t\t\t\t<div class=\"elementor-widget-container\">\n\t\t\t\t\t\t\t<div class=\"wd-button-wrapper text-center\" >\n\t\t\t<a class=\"btn btn-style-default btn-shape-round btn-size-default btn-icon-pos-right\"  href=\"\/de\/spokojny-kompleks-mieszkaniowy-w-sercu-pafos\/\">\n\t\t\t\t<span class=\"wd-btn-text\" data-elementor-setting-key=\"text\">\n\t\t\t\t\tLernen Sie das Projekt kennen \t\t\t\t<\/span>\n\n\t\t\t\t\t\t\t<\/a>\n\t\t<\/div>\n\t\t\t\t\t\t<\/div>\n\t\t\t\t<\/div>\n\t\t\t\t<div class=\"elementor-element elementor-element-ea014fd elementor-widget-divider--view-line elementor-widget elementor-widget-divider\" data-id=\"ea014fd\" data-element_type=\"widget\" data-e-type=\"widget\" data-widget_type=\"divider.default\">\n\t\t\t\t\t\t\t<div class=\"elementor-divider\">\n\t\t\t<span class=\"elementor-divider-separator\">\n\t\t\t\t\t\t<\/span>\n\t\t<\/div>\n\t\t\t\t\t\t<\/div>\n\t\t\t\t<\/div>\n\t\t<div class=\"elementor-element elementor-element-7eea44d e-con-full e-flex e-con e-child\" data-id=\"7eea44d\" data-element_type=\"container\" data-e-type=\"container\">\n\t\t\t\t<div class=\"elementor-element elementor-element-b5c1dbe elementor-position-top elementor-widget elementor-widget-image-box\" data-id=\"b5c1dbe\" data-element_type=\"widget\" data-e-type=\"widget\" data-widget_type=\"image-box.default\">\n\t\t\t\t\t<div class=\"elementor-image-box-wrapper\"><figure class=\"elementor-image-box-img\"><img loading=\"lazy\" decoding=\"async\" width=\"1200\" height=\"628\" src=\"https:\/\/emprocy.com\/wp-content\/uploads\/2026\/01\/apartamenty-na-Cyprze-e1769522593757.jpg\" class=\"attachment-full size-full wp-image-30095\" alt=\"apartament wiezowiec Pafos na Cyprze\" srcset=\"https:\/\/emprocy.com\/wp-content\/uploads\/2026\/01\/apartamenty-na-Cyprze-e1769522593757.jpg 1200w, https:\/\/emprocy.com\/wp-content\/uploads\/2026\/01\/apartamenty-na-Cyprze-e1769522593757-400x209.jpg 400w, https:\/\/emprocy.com\/wp-content\/uploads\/2026\/01\/apartamenty-na-Cyprze-e1769522593757-768x402.jpg 768w\" sizes=\"auto, (max-width: 1200px) 100vw, 1200px\" \/><\/figure><div class=\"elementor-image-box-content\"><h3 class=\"elementor-image-box-title\">Prestigetr\u00e4chtiges Wohnprojekt direkt am Meer<\/h3><p class=\"elementor-image-box-description\">Es handelt sich um eines der bekanntesten und modernsten Wohnprojekte in Paphos, das sich durch seine Hochhausbebauung entlang der K\u00fcste auszeichnet. Der Komplex kombiniert einen urbanen Lebensstil mit einem K\u00fcstenflair. Er bietet Panoramablicke, moderne Architektur und Zugang zu zahlreichen Annehmlichkeiten, so dass die Bewohner Komfort, Prestige und Funktionalit\u00e4t an einem Ort genie\u00dfen k\u00f6nnen.<\/p><\/div><\/div>\t\t\t\t<\/div>\n\t\t\t\t<div class=\"elementor-element elementor-element-3f1c460 elementor-widget elementor-widget-wd_button\" data-id=\"3f1c460\" data-element_type=\"widget\" data-e-type=\"widget\" data-widget_type=\"wd_button.default\">\n\t\t\t\t<div class=\"elementor-widget-container\">\n\t\t\t\t\t\t\t<div class=\"wd-button-wrapper text-center\" >\n\t\t\t<a class=\"btn btn-style-default btn-shape-round btn-size-default btn-icon-pos-right\"  href=\"\/de\/prestizowy-projekt-mieszkaniowy-nad-samym-morzem\/\">\n\t\t\t\t<span class=\"wd-btn-text\" data-elementor-setting-key=\"text\">\n\t\t\t\t\tLernen Sie das Projekt kennen \t\t\t\t<\/span>\n\n\t\t\t\t\t\t\t<\/a>\n\t\t<\/div>\n\t\t\t\t\t\t<\/div>\n\t\t\t\t<\/div>\n\t\t\t\t<div class=\"elementor-element elementor-element-674b70a elementor-widget-divider--view-line elementor-widget elementor-widget-divider\" data-id=\"674b70a\" data-element_type=\"widget\" data-e-type=\"widget\" data-widget_type=\"divider.default\">\n\t\t\t\t\t\t\t<div class=\"elementor-divider\">\n\t\t\t<span class=\"elementor-divider-separator\">\n\t\t\t\t\t\t<\/span>\n\t\t<\/div>\n\t\t\t\t\t\t<\/div>\n\t\t\t\t<\/div>\n\t\t\t\t\t<\/div>\n\t\t\t\t<\/div>\n\t\t<div class=\"wd-negative-gap elementor-element elementor-element-24da57d e-flex e-con-boxed e-con e-parent\" data-id=\"24da57d\" data-element_type=\"container\" data-e-type=\"container\">\n\t\t\t\t\t<div class=\"e-con-inner\">\n\t\t<div class=\"elementor-element elementor-element-5a43e16 e-con-full e-flex e-con e-child\" data-id=\"5a43e16\" data-element_type=\"container\" data-e-type=\"container\">\n\t\t\t\t<div class=\"elementor-element elementor-element-6ba08a6 elementor-position-top elementor-widget elementor-widget-image-box\" data-id=\"6ba08a6\" data-element_type=\"widget\" data-e-type=\"widget\" data-widget_type=\"image-box.default\">\n\t\t\t\t\t<div class=\"elementor-image-box-wrapper\"><figure class=\"elementor-image-box-img\"><img loading=\"lazy\" decoding=\"async\" width=\"1200\" height=\"628\" src=\"https:\/\/emprocy.com\/wp-content\/uploads\/2026\/01\/wieczorny-widok-na-kompleks-mieszkalny-corral-bay-e1769683572121.jpg\" class=\"attachment-full size-full wp-image-30307\" alt=\"wieczorny-widok-na-kompleks-mieszkalny-corral-bay\" srcset=\"https:\/\/emprocy.com\/wp-content\/uploads\/2026\/01\/wieczorny-widok-na-kompleks-mieszkalny-corral-bay-e1769683572121.jpg 1200w, https:\/\/emprocy.com\/wp-content\/uploads\/2026\/01\/wieczorny-widok-na-kompleks-mieszkalny-corral-bay-e1769683572121-400x209.jpg 400w, https:\/\/emprocy.com\/wp-content\/uploads\/2026\/01\/wieczorny-widok-na-kompleks-mieszkalny-corral-bay-e1769683572121-768x402.jpg 768w\" sizes=\"auto, (max-width: 1200px) 100vw, 1200px\" \/><\/figure><div class=\"elementor-image-box-content\"><h3 class=\"elementor-image-box-title\">Neue Wohnungen und ein sich entwickelndes Viertel<\/h3><p class=\"elementor-image-box-description\">Nur noch die letzten Wohnungen und Penth\u00e4user sind in dem Projekt in der Coral Bay verf\u00fcgbar. Die intime Anlage verbindet Ruhe, Sicherheit und hohe Lebensqualit\u00e4t in einem prestigetr\u00e4chtigen Entwicklungsgebiet. Au\u00dferdem ist ein neuer Jachthafen geplant, der das langfristige Wertpotenzial des Standorts unterstreicht.<\/p><\/div><\/div>\t\t\t\t<\/div>\n\t\t\t\t<div class=\"elementor-element elementor-element-007db43 elementor-widget elementor-widget-wd_button\" data-id=\"007db43\" data-element_type=\"widget\" data-e-type=\"widget\" data-widget_type=\"wd_button.default\">\n\t\t\t\t<div class=\"elementor-widget-container\">\n\t\t\t\t\t\t\t<div class=\"wd-button-wrapper text-center\" >\n\t\t\t<a class=\"btn btn-style-default btn-shape-round btn-size-default btn-icon-pos-right\"  href=\"\/de\/realizacje\/ostatnie-mieszkania-i-rozwijajaca-sie-okolica\/\">\n\t\t\t\t<span class=\"wd-btn-text\" data-elementor-setting-key=\"text\">\n\t\t\t\t\tLernen Sie das Projekt kennen \t\t\t\t<\/span>\n\n\t\t\t\t\t\t\t<\/a>\n\t\t<\/div>\n\t\t\t\t\t\t<\/div>\n\t\t\t\t<\/div>\n\t\t\t\t<div class=\"elementor-element elementor-element-8c94839 elementor-widget-divider--view-line elementor-widget elementor-widget-divider\" data-id=\"8c94839\" data-element_type=\"widget\" data-e-type=\"widget\" data-widget_type=\"divider.default\">\n\t\t\t\t\t\t\t<div class=\"elementor-divider\">\n\t\t\t<span class=\"elementor-divider-separator\">\n\t\t\t\t\t\t<\/span>\n\t\t<\/div>\n\t\t\t\t\t\t<\/div>\n\t\t\t\t<\/div>\n\t\t<div class=\"elementor-element elementor-element-b02e81c e-con-full e-flex e-con e-child\" data-id=\"b02e81c\" data-element_type=\"container\" data-e-type=\"container\">\n\t\t\t\t<div class=\"elementor-element elementor-element-7a3af32 elementor-position-top elementor-widget elementor-widget-image-box\" data-id=\"7a3af32\" data-element_type=\"widget\" data-e-type=\"widget\" data-widget_type=\"image-box.default\">\n\t\t\t\t\t<div class=\"elementor-image-box-wrapper\"><figure class=\"elementor-image-box-img\"><img loading=\"lazy\" decoding=\"async\" width=\"1200\" height=\"628\" src=\"https:\/\/emprocy.com\/wp-content\/uploads\/2026\/01\/wille-pafos-Cypr-e1769523850347.jpg\" class=\"attachment-full size-full wp-image-30110\" alt=\"wolnostoj\u0105ca willa w Pafos Cypr\" srcset=\"https:\/\/emprocy.com\/wp-content\/uploads\/2026\/01\/wille-pafos-Cypr-e1769523850347.jpg 1200w, https:\/\/emprocy.com\/wp-content\/uploads\/2026\/01\/wille-pafos-Cypr-e1769523850347-400x209.jpg 400w, https:\/\/emprocy.com\/wp-content\/uploads\/2026\/01\/wille-pafos-Cypr-e1769523850347-768x402.jpg 768w\" sizes=\"auto, (max-width: 1200px) 100vw, 1200px\" \/><\/figure><div class=\"elementor-image-box-content\"><h3 class=\"elementor-image-box-title\">Private Villa in der prestigetr\u00e4chtigen Lage von Sea Caves, Paphos<\/h3><p class=\"elementor-image-box-description\">Diese freistehende Villa bietet absolute Privatsph\u00e4re, moderne Architektur und hohe Standards in einer der begehrtesten Gegenden von Paphos. Nur wenige Schritte vom Meer entfernt, in einer ruhigen und prestigetr\u00e4chtigen Gegend gelegen, verbindet sie den Komfort des Lebens an der K\u00fcste mit einem begrenzten Angebot an Luxusimmobilien.<\/p><\/div><\/div>\t\t\t\t<\/div>\n\t\t\t\t<div class=\"elementor-element elementor-element-316a577 elementor-widget elementor-widget-wd_button\" data-id=\"316a577\" data-element_type=\"widget\" data-e-type=\"widget\" data-widget_type=\"wd_button.default\">\n\t\t\t\t<div class=\"elementor-widget-container\">\n\t\t\t\t\t\t\t<div class=\"wd-button-wrapper text-center\" >\n\t\t\t<a class=\"btn btn-style-default btn-shape-round btn-size-default btn-icon-pos-right\"  href=\"\/de\/prywatna-willa-w-prestizowej-lokalizacji-sea-caves-pafos\/\">\n\t\t\t\t<span class=\"wd-btn-text\" data-elementor-setting-key=\"text\">\n\t\t\t\t\tLernen Sie das Projekt kennen \t\t\t\t<\/span>\n\n\t\t\t\t\t\t\t<\/a>\n\t\t<\/div>\n\t\t\t\t\t\t<\/div>\n\t\t\t\t<\/div>\n\t\t\t\t<div class=\"elementor-element elementor-element-5333c60 elementor-widget-divider--view-line elementor-widget elementor-widget-divider\" data-id=\"5333c60\" data-element_type=\"widget\" data-e-type=\"widget\" data-widget_type=\"divider.default\">\n\t\t\t\t\t\t\t<div class=\"elementor-divider\">\n\t\t\t<span class=\"elementor-divider-separator\">\n\t\t\t\t\t\t<\/span>\n\t\t<\/div>\n\t\t\t\t\t\t<\/div>\n\t\t\t\t<\/div>\n\t\t\t\t\t<\/div>\n\t\t\t\t<\/div>\n\t\t<div class=\"wd-negative-gap elementor-element elementor-element-db82167 e-flex e-con-boxed e-con e-parent\" data-id=\"db82167\" data-element_type=\"container\" data-e-type=\"container\">\n\t\t\t\t\t<div class=\"e-con-inner\">\n\t\t<div class=\"elementor-element elementor-element-6bb801e e-con-full e-flex e-con e-child\" data-id=\"6bb801e\" data-element_type=\"container\" data-e-type=\"container\">\n\t\t\t\t<div class=\"elementor-element elementor-element-f32076b elementor-position-top elementor-widget elementor-widget-image-box\" data-id=\"f32076b\" data-element_type=\"widget\" data-e-type=\"widget\" data-widget_type=\"image-box.default\">\n\t\t\t\t\t<div class=\"elementor-image-box-wrapper\"><figure class=\"elementor-image-box-img\"><img loading=\"lazy\" decoding=\"async\" width=\"1200\" height=\"628\" src=\"https:\/\/emprocy.com\/wp-content\/uploads\/2026\/01\/willa-pafos-cypr-e1769690362340.jpg\" class=\"attachment-full size-full wp-image-30394\" alt=\"willa pafos cypr\" srcset=\"https:\/\/emprocy.com\/wp-content\/uploads\/2026\/01\/willa-pafos-cypr-e1769690362340.jpg 1200w, https:\/\/emprocy.com\/wp-content\/uploads\/2026\/01\/willa-pafos-cypr-e1769690362340-400x209.jpg 400w, https:\/\/emprocy.com\/wp-content\/uploads\/2026\/01\/willa-pafos-cypr-e1769690362340-768x402.jpg 768w\" sizes=\"auto, (max-width: 1200px) 100vw, 1200px\" \/><\/figure><div class=\"elementor-image-box-content\"><h3 class=\"elementor-image-box-title\">Projekt zum Wohnen am Meer in Paphos<\/h3><p class=\"elementor-image-box-description\">Bei dem vorgestellten Projekt handelt es sich um ein Resort-Wohnprojekt direkt am Meer in einer der angesehensten Lagen von Paphos. Die Kombination aus Wohnungen und Villen, die Strandpromenade und die gesamte Infrastruktur in fu\u00dfl\u00e4ufiger Entfernung schaffen einen einzigartigen Ort zum Leben und Nutzen der Immobilie.<\/p><\/div><\/div>\t\t\t\t<\/div>\n\t\t\t\t<div class=\"elementor-element elementor-element-a262e94 elementor-widget elementor-widget-wd_button\" data-id=\"a262e94\" data-element_type=\"widget\" data-e-type=\"widget\" data-widget_type=\"wd_button.default\">\n\t\t\t\t<div class=\"elementor-widget-container\">\n\t\t\t\t\t\t\t<div class=\"wd-button-wrapper text-center\" >\n\t\t\t<a class=\"btn btn-style-default btn-shape-round btn-size-default btn-icon-pos-right\"  href=\"\/de\/realizacje\/projekt-typu-sea-front-living-w-pafos\/\">\n\t\t\t\t<span class=\"wd-btn-text\" data-elementor-setting-key=\"text\">\n\t\t\t\t\tLernen Sie das Projekt kennen \t\t\t\t<\/span>\n\n\t\t\t\t\t\t\t<\/a>\n\t\t<\/div>\n\t\t\t\t\t\t<\/div>\n\t\t\t\t<\/div>\n\t\t\t\t<div class=\"elementor-element elementor-element-936b47b elementor-widget-divider--view-line elementor-widget elementor-widget-divider\" data-id=\"936b47b\" data-element_type=\"widget\" data-e-type=\"widget\" data-widget_type=\"divider.default\">\n\t\t\t\t\t\t\t<div class=\"elementor-divider\">\n\t\t\t<span class=\"elementor-divider-separator\">\n\t\t\t\t\t\t<\/span>\n\t\t<\/div>\n\t\t\t\t\t\t<\/div>\n\t\t\t\t<\/div>\n\t\t<div class=\"elementor-element elementor-element-197a504 e-con-full e-flex e-con e-child\" data-id=\"197a504\" data-element_type=\"container\" data-e-type=\"container\">\n\t\t\t\t<div class=\"elementor-element elementor-element-e327e8b elementor-position-top elementor-widget elementor-widget-image-box\" data-id=\"e327e8b\" data-element_type=\"widget\" data-e-type=\"widget\" data-widget_type=\"image-box.default\">\n\t\t\t\t\t<div class=\"elementor-image-box-wrapper\"><figure class=\"elementor-image-box-img\"><img loading=\"lazy\" decoding=\"async\" width=\"1200\" height=\"628\" src=\"https:\/\/emprocy.com\/wp-content\/uploads\/2026\/01\/Urban-resort-living-w-rejonie-Pafos-e1769695556832.jpg\" class=\"attachment-full size-full wp-image-30417\" alt=\"Urban resort living w rejonie Pafos\" srcset=\"https:\/\/emprocy.com\/wp-content\/uploads\/2026\/01\/Urban-resort-living-w-rejonie-Pafos-e1769695556832.jpg 1200w, https:\/\/emprocy.com\/wp-content\/uploads\/2026\/01\/Urban-resort-living-w-rejonie-Pafos-e1769695556832-400x209.jpg 400w, https:\/\/emprocy.com\/wp-content\/uploads\/2026\/01\/Urban-resort-living-w-rejonie-Pafos-e1769695556832-768x402.jpg 768w\" sizes=\"auto, (max-width: 1200px) 100vw, 1200px\" \/><\/figure><div class=\"elementor-image-box-content\"><h3 class=\"elementor-image-box-title\">Investition in ein Wohnhaus im Ferienort Paphos<\/h3><p class=\"elementor-image-box-description\">Eine geschlossene Anlage mit Resortcharakter, die als zusammenh\u00e4ngender Raum f\u00fcr Wohnen und Immobiliennutzung konzipiert ist. Eine niedrige Bebauung, eine umfangreiche interne Infrastruktur und eine Lage, die Ruhe mit dem Zugang zur Stadt verbindet, schaffen ein Projekt mit umfassender Nutzung und langfristigem Potenzial.<\/p><\/div><\/div>\t\t\t\t<\/div>\n\t\t\t\t<div class=\"elementor-element elementor-element-119e418 elementor-widget elementor-widget-wd_button\" data-id=\"119e418\" data-element_type=\"widget\" data-e-type=\"widget\" data-widget_type=\"wd_button.default\">\n\t\t\t\t<div class=\"elementor-widget-container\">\n\t\t\t\t\t\t\t<div class=\"wd-button-wrapper text-center\" >\n\t\t\t<a class=\"btn btn-style-default btn-shape-round btn-size-default btn-icon-pos-right\"  href=\"\/de\/realizacje\/blok-mieszkalny-w-resorcie-w-pafos\/\">\n\t\t\t\t<span class=\"wd-btn-text\" data-elementor-setting-key=\"text\">\n\t\t\t\t\tLernen Sie das Projekt kennen \t\t\t\t<\/span>\n\n\t\t\t\t\t\t\t<\/a>\n\t\t<\/div>\n\t\t\t\t\t\t<\/div>\n\t\t\t\t<\/div>\n\t\t\t\t<div class=\"elementor-element elementor-element-9971bd6 elementor-widget-divider--view-line elementor-widget elementor-widget-divider\" data-id=\"9971bd6\" data-element_type=\"widget\" data-e-type=\"widget\" data-widget_type=\"divider.default\">\n\t\t\t\t\t\t\t<div class=\"elementor-divider\">\n\t\t\t<span class=\"elementor-divider-separator\">\n\t\t\t\t\t\t<\/span>\n\t\t<\/div>\n\t\t\t\t\t\t<\/div>\n\t\t\t\t<\/div>\n\t\t\t\t\t<\/div>\n\t\t\t\t<\/div>\n\t\t<div class=\"wd-negative-gap elementor-element elementor-element-d98fe7e e-flex e-con-boxed e-con e-parent\" data-id=\"d98fe7e\" data-element_type=\"container\" data-e-type=\"container\">\n\t\t\t\t\t<div class=\"e-con-inner\">\n\t\t<div class=\"elementor-element elementor-element-8f48147 e-con-full e-flex e-con e-child\" data-id=\"8f48147\" data-element_type=\"container\" data-e-type=\"container\">\n\t\t\t\t<div class=\"elementor-element elementor-element-1ebce8a elementor-position-top elementor-widget elementor-widget-image-box\" data-id=\"1ebce8a\" data-element_type=\"widget\" data-e-type=\"widget\" data-widget_type=\"image-box.default\">\n\t\t\t\t\t<div class=\"elementor-image-box-wrapper\"><figure class=\"elementor-image-box-img\"><img loading=\"lazy\" decoding=\"async\" width=\"1200\" height=\"628\" src=\"https:\/\/emprocy.com\/wp-content\/uploads\/2026\/01\/kompleks-typu-urban-resort-Cypr.jpg\" class=\"attachment-full size-full wp-image-30070\" alt=\"kompleks typu urban resort Cypr\" srcset=\"https:\/\/emprocy.com\/wp-content\/uploads\/2026\/01\/kompleks-typu-urban-resort-Cypr.jpg 1200w, https:\/\/emprocy.com\/wp-content\/uploads\/2026\/01\/kompleks-typu-urban-resort-Cypr-400x209.jpg 400w, https:\/\/emprocy.com\/wp-content\/uploads\/2026\/01\/kompleks-typu-urban-resort-Cypr-768x402.jpg 768w\" sizes=\"auto, (max-width: 1200px) 100vw, 1200px\" \/><\/figure><div class=\"elementor-image-box-content\"><h3 class=\"elementor-image-box-title\">Modernes st\u00e4dtisches Resort-Wohnprojekt<\/h3><p class=\"elementor-image-box-description\">Bei dem vorgestellten Projekt handelt es sich um einen modernen Wohnkomplex, der Wohnen im Resort-Stil mit funktionalen L\u00f6sungen f\u00fcr den Alltag verbindet. Das Projekt bietet eine breite Palette von Annehmlichkeiten in den Gemeinschaftsbereichen und gut gestaltete Wohnungen, die es sowohl f\u00fcr die Wohn- als auch f\u00fcr die Mietnutzung attraktiv machen....<\/p><\/div><\/div>\t\t\t\t<\/div>\n\t\t\t\t<div class=\"elementor-element elementor-element-cae0ce8 elementor-widget elementor-widget-wd_button\" data-id=\"cae0ce8\" data-element_type=\"widget\" data-e-type=\"widget\" data-widget_type=\"wd_button.default\">\n\t\t\t\t<div class=\"elementor-widget-container\">\n\t\t\t\t\t\t\t<div class=\"wd-button-wrapper text-center\" >\n\t\t\t<a class=\"btn btn-style-default btn-shape-round btn-size-default btn-icon-pos-right\"  href=\"\/de\/projekt-mieszkaniowy-typu-urban-resort\/\">\n\t\t\t\t<span class=\"wd-btn-text\" data-elementor-setting-key=\"text\">\n\t\t\t\t\tLernen Sie das Projekt kennen \t\t\t\t<\/span>\n\n\t\t\t\t\t\t\t<\/a>\n\t\t<\/div>\n\t\t\t\t\t\t<\/div>\n\t\t\t\t<\/div>\n\t\t\t\t<div class=\"elementor-element elementor-element-7856dc5 elementor-widget-divider--view-line elementor-widget elementor-widget-divider\" data-id=\"7856dc5\" data-element_type=\"widget\" data-e-type=\"widget\" data-widget_type=\"divider.default\">\n\t\t\t\t\t\t\t<div class=\"elementor-divider\">\n\t\t\t<span class=\"elementor-divider-separator\">\n\t\t\t\t\t\t<\/span>\n\t\t<\/div>\n\t\t\t\t\t\t<\/div>\n\t\t\t\t<\/div>\n\t\t<div class=\"elementor-element elementor-element-08fa0aa e-con-full e-flex e-con e-child\" data-id=\"08fa0aa\" data-element_type=\"container\" data-e-type=\"container\">\n\t\t\t\t<div class=\"elementor-element elementor-element-5abfaf4 elementor-position-top elementor-widget elementor-widget-image-box\" data-id=\"5abfaf4\" data-element_type=\"widget\" data-e-type=\"widget\" data-widget_type=\"image-box.default\">\n\t\t\t\t\t<div class=\"elementor-image-box-wrapper\"><figure class=\"elementor-image-box-img\"><img loading=\"lazy\" decoding=\"async\" width=\"1200\" height=\"628\" src=\"https:\/\/emprocy.com\/wp-content\/uploads\/2026\/02\/Widok-z-zewnatrz-luksusowego-kompleksu-rezydencji-nad-morzem-na-Cyprze-e1770203980303.jpg\" class=\"attachment-full size-full wp-image-30537\" alt=\"Widok z zewn\u0105trz luksusowego kompleksu rezydencji nad morzem na Cyprze\" srcset=\"https:\/\/emprocy.com\/wp-content\/uploads\/2026\/02\/Widok-z-zewnatrz-luksusowego-kompleksu-rezydencji-nad-morzem-na-Cyprze-e1770203980303.jpg 1200w, https:\/\/emprocy.com\/wp-content\/uploads\/2026\/02\/Widok-z-zewnatrz-luksusowego-kompleksu-rezydencji-nad-morzem-na-Cyprze-e1770203980303-400x209.jpg 400w, https:\/\/emprocy.com\/wp-content\/uploads\/2026\/02\/Widok-z-zewnatrz-luksusowego-kompleksu-rezydencji-nad-morzem-na-Cyprze-e1770203980303-768x402.jpg 768w\" sizes=\"auto, (max-width: 1200px) 100vw, 1200px\" \/><\/figure><div class=\"elementor-image-box-content\"><h3 class=\"elementor-image-box-title\">Luxuri\u00f6se Villen und prestigetr\u00e4chtiger Lebensstil am Meer<\/h3><p class=\"elementor-image-box-description\">Erleben Sie ein einzigartiges Premium-Wohnprojekt in Paphos, das eine Kombination aus Privatsph\u00e4re, Prestige und Kontakt zur Natur darstellt. Ger\u00e4umige Villen mit Panoramablick auf das Meer, luxuri\u00f6se Annehmlichkeiten und eine ruhige Lage machen dies zu einem perfekten Ort zum Leben und Investieren auf Zypern.<\/p><\/div><\/div>\t\t\t\t<\/div>\n\t\t\t\t<div class=\"elementor-element elementor-element-e448b9c elementor-widget elementor-widget-wd_button\" data-id=\"e448b9c\" data-element_type=\"widget\" data-e-type=\"widget\" data-widget_type=\"wd_button.default\">\n\t\t\t\t<div class=\"elementor-widget-container\">\n\t\t\t\t\t\t\t<div class=\"wd-button-wrapper text-center\" >\n\t\t\t<a class=\"btn btn-style-default btn-shape-round btn-size-default btn-icon-pos-right\"  href=\"\/de\/realizacje\/luksusowe-wille-i-prestizowy-styl-zycia-nad-morzem\/\">\n\t\t\t\t<span class=\"wd-btn-text\" data-elementor-setting-key=\"text\">\n\t\t\t\t\tLernen Sie das Projekt kennen \t\t\t\t<\/span>\n\n\t\t\t\t\t\t\t<\/a>\n\t\t<\/div>\n\t\t\t\t\t\t<\/div>\n\t\t\t\t<\/div>\n\t\t\t\t<div class=\"elementor-element elementor-element-fe19991 elementor-widget-divider--view-line elementor-widget elementor-widget-divider\" data-id=\"fe19991\" data-element_type=\"widget\" data-e-type=\"widget\" data-widget_type=\"divider.default\">\n\t\t\t\t\t\t\t<div class=\"elementor-divider\">\n\t\t\t<span class=\"elementor-divider-separator\">\n\t\t\t\t\t\t<\/span>\n\t\t<\/div>\n\t\t\t\t\t\t<\/div>\n\t\t\t\t<\/div>\n\t\t\t\t\t<\/div>\n\t\t\t\t<\/div>\n\t\t\t\t<\/div>","protected":false},"excerpt":{"rendered":"<p>Realizacje Prezentujemy wybrane projekty mieszkaniowe realizowane we wsp\u00f3\u0142pracy z naszymi zaufanymi partnerami deweloperskimi na Cyprze. To przyk\u0142ady inwestycji, kt\u00f3re \u0142\u0105cz\u0105<\/p>","protected":false},"author":3,"featured_media":0,"parent":0,"menu_order":0,"comment_status":"closed","ping_status":"closed","template":"","meta":{"_acf_changed":false,"footnotes":""},"class_list":["post-30067","page","type-page","status-publish","hentry"],"acf":[],"yoast_head":"<!-- This site is optimized with the Yoast SEO plugin v27.0 - https:\/\/yoast.com\/product\/yoast-seo-wordpress\/ -->\n<title>Projekty mieszkaniowe i luksusowe inwestycje na Cyprze | EM PRO<\/title>\n<meta name=\"description\" content=\"Poznaj wybrane realizacje EM PRO - apartamenty, wille i mieszkania w Pafos. Komfort, presti\u017cowe lokalizacje i potencja\u0142 inwestycyjny.\" \/>\n<meta name=\"robots\" content=\"index, follow, max-snippet:-1, max-image-preview:large, max-video-preview:-1\" \/>\n<link rel=\"canonical\" href=\"https:\/\/emprocy.com\/de\/realizacje\/\" \/>\n<meta property=\"og:locale\" content=\"de_DE\" \/>\n<meta property=\"og:type\" content=\"article\" \/>\n<meta property=\"og:title\" content=\"Projekty mieszkaniowe i luksusowe inwestycje na Cyprze | EM PRO\" \/>\n<meta property=\"og:description\" content=\"Poznaj wybrane realizacje EM PRO - apartamenty, wille i mieszkania w Pafos. Komfort, presti\u017cowe lokalizacje i potencja\u0142 inwestycyjny.\" \/>\n<meta property=\"og:url\" content=\"https:\/\/emprocy.com\/de\/realizacje\/\" \/>\n<meta property=\"og:site_name\" content=\"Inwestycje na Cyprze i Relokacja I EM PRO Investments\" \/>\n<meta property=\"article:modified_time\" content=\"2026-03-04T11:42:03+00:00\" \/>\n<meta property=\"og:image\" content=\"https:\/\/emprocy.com\/wp-content\/uploads\/2026\/02\/Elewacja-budynku-z-nowoczesna-architektura-i-przeszklonymi-balkonami-e1770123356350.jpeg\" \/>\n<meta name=\"twitter:card\" content=\"summary_large_image\" \/>\n<meta name=\"twitter:label1\" content=\"Gesch\u00e4tzte Lesezeit\" \/>\n\t<meta name=\"twitter:data1\" content=\"6\u00a0Minuten\" \/>\n<script type=\"application\/ld+json\" class=\"yoast-schema-graph\">{\"@context\":\"https:\/\/schema.org\",\"@graph\":[{\"@type\":\"WebPage\",\"@id\":\"https:\/\/emprocy.com\/de\/realizacje\/\",\"url\":\"https:\/\/emprocy.com\/de\/realizacje\/\",\"name\":\"Projekty mieszkaniowe i luksusowe inwestycje na Cyprze | EM PRO\",\"isPartOf\":{\"@id\":\"https:\/\/emprocy.com\/de\/#website\"},\"primaryImageOfPage\":{\"@id\":\"https:\/\/emprocy.com\/de\/realizacje\/#primaryimage\"},\"image\":{\"@id\":\"https:\/\/emprocy.com\/de\/realizacje\/#primaryimage\"},\"thumbnailUrl\":\"https:\/\/emprocy.com\/wp-content\/uploads\/2026\/02\/Elewacja-budynku-z-nowoczesna-architektura-i-przeszklonymi-balkonami-e1770123356350.jpeg\",\"datePublished\":\"2026-01-27T11:54:15+00:00\",\"dateModified\":\"2026-03-04T11:42:03+00:00\",\"description\":\"Poznaj wybrane realizacje EM PRO - apartamenty, wille i mieszkania w Pafos. Komfort, presti\u017cowe lokalizacje i potencja\u0142 inwestycyjny.\",\"breadcrumb\":{\"@id\":\"https:\/\/emprocy.com\/de\/realizacje\/#breadcrumb\"},\"inLanguage\":\"de\",\"potentialAction\":[{\"@type\":\"ReadAction\",\"target\":[\"https:\/\/emprocy.com\/de\/realizacje\/\"]}]},{\"@type\":\"ImageObject\",\"inLanguage\":\"de\",\"@id\":\"https:\/\/emprocy.com\/de\/realizacje\/#primaryimage\",\"url\":\"https:\/\/emprocy.com\/wp-content\/uploads\/2026\/02\/Elewacja-budynku-z-nowoczesna-architektura-i-przeszklonymi-balkonami-e1770123356350.jpeg\",\"contentUrl\":\"https:\/\/emprocy.com\/wp-content\/uploads\/2026\/02\/Elewacja-budynku-z-nowoczesna-architektura-i-przeszklonymi-balkonami-e1770123356350.jpeg\"},{\"@type\":\"BreadcrumbList\",\"@id\":\"https:\/\/emprocy.com\/de\/realizacje\/#breadcrumb\",\"itemListElement\":[{\"@type\":\"ListItem\",\"position\":1,\"name\":\"Strona g\u0142\u00f3wna\",\"item\":\"https:\/\/emprocy.com\/\"},{\"@type\":\"ListItem\",\"position\":2,\"name\":\"Realizacje\"}]},{\"@type\":\"WebSite\",\"@id\":\"https:\/\/emprocy.com\/de\/#website\",\"url\":\"https:\/\/emprocy.com\/de\/\",\"name\":\"Inwestycje na Cyprze i Relokacja I EM PRO Investments\",\"description\":\"Inwestycje na Cyprze i Relokacja I EM PRO Investments\",\"potentialAction\":[{\"@type\":\"SearchAction\",\"target\":{\"@type\":\"EntryPoint\",\"urlTemplate\":\"https:\/\/emprocy.com\/de\/?s={search_term_string}\"},\"query-input\":{\"@type\":\"PropertyValueSpecification\",\"valueRequired\":true,\"valueName\":\"search_term_string\"}}],\"inLanguage\":\"de\"}]}<\/script>\n<!-- \/ Yoast SEO plugin. -->","yoast_head_json":{"title":"Projekty mieszkaniowe i luksusowe inwestycje na Cyprze | EM PRO","description":"Poznaj wybrane realizacje EM PRO - apartamenty, wille i mieszkania w Pafos. Komfort, presti\u017cowe lokalizacje i potencja\u0142 inwestycyjny.","robots":{"index":"index","follow":"follow","max-snippet":"max-snippet:-1","max-image-preview":"max-image-preview:large","max-video-preview":"max-video-preview:-1"},"canonical":"https:\/\/emprocy.com\/de\/realizacje\/","og_locale":"de_DE","og_type":"article","og_title":"Projekty mieszkaniowe i luksusowe inwestycje na Cyprze | EM PRO","og_description":"Poznaj wybrane realizacje EM PRO - apartamenty, wille i mieszkania w Pafos. Komfort, presti\u017cowe lokalizacje i potencja\u0142 inwestycyjny.","og_url":"https:\/\/emprocy.com\/de\/realizacje\/","og_site_name":"Inwestycje na Cyprze i Relokacja I EM PRO Investments","article_modified_time":"2026-03-04T11:42:03+00:00","og_image":[{"url":"https:\/\/emprocy.com\/wp-content\/uploads\/2026\/02\/Elewacja-budynku-z-nowoczesna-architektura-i-przeszklonymi-balkonami-e1770123356350.jpeg","type":"","width":"","height":""}],"twitter_card":"summary_large_image","twitter_misc":{"Gesch\u00e4tzte Lesezeit":"6\u00a0Minuten"},"schema":{"@context":"https:\/\/schema.org","@graph":[{"@type":"WebPage","@id":"https:\/\/emprocy.com\/de\/realizacje\/","url":"https:\/\/emprocy.com\/de\/realizacje\/","name":"Projekty mieszkaniowe i luksusowe inwestycje na Cyprze | EM PRO","isPartOf":{"@id":"https:\/\/emprocy.com\/de\/#website"},"primaryImageOfPage":{"@id":"https:\/\/emprocy.com\/de\/realizacje\/#primaryimage"},"image":{"@id":"https:\/\/emprocy.com\/de\/realizacje\/#primaryimage"},"thumbnailUrl":"https:\/\/emprocy.com\/wp-content\/uploads\/2026\/02\/Elewacja-budynku-z-nowoczesna-architektura-i-przeszklonymi-balkonami-e1770123356350.jpeg","datePublished":"2026-01-27T11:54:15+00:00","dateModified":"2026-03-04T11:42:03+00:00","description":"Poznaj wybrane realizacje EM PRO - apartamenty, wille i mieszkania w Pafos. Komfort, presti\u017cowe lokalizacje i potencja\u0142 inwestycyjny.","breadcrumb":{"@id":"https:\/\/emprocy.com\/de\/realizacje\/#breadcrumb"},"inLanguage":"de","potentialAction":[{"@type":"ReadAction","target":["https:\/\/emprocy.com\/de\/realizacje\/"]}]},{"@type":"ImageObject","inLanguage":"de","@id":"https:\/\/emprocy.com\/de\/realizacje\/#primaryimage","url":"https:\/\/emprocy.com\/wp-content\/uploads\/2026\/02\/Elewacja-budynku-z-nowoczesna-architektura-i-przeszklonymi-balkonami-e1770123356350.jpeg","contentUrl":"https:\/\/emprocy.com\/wp-content\/uploads\/2026\/02\/Elewacja-budynku-z-nowoczesna-architektura-i-przeszklonymi-balkonami-e1770123356350.jpeg"},{"@type":"BreadcrumbList","@id":"https:\/\/emprocy.com\/de\/realizacje\/#breadcrumb","itemListElement":[{"@type":"ListItem","position":1,"name":"Strona g\u0142\u00f3wna","item":"https:\/\/emprocy.com\/"},{"@type":"ListItem","position":2,"name":"Realizacje"}]},{"@type":"WebSite","@id":"https:\/\/emprocy.com\/de\/#website","url":"https:\/\/emprocy.com\/de\/","name":"Inwestycje na Cyprze i Relokacja I EM PRO Investments","description":"Inwestycje na Cyprze i Relokacja I EM PRO Investments","potentialAction":[{"@type":"SearchAction","target":{"@type":"EntryPoint","urlTemplate":"https:\/\/emprocy.com\/de\/?s={search_term_string}"},"query-input":{"@type":"PropertyValueSpecification","valueRequired":true,"valueName":"search_term_string"}}],"inLanguage":"de"}]}},"_links":{"self":[{"href":"https:\/\/emprocy.com\/de\/wp-json\/wp\/v2\/pages\/30067","targetHints":{"allow":["GET"]}}],"collection":[{"href":"https:\/\/emprocy.com\/de\/wp-json\/wp\/v2\/pages"}],"about":[{"href":"https:\/\/emprocy.com\/de\/wp-json\/wp\/v2\/types\/page"}],"author":[{"embeddable":true,"href":"https:\/\/emprocy.com\/de\/wp-json\/wp\/v2\/users\/3"}],"replies":[{"embeddable":true,"href":"https:\/\/emprocy.com\/de\/wp-json\/wp\/v2\/comments?post=30067"}],"version-history":[{"count":113,"href":"https:\/\/emprocy.com\/de\/wp-json\/wp\/v2\/pages\/30067\/revisions"}],"predecessor-version":[{"id":30640,"href":"https:\/\/emprocy.com\/de\/wp-json\/wp\/v2\/pages\/30067\/revisions\/30640"}],"wp:attachment":[{"href":"https:\/\/emprocy.com\/de\/wp-json\/wp\/v2\/media?parent=30067"}],"curies":[{"name":"wp","href":"https:\/\/api.w.org\/{rel}","templated":true}]}}