{"id":29720,"date":"2026-01-07T07:55:53","date_gmt":"2026-01-07T07:55:53","guid":{"rendered":"https:\/\/emprocy.com\/?page_id=29720"},"modified":"2026-03-04T07:55:43","modified_gmt":"2026-03-04T07:55:43","slug":"blog","status":"publish","type":"page","link":"https:\/\/emprocy.com\/de\/blog\/","title":{"rendered":"Blog"},"content":{"rendered":"<div data-elementor-type=\"wp-page\" data-elementor-id=\"29720\" class=\"elementor elementor-29720\" data-elementor-post-type=\"page\">\n\t\t\t\t<div class=\"wd-negative-gap elementor-element elementor-element-270c869 e-flex e-con-boxed e-con e-parent\" data-id=\"270c869\" data-element_type=\"container\" data-e-type=\"container\">\n\t\t\t\t\t<div class=\"e-con-inner\">\n\t\t\t\t<div class=\"elementor-element elementor-element-bd01676 wd-width-100 elementor-widget elementor-widget-wd_title\" data-id=\"bd01676\" data-element_type=\"widget\" data-e-type=\"widget\" data-widget_type=\"wd_title.default\">\n\t\t\t\t<div class=\"elementor-widget-container\">\n\t\t\t\t\t\t\t<div class=\"title-wrapper wd-set-mb reset-last-child wd-title-color-primary wd-title-style-simple wd-title-size-custom text-left\">\n\n\t\t\t\n\t\t\t<div class=\"liner-continer\">\n\t\t\t\t<h4 class=\"woodmart-title-container title\">Najnowsze inspiracje z naszego bloga<\/h4> \n\t\t\t\t\t\t\t<\/div>\n\n\t\t\t\t\t\t\t<div class=\"title-after_title reset-last-child\">\n\t\t\t\t\t<p>Poznaj najnowsze artyku\u0142y, porady i historie przygotowane specjalnie dla Ciebie<\/p>\t\t\t\t<\/div>\n\t\t\t\t\t<\/div>\n\t\t\t\t\t\t<\/div>\n\t\t\t\t<\/div>\n\t\t\t\t\t<\/div>\n\t\t\t\t<\/div>\n\t\t<div class=\"wd-negative-gap elementor-element elementor-element-42d6527 e-flex e-con-boxed e-con e-parent\" data-id=\"42d6527\" data-element_type=\"container\" data-e-type=\"container\">\n\t\t\t\t\t<div class=\"e-con-inner\">\n\t\t\t\t<div class=\"elementor-element elementor-element-539cd30 wd-width-100 elementor-widget elementor-widget-wd_blog\" data-id=\"539cd30\" data-element_type=\"widget\" data-e-type=\"widget\" data-widget_type=\"wd_blog.default\">\n\t\t\t\t<div class=\"elementor-widget-container\">\n\t\t\t\t\t\t\t\t\t\t\t\t<div class=\"wd-blog-element\">\n\t\t\t\t\t\t\t\t\t\t\t\n\t\t\t\t\t<div class=\"wd-posts wd-blog-holder wd-masonry wd-grid-f-col\" id=\"69f743d967bac\" data-paged=\"1\" data-atts=\"{&quot;post_type&quot;:&quot;post&quot;,&quot;items_per_page&quot;:120,&quot;include&quot;:null,&quot;taxonomies&quot;:&quot;&quot;,&quot;offset&quot;:&quot;&quot;,&quot;orderby&quot;:&quot;&quot;,&quot;order&quot;:&quot;DESC&quot;,&quot;meta_key&quot;:null,&quot;exclude&quot;:&quot;&quot;,&quot;element_title&quot;:&quot;&quot;,&quot;element_title_tag&quot;:&quot;h4&quot;,&quot;parts_media&quot;:true,&quot;parts_title&quot;:&quot;1&quot;,&quot;parts_meta&quot;:&quot;1&quot;,&quot;parts_text&quot;:&quot;1&quot;,&quot;parts_btn&quot;:&quot;1&quot;,&quot;parts_published_date&quot;:&quot;1&quot;,&quot;img_size&quot;:&quot;large&quot;,&quot;blog_design&quot;:&quot;masonry&quot;,&quot;blog_carousel_design&quot;:null,&quot;blog_masonry&quot;:&quot;1&quot;,&quot;blog_columns&quot;:{&quot;unit&quot;:&quot;px&quot;,&quot;size&quot;:3,&quot;sizes&quot;:[]},&quot;blog_columns_tablet&quot;:{&quot;size&quot;:&quot;&quot;},&quot;blog_columns_mobile&quot;:{&quot;size&quot;:&quot;&quot;},&quot;blog_spacing&quot;:&quot;&quot;,&quot;blog_spacing_tablet&quot;:&quot;&quot;,&quot;blog_spacing_mobile&quot;:&quot;&quot;,&quot;pagination&quot;:&quot;&quot;,&quot;speed&quot;:null,&quot;slides_per_view&quot;:null,&quot;slides_per_view_tablet&quot;:{&quot;size&quot;:&quot;&quot;},&quot;slides_per_view_mobile&quot;:{&quot;size&quot;:&quot;&quot;},&quot;wrap&quot;:null,&quot;autoplay&quot;:null,&quot;hide_pagination_control&quot;:null,&quot;hide_prev_next_buttons&quot;:null,&quot;scroll_per_page&quot;:null,&quot;lazy_loading&quot;:&quot;no&quot;,&quot;scroll_carousel_init&quot;:null,&quot;ajax_page&quot;:&quot;&quot;,&quot;custom_sizes&quot;:false,&quot;elementor&quot;:true}\" data-source=\"shortcode\" style=\"--wd-col-lg:3;--wd-col-md:3;--wd-col-sm:1;--wd-gap-lg:20px;--wd-gap-sm:10px;\">\n\t\t\t\n\t\t\t\t\t\t\t\t\t\t\t\t\t\t\n<article id=\"post-31230\" class=\"wd-post blog-design-masonry blog-post-loop blog-style-bg wd-add-shadow wd-col post-31230 post type-post status-publish format-standard has-post-thumbnail hentry category-blog category-cypr category-inwestycje-na-cyprze category-rynek-nieruchomosci tag-cypr-inwestycje tag-dywersyfikacja-kapitalu tag-inwestowanie-w-nieruchomosci tag-nieruchomosci-cypr tag-nieruchomosci-europa tag-pafos tag-przeprowadzka-na-cypr tag-zycie-na-cyprze\">\n\t<div class=\"wd-post-inner article-inner\">\n\t\t\t\t\t<div class=\"wd-post-thumb entry-header\">\n\t\t\t\t\t\t\t\t\t<div class=\"wd-post-img post-img-wrapp\">\n\t\t\t\t\t\t<img loading=\"lazy\" decoding=\"async\" width=\"1200\" height=\"800\" src=\"https:\/\/emprocy.com\/wp-content\/uploads\/2026\/04\/zakup-nieruchomosci-n-Cyprze-krok-po-kroku-1200x800.jpg\" class=\"attachment-large size-large\" alt=\"Pafos Cypr panorama wybrze\u017ca nieruchomo\u015bci inwestycyjne 2026\" srcset=\"https:\/\/emprocy.com\/wp-content\/uploads\/2026\/04\/zakup-nieruchomosci-n-Cyprze-krok-po-kroku-1200x800.jpg 1200w, https:\/\/emprocy.com\/wp-content\/uploads\/2026\/04\/zakup-nieruchomosci-n-Cyprze-krok-po-kroku-400x267.jpg 400w, https:\/\/emprocy.com\/wp-content\/uploads\/2026\/04\/zakup-nieruchomosci-n-Cyprze-krok-po-kroku-768x512.jpg 768w, https:\/\/emprocy.com\/wp-content\/uploads\/2026\/04\/zakup-nieruchomosci-n-Cyprze-krok-po-kroku-18x12.jpg 18w, https:\/\/emprocy.com\/wp-content\/uploads\/2026\/04\/zakup-nieruchomosci-n-Cyprze-krok-po-kroku.jpg 1536w\" sizes=\"auto, (max-width: 1200px) 100vw, 1200px\" \/>\t\t\t\t\t<\/div>\n\t\t\t\t\t\t\t\t\t\t<a class=\"wd-fill\" tabindex=\"-1\" href=\"https:\/\/emprocy.com\/de\/pafos-2026-dlaczego-inwestorzy-z-europy-coraz-czesciej-wybieraja-ten-kierunek-zamiast-duzych-metropolii\/\" aria-label=\"Link on post Pafos 2026 &#8211; dlaczego inwestorzy z Europy coraz cz\u0119\u015bciej wybieraj\u0105 ten kierunek zamiast du\u017cych metropolii\"><\/a>\n\t\t\t\t\n\t\t\t\t\t\t\t\t\t\t\t\t<div class=\"wd-post-date wd-style-with-bg\">\n\t\t\t\t<span class=\"post-date-day\">\n\t\t\t\t\t17\t\t\t\t<\/span>\n\t\t\t\t<span class=\"post-date-month\">\n\t\t\t\t\tApr.\t\t\t\t<\/span>\n\t\t\t<\/div>\n\t\t\t\t\t\t\t\t\t<\/div>\n\t\t\n\t\t<div class=\"wd-post-content article-body-container\">\n\t\t\t\t\t\t\t<div class=\"wd-post-cat wd-style-with-bg meta-post-categories\">\n\t\t\t\t\t<a href=\"https:\/\/emprocy.com\/de\/category\/blog\/\" rel=\"category tag\">Blog<\/a>, <a href=\"https:\/\/emprocy.com\/de\/category\/cypr\/\" rel=\"category tag\">Zypern<\/a>, <a href=\"https:\/\/emprocy.com\/de\/category\/inwestycje-na-cyprze\/\" rel=\"category tag\">Investitionen in Zypern<\/a>, <a href=\"https:\/\/emprocy.com\/de\/category\/rynek-nieruchomosci\/\" rel=\"category tag\">Immobilienmarkt<\/a>\t\t\t\t<\/div>\n\t\t\t\n\t\t\t\t\t\t\t<h3 class=\"wd-post-title wd-entities-title title post-title\">\n\t\t\t\t\t<a href=\"https:\/\/emprocy.com\/de\/pafos-2026-dlaczego-inwestorzy-z-europy-coraz-czesciej-wybieraja-ten-kierunek-zamiast-duzych-metropolii\/\" rel=\"bookmark\">Pafos 2026 &#8211; dlaczego inwestorzy z Europy coraz cz\u0119\u015bciej wybieraj\u0105 ten kierunek zamiast du\u017cych metropolii<\/a>\n\t\t\t\t<\/h3>\n\t\t\t\n\t\t\t\t\t\t\t<div class=\"wd-post-meta\">\n\t\t\t\t\t\t\t\t\t\t\t\t\t\t\t<div class=\"wd-post-author\">\n\t\t\t\t\t\t\t\t\t\t\t<span>Posted by<\/span>\n\t\t\n\t\t\t\t\t<img alt='author-avatar' src='https:\/\/secure.gravatar.com\/avatar\/272cc721ed3bf2adc89c5c9656b927b1aaab73545ded66e4781c1c37afe56d00?s=18&#038;d=mm&#038;r=g' srcset='https:\/\/secure.gravatar.com\/avatar\/272cc721ed3bf2adc89c5c9656b927b1aaab73545ded66e4781c1c37afe56d00?s=36&#038;d=mm&#038;r=g 2x' class='avatar avatar-18 photo' height='18' width='18' \/>\t\t\n\t\t\t\t\t<a href=\"https:\/\/emprocy.com\/de\/author\/administrator\/\" class=\"author\" rel=\"author\">Ewa Empro<\/a>\n\t\t\t\t\t\t\t\t\t<\/div>\n\t\t\t\t\t<div class=\"wd-modified-date\">\n\t\t\t\t\t\t\t\t<time class=\"updated\" datetime=\"2026-04-17T11:20:52+00:00\">\n\t\t\tApril 17, 2026\t\t<\/time>\n\t\t\t\t\t\t\t<\/div>\n\n\t\t\t\t\t\t\t\t\t\t\t<div tabindex=\"0\" class=\"wd-post-share wd-tltp\">\n\t\t\t\t\t\t\t<div class=\"tooltip top\">\n\t\t\t\t\t\t\t\t<div class=\"tooltip-inner\">\n\t\t\t\t\t\t\t\t\t\t\t\t<div\n\t\t\t\t\t\tclass=\"wd-social-icons wd-style-default wd-size-small social-share wd-shape-circle color-scheme-light text-center\">\n\t\t\t\t\n\t\t\t\t\n\t\t\t\t\t\t\t\t\t<a rel=\"noopener noreferrer nofollow\" href=\"https:\/\/www.facebook.com\/sharer\/sharer.php?u=https:\/\/emprocy.com\/de\/pafos-2026-dlaczego-inwestorzy-z-europy-coraz-czesciej-wybieraja-ten-kierunek-zamiast-duzych-metropolii\/\" target=\"_blank\" class=\"wd-social-icon social-facebook\" aria-label=\"Facebook social link\">\n\t\t\t\t\t\t<span class=\"wd-icon\"><\/span>\n\t\t\t\t\t\t\t\t\t\t\t<\/a>\n\t\t\t\t\n\t\t\t\t\t\t\t\t\t<a rel=\"noopener noreferrer nofollow\" href=\"https:\/\/x.com\/share?url=https:\/\/emprocy.com\/de\/pafos-2026-dlaczego-inwestorzy-z-europy-coraz-czesciej-wybieraja-ten-kierunek-zamiast-duzych-metropolii\/\" target=\"_blank\" class=\"wd-social-icon social-twitter\" aria-label=\"X social link\">\n\t\t\t\t\t\t<span class=\"wd-icon\"><\/span>\n\t\t\t\t\t\t\t\t\t\t\t<\/a>\n\t\t\t\t\n\t\t\t\t\n\t\t\t\t\n\t\t\t\t\n\t\t\t\t\n\t\t\t\t\n\t\t\t\t\t\t\t\t\t<a rel=\"noopener noreferrer nofollow\" href=\"https:\/\/pinterest.com\/pin\/create\/button\/?url=https:\/\/emprocy.com\/de\/pafos-2026-dlaczego-inwestorzy-z-europy-coraz-czesciej-wybieraja-ten-kierunek-zamiast-duzych-metropolii\/&media=https:\/\/emprocy.com\/wp-content\/uploads\/2026\/04\/zakup-nieruchomosci-n-Cyprze-krok-po-kroku.jpg&description=Pafos+2026+%26%238211%3B+dlaczego+inwestorzy+z+Europy+coraz+cz%C4%99%C5%9Bciej+wybieraj%C4%85+ten+kierunek+zamiast+du%C5%BCych+metropolii\" target=\"_blank\" class=\"wd-social-icon social-pinterest\" aria-label=\"Pinterest social link\">\n\t\t\t\t\t\t<span class=\"wd-icon\"><\/span>\n\t\t\t\t\t\t\t\t\t\t\t<\/a>\n\t\t\t\t\n\t\t\t\t\n\t\t\t\t\t\t\t\t\t<a rel=\"noopener noreferrer nofollow\" href=\"https:\/\/www.linkedin.com\/shareArticle?mini=true&url=https:\/\/emprocy.com\/de\/pafos-2026-dlaczego-inwestorzy-z-europy-coraz-czesciej-wybieraja-ten-kierunek-zamiast-duzych-metropolii\/\" target=\"_blank\" class=\"wd-social-icon social-linkedin\" aria-label=\"Linkedin social link\">\n\t\t\t\t\t\t<span class=\"wd-icon\"><\/span>\n\t\t\t\t\t\t\t\t\t\t\t<\/a>\n\t\t\t\t\n\t\t\t\t\n\t\t\t\t\n\t\t\t\t\n\t\t\t\t\n\t\t\t\t\n\t\t\t\t\n\t\t\t\t\n\t\t\t\t\n\t\t\t\t\n\t\t\t\t\n\t\t\t\t\n\t\t\t\t\n\t\t\t\t\n\t\t\t\t\n\t\t\t\t\t\t\t\t\t<a rel=\"noopener noreferrer nofollow\" href=\"https:\/\/telegram.me\/share\/url?url=https:\/\/emprocy.com\/de\/pafos-2026-dlaczego-inwestorzy-z-europy-coraz-czesciej-wybieraja-ten-kierunek-zamiast-duzych-metropolii\/\" target=\"_blank\" class=\"wd-social-icon social-tg\" aria-label=\"Telegram social link\">\n\t\t\t\t\t\t<span class=\"wd-icon\"><\/span>\n\t\t\t\t\t\t\t\t\t\t\t<\/a>\n\t\t\t\t\n\t\t\t\t\n\t\t\t<\/div>\n\n\t\t\t\t\t\t\t\t\t\t<\/div>\n\t\t\t\t\t\t\t\t<div class=\"tooltip-arrow\"><\/div>\n\t\t\t\t\t\t\t<\/div>\n\t\t\t\t\t\t<\/div>\n\t\t\t\t\t\n\t\t\t\t\t\t\t\t\t<\/div>\n\t\t\t\n\t\t\t\t\t\t\t\t\t\t\t\t<div class=\"wd-post-excerpt entry-content\">\n\t\t\t\t\t\tPafos przestaje by\u0107 wy\u0142\u0105cznie kierunkiem wakacyjnym. W 2026 roku coraz cz\u0119\u015bciej pojawia si\u0119 w strategiach inwestor\u00f3w jako stabilny element europejskich portfeli nieruchomo\u015bci. Sprawd\u017a, sk\u0105d wynika ta zmiana.\t\t\t\t\t<\/div>\n\t\t\t\t\n\t\t\t\t\t\t\t\t\t\t\t\t\t\t<div class=\"wd-post-read-more wd-style-link read-more-section\">\n\t\t\t\t\t\t<a class=\"\" href=\"https:\/\/emprocy.com\/de\/pafos-2026-dlaczego-inwestorzy-z-europy-coraz-czesciej-wybieraja-ten-kierunek-zamiast-duzych-metropolii\/\">Continue reading<\/a>\t\t\t\t\t<\/div>\n\t\t\t\t\t\t\t\t\t\t\t\t\t<\/div>\n\t<\/div>\n<\/article>\n\n\t\t\t\t\t\t\t\t\t\t\t\t\t\t\n<article id=\"post-30936\" class=\"wd-post blog-design-masonry blog-post-loop blog-style-bg wd-add-shadow wd-col post-30936 post type-post status-publish format-standard has-post-thumbnail hentry category-blog category-cypr category-inwestycje-na-cyprze category-poradniki-praktyczne category-rynek-nieruchomosci tag-pafos tag-przeprowadzka-na-cypr tag-zycie-na-cyprze\">\n\t<div class=\"wd-post-inner article-inner\">\n\t\t\t\t\t<div class=\"wd-post-thumb entry-header\">\n\t\t\t\t\t\t\t\t\t<div class=\"wd-post-img post-img-wrapp\">\n\t\t\t\t\t\t<img loading=\"lazy\" decoding=\"async\" width=\"1200\" height=\"800\" src=\"https:\/\/emprocy.com\/wp-content\/uploads\/2026\/04\/doradztwo-inwestycyjne-Cypr-1200x800.jpg\" class=\"attachment-large size-large\" alt=\"doradztwo inwestycyjne Cypr\" srcset=\"https:\/\/emprocy.com\/wp-content\/uploads\/2026\/04\/doradztwo-inwestycyjne-Cypr-1200x800.jpg 1200w, https:\/\/emprocy.com\/wp-content\/uploads\/2026\/04\/doradztwo-inwestycyjne-Cypr-400x267.jpg 400w, https:\/\/emprocy.com\/wp-content\/uploads\/2026\/04\/doradztwo-inwestycyjne-Cypr-768x512.jpg 768w, https:\/\/emprocy.com\/wp-content\/uploads\/2026\/04\/doradztwo-inwestycyjne-Cypr-18x12.jpg 18w, https:\/\/emprocy.com\/wp-content\/uploads\/2026\/04\/doradztwo-inwestycyjne-Cypr.jpg 1536w\" sizes=\"auto, (max-width: 1200px) 100vw, 1200px\" \/>\t\t\t\t\t<\/div>\n\t\t\t\t\t\t\t\t\t\t<a class=\"wd-fill\" tabindex=\"-1\" href=\"https:\/\/emprocy.com\/de\/doradca-inwestycyjny-na-cyprze-jak-bezpiecznie-inwestowac-w-luksusowe-apartamenty\/\" aria-label=\"Link on post Doradca inwestycyjny na Cyprze &#8211; jak bezpiecznie inwestowa\u0107 w luksusowe apartamenty?\"><\/a>\n\t\t\t\t\n\t\t\t\t\t\t\t\t\t\t\t\t<div class=\"wd-post-date wd-style-with-bg\">\n\t\t\t\t<span class=\"post-date-day\">\n\t\t\t\t\t03\t\t\t\t<\/span>\n\t\t\t\t<span class=\"post-date-month\">\n\t\t\t\t\tApr.\t\t\t\t<\/span>\n\t\t\t<\/div>\n\t\t\t\t\t\t\t\t\t<\/div>\n\t\t\n\t\t<div class=\"wd-post-content article-body-container\">\n\t\t\t\t\t\t\t<div class=\"wd-post-cat wd-style-with-bg meta-post-categories\">\n\t\t\t\t\t<a href=\"https:\/\/emprocy.com\/de\/category\/blog\/\" rel=\"category tag\">Blog<\/a>, <a href=\"https:\/\/emprocy.com\/de\/category\/cypr\/\" rel=\"category tag\">Zypern<\/a>, <a href=\"https:\/\/emprocy.com\/de\/category\/inwestycje-na-cyprze\/\" rel=\"category tag\">Investitionen in Zypern<\/a>, <a href=\"https:\/\/emprocy.com\/de\/category\/poradniki-praktyczne\/\" rel=\"category tag\">Praktische Leitf\u00e4den<\/a>, <a href=\"https:\/\/emprocy.com\/de\/category\/rynek-nieruchomosci\/\" rel=\"category tag\">Immobilienmarkt<\/a>\t\t\t\t<\/div>\n\t\t\t\n\t\t\t\t\t\t\t<h3 class=\"wd-post-title wd-entities-title title post-title\">\n\t\t\t\t\t<a href=\"https:\/\/emprocy.com\/de\/doradca-inwestycyjny-na-cyprze-jak-bezpiecznie-inwestowac-w-luksusowe-apartamenty\/\" rel=\"bookmark\">Doradca inwestycyjny na Cyprze &#8211; jak bezpiecznie inwestowa\u0107 w luksusowe apartamenty?<\/a>\n\t\t\t\t<\/h3>\n\t\t\t\n\t\t\t\t\t\t\t<div class=\"wd-post-meta\">\n\t\t\t\t\t\t\t\t\t\t\t\t\t\t\t<div class=\"wd-post-author\">\n\t\t\t\t\t\t\t\t\t\t\t<span>Posted by<\/span>\n\t\t\n\t\t\t\t\t<img alt='author-avatar' src='https:\/\/secure.gravatar.com\/avatar\/272cc721ed3bf2adc89c5c9656b927b1aaab73545ded66e4781c1c37afe56d00?s=18&#038;d=mm&#038;r=g' srcset='https:\/\/secure.gravatar.com\/avatar\/272cc721ed3bf2adc89c5c9656b927b1aaab73545ded66e4781c1c37afe56d00?s=36&#038;d=mm&#038;r=g 2x' class='avatar avatar-18 photo' height='18' width='18' \/>\t\t\n\t\t\t\t\t<a href=\"https:\/\/emprocy.com\/de\/author\/administrator\/\" class=\"author\" rel=\"author\">Ewa Empro<\/a>\n\t\t\t\t\t\t\t\t\t<\/div>\n\t\t\t\t\t<div class=\"wd-modified-date\">\n\t\t\t\t\t\t\t\t<time class=\"updated\" datetime=\"2026-04-03T11:20:39+00:00\">\n\t\t\tApril 3, 2026\t\t<\/time>\n\t\t\t\t\t\t\t<\/div>\n\n\t\t\t\t\t\t\t\t\t\t\t<div tabindex=\"0\" class=\"wd-post-share wd-tltp\">\n\t\t\t\t\t\t\t<div class=\"tooltip top\">\n\t\t\t\t\t\t\t\t<div class=\"tooltip-inner\">\n\t\t\t\t\t\t\t\t\t\t\t\t<div\n\t\t\t\t\t\tclass=\"wd-social-icons wd-style-default wd-size-small social-share wd-shape-circle color-scheme-light text-center\">\n\t\t\t\t\n\t\t\t\t\n\t\t\t\t\t\t\t\t\t<a rel=\"noopener noreferrer nofollow\" href=\"https:\/\/www.facebook.com\/sharer\/sharer.php?u=https:\/\/emprocy.com\/de\/doradca-inwestycyjny-na-cyprze-jak-bezpiecznie-inwestowac-w-luksusowe-apartamenty\/\" target=\"_blank\" class=\"wd-social-icon social-facebook\" aria-label=\"Facebook social link\">\n\t\t\t\t\t\t<span class=\"wd-icon\"><\/span>\n\t\t\t\t\t\t\t\t\t\t\t<\/a>\n\t\t\t\t\n\t\t\t\t\t\t\t\t\t<a rel=\"noopener noreferrer nofollow\" href=\"https:\/\/x.com\/share?url=https:\/\/emprocy.com\/de\/doradca-inwestycyjny-na-cyprze-jak-bezpiecznie-inwestowac-w-luksusowe-apartamenty\/\" target=\"_blank\" class=\"wd-social-icon social-twitter\" aria-label=\"X social link\">\n\t\t\t\t\t\t<span class=\"wd-icon\"><\/span>\n\t\t\t\t\t\t\t\t\t\t\t<\/a>\n\t\t\t\t\n\t\t\t\t\n\t\t\t\t\n\t\t\t\t\n\t\t\t\t\n\t\t\t\t\n\t\t\t\t\t\t\t\t\t<a rel=\"noopener noreferrer nofollow\" href=\"https:\/\/pinterest.com\/pin\/create\/button\/?url=https:\/\/emprocy.com\/de\/doradca-inwestycyjny-na-cyprze-jak-bezpiecznie-inwestowac-w-luksusowe-apartamenty\/&media=https:\/\/emprocy.com\/wp-content\/uploads\/2026\/04\/doradztwo-inwestycyjne-Cypr.jpg&description=Doradca+inwestycyjny+na+Cyprze+%26%238211%3B+jak+bezpiecznie+inwestowa%C4%87+w+luksusowe+apartamenty%3F\" target=\"_blank\" class=\"wd-social-icon social-pinterest\" aria-label=\"Pinterest social link\">\n\t\t\t\t\t\t<span class=\"wd-icon\"><\/span>\n\t\t\t\t\t\t\t\t\t\t\t<\/a>\n\t\t\t\t\n\t\t\t\t\n\t\t\t\t\t\t\t\t\t<a rel=\"noopener noreferrer nofollow\" href=\"https:\/\/www.linkedin.com\/shareArticle?mini=true&url=https:\/\/emprocy.com\/de\/doradca-inwestycyjny-na-cyprze-jak-bezpiecznie-inwestowac-w-luksusowe-apartamenty\/\" target=\"_blank\" class=\"wd-social-icon social-linkedin\" aria-label=\"Linkedin social link\">\n\t\t\t\t\t\t<span class=\"wd-icon\"><\/span>\n\t\t\t\t\t\t\t\t\t\t\t<\/a>\n\t\t\t\t\n\t\t\t\t\n\t\t\t\t\n\t\t\t\t\n\t\t\t\t\n\t\t\t\t\n\t\t\t\t\n\t\t\t\t\n\t\t\t\t\n\t\t\t\t\n\t\t\t\t\n\t\t\t\t\n\t\t\t\t\n\t\t\t\t\n\t\t\t\t\n\t\t\t\t\t\t\t\t\t<a rel=\"noopener noreferrer nofollow\" href=\"https:\/\/telegram.me\/share\/url?url=https:\/\/emprocy.com\/de\/doradca-inwestycyjny-na-cyprze-jak-bezpiecznie-inwestowac-w-luksusowe-apartamenty\/\" target=\"_blank\" class=\"wd-social-icon social-tg\" aria-label=\"Telegram social link\">\n\t\t\t\t\t\t<span class=\"wd-icon\"><\/span>\n\t\t\t\t\t\t\t\t\t\t\t<\/a>\n\t\t\t\t\n\t\t\t\t\n\t\t\t<\/div>\n\n\t\t\t\t\t\t\t\t\t\t<\/div>\n\t\t\t\t\t\t\t\t<div class=\"tooltip-arrow\"><\/div>\n\t\t\t\t\t\t\t<\/div>\n\t\t\t\t\t\t<\/div>\n\t\t\t\t\t\n\t\t\t\t\t\t\t\t\t<\/div>\n\t\t\t\n\t\t\t\t\t\t\t\t\t\t\t\t<div class=\"wd-post-excerpt entry-content\">\n\t\t\t\t\t\tJak bezpiecznie inwestowa\u0107 w luksusowe apartamenty na Cyprze? Sprawd\u017a, jak wygl\u0105da proces doradztwa inwestycyjnego krok po kroku.\t\t\t\t\t<\/div>\n\t\t\t\t\n\t\t\t\t\t\t\t\t\t\t\t\t\t\t<div class=\"wd-post-read-more wd-style-link read-more-section\">\n\t\t\t\t\t\t<a class=\"\" href=\"https:\/\/emprocy.com\/de\/doradca-inwestycyjny-na-cyprze-jak-bezpiecznie-inwestowac-w-luksusowe-apartamenty\/\">Continue reading<\/a>\t\t\t\t\t<\/div>\n\t\t\t\t\t\t\t\t\t\t\t\t\t<\/div>\n\t<\/div>\n<\/article>\n\n\t\t\t\t\t\t\t\t\t\t\t\t\t\t\n<article id=\"post-30845\" class=\"wd-post blog-design-masonry blog-post-loop blog-style-bg wd-add-shadow wd-col post-30845 post type-post status-publish format-standard has-post-thumbnail hentry category-blog category-cypr category-inwestycje-na-cyprze category-poradniki-praktyczne category-relokacja category-relokacja-i-zycie-na-cyprze tag-pafos tag-przeprowadzka-na-cypr tag-zycie-na-cyprze\">\n\t<div class=\"wd-post-inner article-inner\">\n\t\t\t\t\t<div class=\"wd-post-thumb entry-header\">\n\t\t\t\t\t\t\t\t\t<div class=\"wd-post-img post-img-wrapp\">\n\t\t\t\t\t\t<img loading=\"lazy\" decoding=\"async\" width=\"1200\" height=\"800\" src=\"https:\/\/emprocy.com\/wp-content\/uploads\/2026\/03\/przeprowadzka-na-Cypr-1200x800.jpg\" class=\"attachment-large size-large\" alt=\"przeprowadzka na Cypr\" srcset=\"https:\/\/emprocy.com\/wp-content\/uploads\/2026\/03\/przeprowadzka-na-Cypr-1200x800.jpg 1200w, https:\/\/emprocy.com\/wp-content\/uploads\/2026\/03\/przeprowadzka-na-Cypr-400x267.jpg 400w, https:\/\/emprocy.com\/wp-content\/uploads\/2026\/03\/przeprowadzka-na-Cypr-768x512.jpg 768w, https:\/\/emprocy.com\/wp-content\/uploads\/2026\/03\/przeprowadzka-na-Cypr-18x12.jpg 18w, https:\/\/emprocy.com\/wp-content\/uploads\/2026\/03\/przeprowadzka-na-Cypr.jpg 1536w\" sizes=\"auto, (max-width: 1200px) 100vw, 1200px\" \/>\t\t\t\t\t<\/div>\n\t\t\t\t\t\t\t\t\t\t<a class=\"wd-fill\" tabindex=\"-1\" href=\"https:\/\/emprocy.com\/de\/przeprowadzka-na-cypr-przewodnik-krok-po-kroku\/\" aria-label=\"Link on post Przeprowadzka na Cypr &#8211; przewodnik krok po kroku\"><\/a>\n\t\t\t\t\n\t\t\t\t\t\t\t\t\t\t\t\t<div class=\"wd-post-date wd-style-with-bg\">\n\t\t\t\t<span class=\"post-date-day\">\n\t\t\t\t\t09\t\t\t\t<\/span>\n\t\t\t\t<span class=\"post-date-month\">\n\t\t\t\t\tM\u00e4rz\t\t\t\t<\/span>\n\t\t\t<\/div>\n\t\t\t\t\t\t\t\t\t<\/div>\n\t\t\n\t\t<div class=\"wd-post-content article-body-container\">\n\t\t\t\t\t\t\t<div class=\"wd-post-cat wd-style-with-bg meta-post-categories\">\n\t\t\t\t\t<a href=\"https:\/\/emprocy.com\/de\/category\/blog\/\" rel=\"category tag\">Blog<\/a>, <a href=\"https:\/\/emprocy.com\/de\/category\/cypr\/\" rel=\"category tag\">Zypern<\/a>, <a href=\"https:\/\/emprocy.com\/de\/category\/inwestycje-na-cyprze\/\" rel=\"category tag\">Investitionen in Zypern<\/a>, <a href=\"https:\/\/emprocy.com\/de\/category\/poradniki-praktyczne\/\" rel=\"category tag\">Praktische Leitf\u00e4den<\/a>, <a href=\"https:\/\/emprocy.com\/de\/category\/relokacja\/\" rel=\"category tag\">Umsiedlung<\/a>, <a href=\"https:\/\/emprocy.com\/de\/category\/relokacja-i-zycie-na-cyprze\/\" rel=\"category tag\">Umsiedlung und Leben auf Zypern<\/a>\t\t\t\t<\/div>\n\t\t\t\n\t\t\t\t\t\t\t<h3 class=\"wd-post-title wd-entities-title title post-title\">\n\t\t\t\t\t<a href=\"https:\/\/emprocy.com\/de\/przeprowadzka-na-cypr-przewodnik-krok-po-kroku\/\" rel=\"bookmark\">Umzug nach Zypern - ein schrittweiser Leitfaden<\/a>\n\t\t\t\t<\/h3>\n\t\t\t\n\t\t\t\t\t\t\t<div class=\"wd-post-meta\">\n\t\t\t\t\t\t\t\t\t\t\t\t\t\t\t<div class=\"wd-post-author\">\n\t\t\t\t\t\t\t\t\t\t\t<span>Posted by<\/span>\n\t\t\n\t\t\t\t\t<img alt='author-avatar' src='https:\/\/secure.gravatar.com\/avatar\/272cc721ed3bf2adc89c5c9656b927b1aaab73545ded66e4781c1c37afe56d00?s=18&#038;d=mm&#038;r=g' srcset='https:\/\/secure.gravatar.com\/avatar\/272cc721ed3bf2adc89c5c9656b927b1aaab73545ded66e4781c1c37afe56d00?s=36&#038;d=mm&#038;r=g 2x' class='avatar avatar-18 photo' height='18' width='18' \/>\t\t\n\t\t\t\t\t<a href=\"https:\/\/emprocy.com\/de\/author\/administrator\/\" class=\"author\" rel=\"author\">Ewa Empro<\/a>\n\t\t\t\t\t\t\t\t\t<\/div>\n\t\t\t\t\t<div class=\"wd-modified-date\">\n\t\t\t\t\t\t\t\t<time class=\"updated\" datetime=\"2026-03-09T12:17:59+00:00\">\n\t\t\tM\u00e4rz 9, 2026\t\t<\/time>\n\t\t\t\t\t\t\t<\/div>\n\n\t\t\t\t\t\t\t\t\t\t\t<div tabindex=\"0\" class=\"wd-post-share wd-tltp\">\n\t\t\t\t\t\t\t<div class=\"tooltip top\">\n\t\t\t\t\t\t\t\t<div class=\"tooltip-inner\">\n\t\t\t\t\t\t\t\t\t\t\t\t<div\n\t\t\t\t\t\tclass=\"wd-social-icons wd-style-default wd-size-small social-share wd-shape-circle color-scheme-light text-center\">\n\t\t\t\t\n\t\t\t\t\n\t\t\t\t\t\t\t\t\t<a rel=\"noopener noreferrer nofollow\" href=\"https:\/\/www.facebook.com\/sharer\/sharer.php?u=https:\/\/emprocy.com\/de\/przeprowadzka-na-cypr-przewodnik-krok-po-kroku\/\" target=\"_blank\" class=\"wd-social-icon social-facebook\" aria-label=\"Facebook social link\">\n\t\t\t\t\t\t<span class=\"wd-icon\"><\/span>\n\t\t\t\t\t\t\t\t\t\t\t<\/a>\n\t\t\t\t\n\t\t\t\t\t\t\t\t\t<a rel=\"noopener noreferrer nofollow\" href=\"https:\/\/x.com\/share?url=https:\/\/emprocy.com\/de\/przeprowadzka-na-cypr-przewodnik-krok-po-kroku\/\" target=\"_blank\" class=\"wd-social-icon social-twitter\" aria-label=\"X social link\">\n\t\t\t\t\t\t<span class=\"wd-icon\"><\/span>\n\t\t\t\t\t\t\t\t\t\t\t<\/a>\n\t\t\t\t\n\t\t\t\t\n\t\t\t\t\n\t\t\t\t\n\t\t\t\t\n\t\t\t\t\n\t\t\t\t\t\t\t\t\t<a rel=\"noopener noreferrer nofollow\" href=\"https:\/\/pinterest.com\/pin\/create\/button\/?url=https:\/\/emprocy.com\/de\/przeprowadzka-na-cypr-przewodnik-krok-po-kroku\/&media=https:\/\/emprocy.com\/wp-content\/uploads\/2026\/03\/przeprowadzka-na-Cypr.jpg&description=Przeprowadzka+na+Cypr+%26%238211%3B+przewodnik+krok+po+kroku\" target=\"_blank\" class=\"wd-social-icon social-pinterest\" aria-label=\"Pinterest social link\">\n\t\t\t\t\t\t<span class=\"wd-icon\"><\/span>\n\t\t\t\t\t\t\t\t\t\t\t<\/a>\n\t\t\t\t\n\t\t\t\t\n\t\t\t\t\t\t\t\t\t<a rel=\"noopener noreferrer nofollow\" href=\"https:\/\/www.linkedin.com\/shareArticle?mini=true&url=https:\/\/emprocy.com\/de\/przeprowadzka-na-cypr-przewodnik-krok-po-kroku\/\" target=\"_blank\" class=\"wd-social-icon social-linkedin\" aria-label=\"Linkedin social link\">\n\t\t\t\t\t\t<span class=\"wd-icon\"><\/span>\n\t\t\t\t\t\t\t\t\t\t\t<\/a>\n\t\t\t\t\n\t\t\t\t\n\t\t\t\t\n\t\t\t\t\n\t\t\t\t\n\t\t\t\t\n\t\t\t\t\n\t\t\t\t\n\t\t\t\t\n\t\t\t\t\n\t\t\t\t\n\t\t\t\t\n\t\t\t\t\n\t\t\t\t\n\t\t\t\t\n\t\t\t\t\t\t\t\t\t<a rel=\"noopener noreferrer nofollow\" href=\"https:\/\/telegram.me\/share\/url?url=https:\/\/emprocy.com\/de\/przeprowadzka-na-cypr-przewodnik-krok-po-kroku\/\" target=\"_blank\" class=\"wd-social-icon social-tg\" aria-label=\"Telegram social link\">\n\t\t\t\t\t\t<span class=\"wd-icon\"><\/span>\n\t\t\t\t\t\t\t\t\t\t\t<\/a>\n\t\t\t\t\n\t\t\t\t\n\t\t\t<\/div>\n\n\t\t\t\t\t\t\t\t\t\t<\/div>\n\t\t\t\t\t\t\t\t<div class=\"tooltip-arrow\"><\/div>\n\t\t\t\t\t\t\t<\/div>\n\t\t\t\t\t\t<\/div>\n\t\t\t\t\t\n\t\t\t\t\t\t\t\t\t<\/div>\n\t\t\t\n\t\t\t\t\t\t\t\t\t\t\t\t<div class=\"wd-post-excerpt entry-content\">\n\t\t\t\t\t\tMarzysz o \u017cyciu na s\u0142onecznym Cyprze, w otoczeniu pla\u017c, palm i przyjaznej spo\u0142eczno\u015bci? Sprawd\u017a nasz praktyczny przewodnik po przeprowadzce w 2026 roku - krok po kroku.\t\t\t\t\t<\/div>\n\t\t\t\t\n\t\t\t\t\t\t\t\t\t\t\t\t\t\t<div class=\"wd-post-read-more wd-style-link read-more-section\">\n\t\t\t\t\t\t<a class=\"\" href=\"https:\/\/emprocy.com\/de\/przeprowadzka-na-cypr-przewodnik-krok-po-kroku\/\">Continue reading<\/a>\t\t\t\t\t<\/div>\n\t\t\t\t\t\t\t\t\t\t\t\t\t<\/div>\n\t<\/div>\n<\/article>\n\n\t\t\t\t\t\t\t\t\t\t\t\t\t\t\n<article id=\"post-30827\" class=\"wd-post blog-design-masonry blog-post-loop blog-style-bg wd-add-shadow wd-col post-30827 post type-post status-publish format-standard has-post-thumbnail hentry category-blog category-cypr category-inwestycje-na-cyprze category-relokacja-i-zycie-na-cyprze category-rynek-nieruchomosci tag-inwestowanie-na-cyprze tag-pafos tag-roi-nieruchomosci-cypr tag-zycie-na-cyprze\">\n\t<div class=\"wd-post-inner article-inner\">\n\t\t\t\t\t<div class=\"wd-post-thumb entry-header\">\n\t\t\t\t\t\t\t\t\t<div class=\"wd-post-img post-img-wrapp\">\n\t\t\t\t\t\t<img loading=\"lazy\" decoding=\"async\" width=\"975\" height=\"800\" src=\"https:\/\/emprocy.com\/wp-content\/uploads\/2026\/03\/inwestowanie-i-zycie-na-Cyprze-1-975x800.jpg\" class=\"attachment-large size-large\" alt=\"inwestowanie i zycie na Cyprze\" srcset=\"https:\/\/emprocy.com\/wp-content\/uploads\/2026\/03\/inwestowanie-i-zycie-na-Cyprze-1-975x800.jpg 975w, https:\/\/emprocy.com\/wp-content\/uploads\/2026\/03\/inwestowanie-i-zycie-na-Cyprze-1-366x300.jpg 366w, https:\/\/emprocy.com\/wp-content\/uploads\/2026\/03\/inwestowanie-i-zycie-na-Cyprze-1-768x630.jpg 768w, https:\/\/emprocy.com\/wp-content\/uploads\/2026\/03\/inwestowanie-i-zycie-na-Cyprze-1-15x12.jpg 15w, https:\/\/emprocy.com\/wp-content\/uploads\/2026\/03\/inwestowanie-i-zycie-na-Cyprze-1.jpg 1024w\" sizes=\"auto, (max-width: 975px) 100vw, 975px\" \/>\t\t\t\t\t<\/div>\n\t\t\t\t\t\t\t\t\t\t<a class=\"wd-fill\" tabindex=\"-1\" href=\"https:\/\/emprocy.com\/de\/inwestowanie-na-cyprze-w-2026-czy-naprawde-sie-oplaca\/\" aria-label=\"Link on post Inwestowanie na Cyprze w 2026 &#8211; czy naprawd\u0119 si\u0119 op\u0142aca?\"><\/a>\n\t\t\t\t\n\t\t\t\t\t\t\t\t\t\t\t\t<div class=\"wd-post-date wd-style-with-bg\">\n\t\t\t\t<span class=\"post-date-day\">\n\t\t\t\t\t09\t\t\t\t<\/span>\n\t\t\t\t<span class=\"post-date-month\">\n\t\t\t\t\tM\u00e4rz\t\t\t\t<\/span>\n\t\t\t<\/div>\n\t\t\t\t\t\t\t\t\t<\/div>\n\t\t\n\t\t<div class=\"wd-post-content article-body-container\">\n\t\t\t\t\t\t\t<div class=\"wd-post-cat wd-style-with-bg meta-post-categories\">\n\t\t\t\t\t<a href=\"https:\/\/emprocy.com\/de\/category\/blog\/\" rel=\"category tag\">Blog<\/a>, <a href=\"https:\/\/emprocy.com\/de\/category\/cypr\/\" rel=\"category tag\">Zypern<\/a>, <a href=\"https:\/\/emprocy.com\/de\/category\/inwestycje-na-cyprze\/\" rel=\"category tag\">Investitionen in Zypern<\/a>, <a href=\"https:\/\/emprocy.com\/de\/category\/relokacja-i-zycie-na-cyprze\/\" rel=\"category tag\">Umsiedlung und Leben auf Zypern<\/a>, <a href=\"https:\/\/emprocy.com\/de\/category\/rynek-nieruchomosci\/\" rel=\"category tag\">Immobilienmarkt<\/a>\t\t\t\t<\/div>\n\t\t\t\n\t\t\t\t\t\t\t<h3 class=\"wd-post-title wd-entities-title title post-title\">\n\t\t\t\t\t<a href=\"https:\/\/emprocy.com\/de\/inwestowanie-na-cyprze-w-2026-czy-naprawde-sie-oplaca\/\" rel=\"bookmark\">Investieren in Zypern im Jahr 2026 - lohnt sich das wirklich?<\/a>\n\t\t\t\t<\/h3>\n\t\t\t\n\t\t\t\t\t\t\t<div class=\"wd-post-meta\">\n\t\t\t\t\t\t\t\t\t\t\t\t\t\t\t<div class=\"wd-post-author\">\n\t\t\t\t\t\t\t\t\t\t\t<span>Posted by<\/span>\n\t\t\n\t\t\t\t\t<img alt='author-avatar' src='https:\/\/secure.gravatar.com\/avatar\/272cc721ed3bf2adc89c5c9656b927b1aaab73545ded66e4781c1c37afe56d00?s=18&#038;d=mm&#038;r=g' srcset='https:\/\/secure.gravatar.com\/avatar\/272cc721ed3bf2adc89c5c9656b927b1aaab73545ded66e4781c1c37afe56d00?s=36&#038;d=mm&#038;r=g 2x' class='avatar avatar-18 photo' height='18' width='18' \/>\t\t\n\t\t\t\t\t<a href=\"https:\/\/emprocy.com\/de\/author\/administrator\/\" class=\"author\" rel=\"author\">Ewa Empro<\/a>\n\t\t\t\t\t\t\t\t\t<\/div>\n\t\t\t\t\t<div class=\"wd-modified-date\">\n\t\t\t\t\t\t\t\t<time class=\"updated\" datetime=\"2026-03-09T11:55:17+00:00\">\n\t\t\tM\u00e4rz 9, 2026\t\t<\/time>\n\t\t\t\t\t\t\t<\/div>\n\n\t\t\t\t\t\t\t\t\t\t\t<div tabindex=\"0\" class=\"wd-post-share wd-tltp\">\n\t\t\t\t\t\t\t<div class=\"tooltip top\">\n\t\t\t\t\t\t\t\t<div class=\"tooltip-inner\">\n\t\t\t\t\t\t\t\t\t\t\t\t<div\n\t\t\t\t\t\tclass=\"wd-social-icons wd-style-default wd-size-small social-share wd-shape-circle color-scheme-light text-center\">\n\t\t\t\t\n\t\t\t\t\n\t\t\t\t\t\t\t\t\t<a rel=\"noopener noreferrer nofollow\" href=\"https:\/\/www.facebook.com\/sharer\/sharer.php?u=https:\/\/emprocy.com\/de\/inwestowanie-na-cyprze-w-2026-czy-naprawde-sie-oplaca\/\" target=\"_blank\" class=\"wd-social-icon social-facebook\" aria-label=\"Facebook social link\">\n\t\t\t\t\t\t<span class=\"wd-icon\"><\/span>\n\t\t\t\t\t\t\t\t\t\t\t<\/a>\n\t\t\t\t\n\t\t\t\t\t\t\t\t\t<a rel=\"noopener noreferrer nofollow\" href=\"https:\/\/x.com\/share?url=https:\/\/emprocy.com\/de\/inwestowanie-na-cyprze-w-2026-czy-naprawde-sie-oplaca\/\" target=\"_blank\" class=\"wd-social-icon social-twitter\" aria-label=\"X social link\">\n\t\t\t\t\t\t<span class=\"wd-icon\"><\/span>\n\t\t\t\t\t\t\t\t\t\t\t<\/a>\n\t\t\t\t\n\t\t\t\t\n\t\t\t\t\n\t\t\t\t\n\t\t\t\t\n\t\t\t\t\n\t\t\t\t\t\t\t\t\t<a rel=\"noopener noreferrer nofollow\" href=\"https:\/\/pinterest.com\/pin\/create\/button\/?url=https:\/\/emprocy.com\/de\/inwestowanie-na-cyprze-w-2026-czy-naprawde-sie-oplaca\/&media=https:\/\/emprocy.com\/wp-content\/uploads\/2026\/03\/inwestowanie-i-zycie-na-Cyprze-1.jpg&description=Inwestowanie+na+Cyprze+w+2026+%26%238211%3B+czy+naprawd%C4%99+si%C4%99+op%C5%82aca%3F\" target=\"_blank\" class=\"wd-social-icon social-pinterest\" aria-label=\"Pinterest social link\">\n\t\t\t\t\t\t<span class=\"wd-icon\"><\/span>\n\t\t\t\t\t\t\t\t\t\t\t<\/a>\n\t\t\t\t\n\t\t\t\t\n\t\t\t\t\t\t\t\t\t<a rel=\"noopener noreferrer nofollow\" href=\"https:\/\/www.linkedin.com\/shareArticle?mini=true&url=https:\/\/emprocy.com\/de\/inwestowanie-na-cyprze-w-2026-czy-naprawde-sie-oplaca\/\" target=\"_blank\" class=\"wd-social-icon social-linkedin\" aria-label=\"Linkedin social link\">\n\t\t\t\t\t\t<span class=\"wd-icon\"><\/span>\n\t\t\t\t\t\t\t\t\t\t\t<\/a>\n\t\t\t\t\n\t\t\t\t\n\t\t\t\t\n\t\t\t\t\n\t\t\t\t\n\t\t\t\t\n\t\t\t\t\n\t\t\t\t\n\t\t\t\t\n\t\t\t\t\n\t\t\t\t\n\t\t\t\t\n\t\t\t\t\n\t\t\t\t\n\t\t\t\t\n\t\t\t\t\t\t\t\t\t<a rel=\"noopener noreferrer nofollow\" href=\"https:\/\/telegram.me\/share\/url?url=https:\/\/emprocy.com\/de\/inwestowanie-na-cyprze-w-2026-czy-naprawde-sie-oplaca\/\" target=\"_blank\" class=\"wd-social-icon social-tg\" aria-label=\"Telegram social link\">\n\t\t\t\t\t\t<span class=\"wd-icon\"><\/span>\n\t\t\t\t\t\t\t\t\t\t\t<\/a>\n\t\t\t\t\n\t\t\t\t\n\t\t\t<\/div>\n\n\t\t\t\t\t\t\t\t\t\t<\/div>\n\t\t\t\t\t\t\t\t<div class=\"tooltip-arrow\"><\/div>\n\t\t\t\t\t\t\t<\/div>\n\t\t\t\t\t\t<\/div>\n\t\t\t\t\t\n\t\t\t\t\t\t\t\t\t<\/div>\n\t\t\t\n\t\t\t\t\t\t\t\t\t\t\t\t<div class=\"wd-post-excerpt entry-content\">\n\t\t\t\t\t\tZastanawiasz si\u0119, czy inwestowanie w nieruchomo\u015bci na Cyprze naprawd\u0119 si\u0119 op\u0142aca? I dlaczego Pafos to najlepsze miejsce do \u017cycia i inwestycji ? Jakie s\u0105 ceny mieszka\u0144 i jak m\u0105drze planowa\u0107 swoje kroki na wyspie.\t\t\t\t\t<\/div>\n\t\t\t\t\n\t\t\t\t\t\t\t\t\t\t\t\t\t\t<div class=\"wd-post-read-more wd-style-link read-more-section\">\n\t\t\t\t\t\t<a class=\"\" href=\"https:\/\/emprocy.com\/de\/inwestowanie-na-cyprze-w-2026-czy-naprawde-sie-oplaca\/\">Continue reading<\/a>\t\t\t\t\t<\/div>\n\t\t\t\t\t\t\t\t\t\t\t\t\t<\/div>\n\t<\/div>\n<\/article>\n\n\t\t\t\t\t\t\t\t\t\t\t\t\t\t\n<article id=\"post-30797\" class=\"wd-post blog-design-masonry blog-post-loop blog-style-bg wd-add-shadow wd-col post-30797 post type-post status-publish format-standard has-post-thumbnail hentry category-blog category-cypr category-poradniki-praktyczne category-relokacja-i-zycie-na-cyprze tag-ceny-na-cyprze tag-koszty-zycia-na-cyprze tag-wydatki tag-zycie-na-cyprze\">\n\t<div class=\"wd-post-inner article-inner\">\n\t\t\t\t\t<div class=\"wd-post-thumb entry-header\">\n\t\t\t\t\t\t\t\t\t<div class=\"wd-post-img post-img-wrapp\">\n\t\t\t\t\t\t<img loading=\"lazy\" decoding=\"async\" width=\"1200\" height=\"800\" src=\"https:\/\/emprocy.com\/wp-content\/uploads\/2026\/03\/zycie-na-Cyprze.jpg\" class=\"attachment-large size-large\" alt=\"zycie i wydatki na Cyprze\" srcset=\"https:\/\/emprocy.com\/wp-content\/uploads\/2026\/03\/zycie-na-Cyprze.jpg 1200w, https:\/\/emprocy.com\/wp-content\/uploads\/2026\/03\/zycie-na-Cyprze-400x267.jpg 400w, https:\/\/emprocy.com\/wp-content\/uploads\/2026\/03\/zycie-na-Cyprze-768x512.jpg 768w, https:\/\/emprocy.com\/wp-content\/uploads\/2026\/03\/zycie-na-Cyprze-18x12.jpg 18w\" sizes=\"auto, (max-width: 1200px) 100vw, 1200px\" \/>\t\t\t\t\t<\/div>\n\t\t\t\t\t\t\t\t\t\t<a class=\"wd-fill\" tabindex=\"-1\" href=\"https:\/\/emprocy.com\/de\/ile-kosztuje-zycie-na-cyprze-w-2026-roku-szczegolowe-koszty-ceny-mieszkan-i-realne-wydatki\/\" aria-label=\"Link on post Ile kosztuje \u017cycie na Cyprze w 2026 roku? Szczeg\u00f3\u0142owe koszty, ceny mieszka\u0144 i realne wydatki\"><\/a>\n\t\t\t\t\n\t\t\t\t\t\t\t\t\t\t\t\t<div class=\"wd-post-date wd-style-with-bg\">\n\t\t\t\t<span class=\"post-date-day\">\n\t\t\t\t\t02\t\t\t\t<\/span>\n\t\t\t\t<span class=\"post-date-month\">\n\t\t\t\t\tM\u00e4rz\t\t\t\t<\/span>\n\t\t\t<\/div>\n\t\t\t\t\t\t\t\t\t<\/div>\n\t\t\n\t\t<div class=\"wd-post-content article-body-container\">\n\t\t\t\t\t\t\t<div class=\"wd-post-cat wd-style-with-bg meta-post-categories\">\n\t\t\t\t\t<a href=\"https:\/\/emprocy.com\/de\/category\/blog\/\" rel=\"category tag\">Blog<\/a>, <a href=\"https:\/\/emprocy.com\/de\/category\/cypr\/\" rel=\"category tag\">Zypern<\/a>, <a href=\"https:\/\/emprocy.com\/de\/category\/poradniki-praktyczne\/\" rel=\"category tag\">Praktische Leitf\u00e4den<\/a>, <a href=\"https:\/\/emprocy.com\/de\/category\/relokacja-i-zycie-na-cyprze\/\" rel=\"category tag\">Umsiedlung und Leben auf Zypern<\/a>\t\t\t\t<\/div>\n\t\t\t\n\t\t\t\t\t\t\t<h3 class=\"wd-post-title wd-entities-title title post-title\">\n\t\t\t\t\t<a href=\"https:\/\/emprocy.com\/de\/ile-kosztuje-zycie-na-cyprze-w-2026-roku-szczegolowe-koszty-ceny-mieszkan-i-realne-wydatki\/\" rel=\"bookmark\">Wie viel kostet das Leben auf Zypern im Jahr 2026? Detaillierte Kosten, Wohnungspreise und reale Ausgaben<\/a>\n\t\t\t\t<\/h3>\n\t\t\t\n\t\t\t\t\t\t\t<div class=\"wd-post-meta\">\n\t\t\t\t\t\t\t\t\t\t\t\t\t\t\t<div class=\"wd-post-author\">\n\t\t\t\t\t\t\t\t\t\t\t<span>Posted by<\/span>\n\t\t\n\t\t\t\t\t<img alt='author-avatar' src='https:\/\/secure.gravatar.com\/avatar\/272cc721ed3bf2adc89c5c9656b927b1aaab73545ded66e4781c1c37afe56d00?s=18&#038;d=mm&#038;r=g' srcset='https:\/\/secure.gravatar.com\/avatar\/272cc721ed3bf2adc89c5c9656b927b1aaab73545ded66e4781c1c37afe56d00?s=36&#038;d=mm&#038;r=g 2x' class='avatar avatar-18 photo' height='18' width='18' \/>\t\t\n\t\t\t\t\t<a href=\"https:\/\/emprocy.com\/de\/author\/administrator\/\" class=\"author\" rel=\"author\">Ewa Empro<\/a>\n\t\t\t\t\t\t\t\t\t<\/div>\n\t\t\t\t\t<div class=\"wd-modified-date\">\n\t\t\t\t\t\t\t\t<time class=\"updated\" datetime=\"2026-03-02T11:16:36+00:00\">\n\t\t\tM\u00e4rz 2, 2026\t\t<\/time>\n\t\t\t\t\t\t\t<\/div>\n\n\t\t\t\t\t\t\t\t\t\t\t<div tabindex=\"0\" class=\"wd-post-share wd-tltp\">\n\t\t\t\t\t\t\t<div class=\"tooltip top\">\n\t\t\t\t\t\t\t\t<div class=\"tooltip-inner\">\n\t\t\t\t\t\t\t\t\t\t\t\t<div\n\t\t\t\t\t\tclass=\"wd-social-icons wd-style-default wd-size-small social-share wd-shape-circle color-scheme-light text-center\">\n\t\t\t\t\n\t\t\t\t\n\t\t\t\t\t\t\t\t\t<a rel=\"noopener noreferrer nofollow\" href=\"https:\/\/www.facebook.com\/sharer\/sharer.php?u=https:\/\/emprocy.com\/de\/ile-kosztuje-zycie-na-cyprze-w-2026-roku-szczegolowe-koszty-ceny-mieszkan-i-realne-wydatki\/\" target=\"_blank\" class=\"wd-social-icon social-facebook\" aria-label=\"Facebook social link\">\n\t\t\t\t\t\t<span class=\"wd-icon\"><\/span>\n\t\t\t\t\t\t\t\t\t\t\t<\/a>\n\t\t\t\t\n\t\t\t\t\t\t\t\t\t<a rel=\"noopener noreferrer nofollow\" href=\"https:\/\/x.com\/share?url=https:\/\/emprocy.com\/de\/ile-kosztuje-zycie-na-cyprze-w-2026-roku-szczegolowe-koszty-ceny-mieszkan-i-realne-wydatki\/\" target=\"_blank\" class=\"wd-social-icon social-twitter\" aria-label=\"X social link\">\n\t\t\t\t\t\t<span class=\"wd-icon\"><\/span>\n\t\t\t\t\t\t\t\t\t\t\t<\/a>\n\t\t\t\t\n\t\t\t\t\n\t\t\t\t\n\t\t\t\t\n\t\t\t\t\n\t\t\t\t\n\t\t\t\t\t\t\t\t\t<a rel=\"noopener noreferrer nofollow\" href=\"https:\/\/pinterest.com\/pin\/create\/button\/?url=https:\/\/emprocy.com\/de\/ile-kosztuje-zycie-na-cyprze-w-2026-roku-szczegolowe-koszty-ceny-mieszkan-i-realne-wydatki\/&media=https:\/\/emprocy.com\/wp-content\/uploads\/2026\/03\/zycie-na-Cyprze.jpg&description=Ile+kosztuje+%C5%BCycie+na+Cyprze+w+2026+roku%3F+Szczeg%C3%B3%C5%82owe+koszty%2C+ceny+mieszka%C5%84+i+realne+wydatki\" target=\"_blank\" class=\"wd-social-icon social-pinterest\" aria-label=\"Pinterest social link\">\n\t\t\t\t\t\t<span class=\"wd-icon\"><\/span>\n\t\t\t\t\t\t\t\t\t\t\t<\/a>\n\t\t\t\t\n\t\t\t\t\n\t\t\t\t\t\t\t\t\t<a rel=\"noopener noreferrer nofollow\" href=\"https:\/\/www.linkedin.com\/shareArticle?mini=true&url=https:\/\/emprocy.com\/de\/ile-kosztuje-zycie-na-cyprze-w-2026-roku-szczegolowe-koszty-ceny-mieszkan-i-realne-wydatki\/\" target=\"_blank\" class=\"wd-social-icon social-linkedin\" aria-label=\"Linkedin social link\">\n\t\t\t\t\t\t<span class=\"wd-icon\"><\/span>\n\t\t\t\t\t\t\t\t\t\t\t<\/a>\n\t\t\t\t\n\t\t\t\t\n\t\t\t\t\n\t\t\t\t\n\t\t\t\t\n\t\t\t\t\n\t\t\t\t\n\t\t\t\t\n\t\t\t\t\n\t\t\t\t\n\t\t\t\t\n\t\t\t\t\n\t\t\t\t\n\t\t\t\t\n\t\t\t\t\n\t\t\t\t\t\t\t\t\t<a rel=\"noopener noreferrer nofollow\" href=\"https:\/\/telegram.me\/share\/url?url=https:\/\/emprocy.com\/de\/ile-kosztuje-zycie-na-cyprze-w-2026-roku-szczegolowe-koszty-ceny-mieszkan-i-realne-wydatki\/\" target=\"_blank\" class=\"wd-social-icon social-tg\" aria-label=\"Telegram social link\">\n\t\t\t\t\t\t<span class=\"wd-icon\"><\/span>\n\t\t\t\t\t\t\t\t\t\t\t<\/a>\n\t\t\t\t\n\t\t\t\t\n\t\t\t<\/div>\n\n\t\t\t\t\t\t\t\t\t\t<\/div>\n\t\t\t\t\t\t\t\t<div class=\"tooltip-arrow\"><\/div>\n\t\t\t\t\t\t\t<\/div>\n\t\t\t\t\t\t<\/div>\n\t\t\t\t\t\n\t\t\t\t\t\t\t\t\t<\/div>\n\t\t\t\n\t\t\t\t\t\t\t\t\t\t\t\t<div class=\"wd-post-excerpt entry-content\">\n\t\t\t\t\t\tIle kosztuje \u017cycie na Cyprze w 2026? Poznaj ceny mieszka\u0144, jedzenia, transportu i podatk\u00f3w. Sprawd\u017a realne wydatki i zaplanuj swoj\u0105 przeprowadzk\u0119.\t\t\t\t\t<\/div>\n\t\t\t\t\n\t\t\t\t\t\t\t\t\t\t\t\t\t\t<div class=\"wd-post-read-more wd-style-link read-more-section\">\n\t\t\t\t\t\t<a class=\"\" href=\"https:\/\/emprocy.com\/de\/ile-kosztuje-zycie-na-cyprze-w-2026-roku-szczegolowe-koszty-ceny-mieszkan-i-realne-wydatki\/\">Continue reading<\/a>\t\t\t\t\t<\/div>\n\t\t\t\t\t\t\t\t\t\t\t\t\t<\/div>\n\t<\/div>\n<\/article>\n\n\t\t\t\t\t\t\t\t\t\t\t\t\t\t\n<article id=\"post-30776\" class=\"wd-post blog-design-masonry blog-post-loop blog-style-bg wd-add-shadow wd-col post-30776 post type-post status-publish format-standard has-post-thumbnail hentry category-blog category-cypr category-inwestycje-na-cyprze category-poradniki-praktyczne category-rynek-nieruchomosci tag-apartamenty-na-cyprze tag-domy-na-cyprze tag-wille-na-cyprze tag-wynajem-dlugoterminowy tag-wynajem-krotkoterminowy\">\n\t<div class=\"wd-post-inner article-inner\">\n\t\t\t\t\t<div class=\"wd-post-thumb entry-header\">\n\t\t\t\t\t\t\t\t\t<div class=\"wd-post-img post-img-wrapp\">\n\t\t\t\t\t\t<img loading=\"lazy\" decoding=\"async\" width=\"1200\" height=\"535\" src=\"https:\/\/emprocy.com\/wp-content\/uploads\/2026\/01\/widok-na-prywatny-basen-i-ogrod-willi-pafos-cypr2.jpg\" class=\"attachment-large size-large\" alt=\"widok-na-prywatny-basen-i-ogrod-willi-pafos-cypr2\" srcset=\"https:\/\/emprocy.com\/wp-content\/uploads\/2026\/01\/widok-na-prywatny-basen-i-ogrod-willi-pafos-cypr2.jpg 1200w, https:\/\/emprocy.com\/wp-content\/uploads\/2026\/01\/widok-na-prywatny-basen-i-ogrod-willi-pafos-cypr2-400x178.jpg 400w, https:\/\/emprocy.com\/wp-content\/uploads\/2026\/01\/widok-na-prywatny-basen-i-ogrod-willi-pafos-cypr2-768x342.jpg 768w\" sizes=\"auto, (max-width: 1200px) 100vw, 1200px\" \/>\t\t\t\t\t<\/div>\n\t\t\t\t\t\t\t\t\t\t<a class=\"wd-fill\" tabindex=\"-1\" href=\"https:\/\/emprocy.com\/de\/wynajem-na-cyprze-2026-domy-wille-i-apartamenty\/\" aria-label=\"Link on post Wynajem na Cyprze 2026 &#8211; domy, wille i apartamenty\"><\/a>\n\t\t\t\t\n\t\t\t\t\t\t\t\t\t\t\t\t<div class=\"wd-post-date wd-style-with-bg\">\n\t\t\t\t<span class=\"post-date-day\">\n\t\t\t\t\t24\t\t\t\t<\/span>\n\t\t\t\t<span class=\"post-date-month\">\n\t\t\t\t\tFeb.\t\t\t\t<\/span>\n\t\t\t<\/div>\n\t\t\t\t\t\t\t\t\t<\/div>\n\t\t\n\t\t<div class=\"wd-post-content article-body-container\">\n\t\t\t\t\t\t\t<div class=\"wd-post-cat wd-style-with-bg meta-post-categories\">\n\t\t\t\t\t<a href=\"https:\/\/emprocy.com\/de\/category\/blog\/\" rel=\"category tag\">Blog<\/a>, <a href=\"https:\/\/emprocy.com\/de\/category\/cypr\/\" rel=\"category tag\">Zypern<\/a>, <a href=\"https:\/\/emprocy.com\/de\/category\/inwestycje-na-cyprze\/\" rel=\"category tag\">Investitionen in Zypern<\/a>, <a href=\"https:\/\/emprocy.com\/de\/category\/poradniki-praktyczne\/\" rel=\"category tag\">Praktische Leitf\u00e4den<\/a>, <a href=\"https:\/\/emprocy.com\/de\/category\/rynek-nieruchomosci\/\" rel=\"category tag\">Immobilienmarkt<\/a>\t\t\t\t<\/div>\n\t\t\t\n\t\t\t\t\t\t\t<h3 class=\"wd-post-title wd-entities-title title post-title\">\n\t\t\t\t\t<a href=\"https:\/\/emprocy.com\/de\/wynajem-na-cyprze-2026-domy-wille-i-apartamenty\/\" rel=\"bookmark\">Wynajem na Cyprze 2026 &#8211; domy, wille i apartamenty<\/a>\n\t\t\t\t<\/h3>\n\t\t\t\n\t\t\t\t\t\t\t<div class=\"wd-post-meta\">\n\t\t\t\t\t\t\t\t\t\t\t\t\t\t\t<div class=\"wd-post-author\">\n\t\t\t\t\t\t\t\t\t\t\t<span>Posted by<\/span>\n\t\t\n\t\t\t\t\t<img alt='author-avatar' src='https:\/\/secure.gravatar.com\/avatar\/272cc721ed3bf2adc89c5c9656b927b1aaab73545ded66e4781c1c37afe56d00?s=18&#038;d=mm&#038;r=g' srcset='https:\/\/secure.gravatar.com\/avatar\/272cc721ed3bf2adc89c5c9656b927b1aaab73545ded66e4781c1c37afe56d00?s=36&#038;d=mm&#038;r=g 2x' class='avatar avatar-18 photo' height='18' width='18' \/>\t\t\n\t\t\t\t\t<a href=\"https:\/\/emprocy.com\/de\/author\/administrator\/\" class=\"author\" rel=\"author\">Ewa Empro<\/a>\n\t\t\t\t\t\t\t\t\t<\/div>\n\t\t\t\t\t<div class=\"wd-modified-date\">\n\t\t\t\t\t\t\t\t<time class=\"updated\" datetime=\"2026-02-24T14:14:52+00:00\">\n\t\t\tFebruar 24, 2026\t\t<\/time>\n\t\t\t\t\t\t\t<\/div>\n\n\t\t\t\t\t\t\t\t\t\t\t<div tabindex=\"0\" class=\"wd-post-share wd-tltp\">\n\t\t\t\t\t\t\t<div class=\"tooltip top\">\n\t\t\t\t\t\t\t\t<div class=\"tooltip-inner\">\n\t\t\t\t\t\t\t\t\t\t\t\t<div\n\t\t\t\t\t\tclass=\"wd-social-icons wd-style-default wd-size-small social-share wd-shape-circle color-scheme-light text-center\">\n\t\t\t\t\n\t\t\t\t\n\t\t\t\t\t\t\t\t\t<a rel=\"noopener noreferrer nofollow\" href=\"https:\/\/www.facebook.com\/sharer\/sharer.php?u=https:\/\/emprocy.com\/de\/wynajem-na-cyprze-2026-domy-wille-i-apartamenty\/\" target=\"_blank\" class=\"wd-social-icon social-facebook\" aria-label=\"Facebook social link\">\n\t\t\t\t\t\t<span class=\"wd-icon\"><\/span>\n\t\t\t\t\t\t\t\t\t\t\t<\/a>\n\t\t\t\t\n\t\t\t\t\t\t\t\t\t<a rel=\"noopener noreferrer nofollow\" href=\"https:\/\/x.com\/share?url=https:\/\/emprocy.com\/de\/wynajem-na-cyprze-2026-domy-wille-i-apartamenty\/\" target=\"_blank\" class=\"wd-social-icon social-twitter\" aria-label=\"X social link\">\n\t\t\t\t\t\t<span class=\"wd-icon\"><\/span>\n\t\t\t\t\t\t\t\t\t\t\t<\/a>\n\t\t\t\t\n\t\t\t\t\n\t\t\t\t\n\t\t\t\t\n\t\t\t\t\n\t\t\t\t\n\t\t\t\t\t\t\t\t\t<a rel=\"noopener noreferrer nofollow\" href=\"https:\/\/pinterest.com\/pin\/create\/button\/?url=https:\/\/emprocy.com\/de\/wynajem-na-cyprze-2026-domy-wille-i-apartamenty\/&media=https:\/\/emprocy.com\/wp-content\/uploads\/2026\/01\/widok-na-prywatny-basen-i-ogrod-willi-pafos-cypr2.jpg&description=Wynajem+na+Cyprze+2026+%26%238211%3B+domy%2C+wille+i+apartamenty\" target=\"_blank\" class=\"wd-social-icon social-pinterest\" aria-label=\"Pinterest social link\">\n\t\t\t\t\t\t<span class=\"wd-icon\"><\/span>\n\t\t\t\t\t\t\t\t\t\t\t<\/a>\n\t\t\t\t\n\t\t\t\t\n\t\t\t\t\t\t\t\t\t<a rel=\"noopener noreferrer nofollow\" href=\"https:\/\/www.linkedin.com\/shareArticle?mini=true&url=https:\/\/emprocy.com\/de\/wynajem-na-cyprze-2026-domy-wille-i-apartamenty\/\" target=\"_blank\" class=\"wd-social-icon social-linkedin\" aria-label=\"Linkedin social link\">\n\t\t\t\t\t\t<span class=\"wd-icon\"><\/span>\n\t\t\t\t\t\t\t\t\t\t\t<\/a>\n\t\t\t\t\n\t\t\t\t\n\t\t\t\t\n\t\t\t\t\n\t\t\t\t\n\t\t\t\t\n\t\t\t\t\n\t\t\t\t\n\t\t\t\t\n\t\t\t\t\n\t\t\t\t\n\t\t\t\t\n\t\t\t\t\n\t\t\t\t\n\t\t\t\t\n\t\t\t\t\t\t\t\t\t<a rel=\"noopener noreferrer nofollow\" href=\"https:\/\/telegram.me\/share\/url?url=https:\/\/emprocy.com\/de\/wynajem-na-cyprze-2026-domy-wille-i-apartamenty\/\" target=\"_blank\" class=\"wd-social-icon social-tg\" aria-label=\"Telegram social link\">\n\t\t\t\t\t\t<span class=\"wd-icon\"><\/span>\n\t\t\t\t\t\t\t\t\t\t\t<\/a>\n\t\t\t\t\n\t\t\t\t\n\t\t\t<\/div>\n\n\t\t\t\t\t\t\t\t\t\t<\/div>\n\t\t\t\t\t\t\t\t<div class=\"tooltip-arrow\"><\/div>\n\t\t\t\t\t\t\t<\/div>\n\t\t\t\t\t\t<\/div>\n\t\t\t\t\t\n\t\t\t\t\t\t\t\t\t<\/div>\n\t\t\t\n\t\t\t\t\t\t\t\t\t\t\t\t<div class=\"wd-post-excerpt entry-content\">\n\t\t\t\t\t\tPoznaj zasady wynajmu na Cyprze w 2026 r. Domy, wille i apartamenty na wynajem kr\u00f3tkoterminowy i d\u0142ugoterminowy, ROI, koszty i formalno\u015bci.\t\t\t\t\t<\/div>\n\t\t\t\t\n\t\t\t\t\t\t\t\t\t\t\t\t\t\t<div class=\"wd-post-read-more wd-style-link read-more-section\">\n\t\t\t\t\t\t<a class=\"\" href=\"https:\/\/emprocy.com\/de\/wynajem-na-cyprze-2026-domy-wille-i-apartamenty\/\">Continue reading<\/a>\t\t\t\t\t<\/div>\n\t\t\t\t\t\t\t\t\t\t\t\t\t<\/div>\n\t<\/div>\n<\/article>\n\n\t\t\t\t\t\t\t\t\t\t\t\t\t\t\n<article id=\"post-30766\" class=\"wd-post blog-design-masonry blog-post-loop blog-style-bg wd-add-shadow wd-col post-30766 post type-post status-publish format-standard has-post-thumbnail hentry category-blog category-cypr category-inwestycje-na-cyprze category-rynek-nieruchomosci tag-inwestowanie-na-cyprze tag-inwestowanie-w-nieruchomosci tag-inwestycje-cypr tag-roi-nieruchomosci\">\n\t<div class=\"wd-post-inner article-inner\">\n\t\t\t\t\t<div class=\"wd-post-thumb entry-header\">\n\t\t\t\t\t\t\t\t\t<div class=\"wd-post-img post-img-wrapp\">\n\t\t\t\t\t\t<img loading=\"lazy\" decoding=\"async\" width=\"1200\" height=\"800\" src=\"https:\/\/emprocy.com\/wp-content\/uploads\/2026\/02\/Pafos-czy-Limassol-1200x800.jpg\" class=\"attachment-large size-large\" alt=\"Pafos czy Limassol\" srcset=\"https:\/\/emprocy.com\/wp-content\/uploads\/2026\/02\/Pafos-czy-Limassol-1200x800.jpg 1200w, https:\/\/emprocy.com\/wp-content\/uploads\/2026\/02\/Pafos-czy-Limassol-400x267.jpg 400w, https:\/\/emprocy.com\/wp-content\/uploads\/2026\/02\/Pafos-czy-Limassol-768x512.jpg 768w, https:\/\/emprocy.com\/wp-content\/uploads\/2026\/02\/Pafos-czy-Limassol-18x12.jpg 18w, https:\/\/emprocy.com\/wp-content\/uploads\/2026\/02\/Pafos-czy-Limassol.jpg 1536w\" sizes=\"auto, (max-width: 1200px) 100vw, 1200px\" \/>\t\t\t\t\t<\/div>\n\t\t\t\t\t\t\t\t\t\t<a class=\"wd-fill\" tabindex=\"-1\" href=\"https:\/\/emprocy.com\/de\/inwestowanie-w-pafos-vs-limassol-gdzie-lepszy-zwrot-w-2026-roku\/\" aria-label=\"Link on post Inwestowanie w Pafos vs Limassol &#8211; gdzie lepszy zwrot w 2026 roku?\"><\/a>\n\t\t\t\t\n\t\t\t\t\t\t\t\t\t\t\t\t<div class=\"wd-post-date wd-style-with-bg\">\n\t\t\t\t<span class=\"post-date-day\">\n\t\t\t\t\t24\t\t\t\t<\/span>\n\t\t\t\t<span class=\"post-date-month\">\n\t\t\t\t\tFeb.\t\t\t\t<\/span>\n\t\t\t<\/div>\n\t\t\t\t\t\t\t\t\t<\/div>\n\t\t\n\t\t<div class=\"wd-post-content article-body-container\">\n\t\t\t\t\t\t\t<div class=\"wd-post-cat wd-style-with-bg meta-post-categories\">\n\t\t\t\t\t<a href=\"https:\/\/emprocy.com\/de\/category\/blog\/\" rel=\"category tag\">Blog<\/a>, <a href=\"https:\/\/emprocy.com\/de\/category\/cypr\/\" rel=\"category tag\">Zypern<\/a>, <a href=\"https:\/\/emprocy.com\/de\/category\/inwestycje-na-cyprze\/\" rel=\"category tag\">Investitionen in Zypern<\/a>, <a href=\"https:\/\/emprocy.com\/de\/category\/rynek-nieruchomosci\/\" rel=\"category tag\">Immobilienmarkt<\/a>\t\t\t\t<\/div>\n\t\t\t\n\t\t\t\t\t\t\t<h3 class=\"wd-post-title wd-entities-title title post-title\">\n\t\t\t\t\t<a href=\"https:\/\/emprocy.com\/de\/inwestowanie-w-pafos-vs-limassol-gdzie-lepszy-zwrot-w-2026-roku\/\" rel=\"bookmark\">Inwestowanie w Pafos vs Limassol &#8211; gdzie lepszy zwrot w 2026 roku?<\/a>\n\t\t\t\t<\/h3>\n\t\t\t\n\t\t\t\t\t\t\t<div class=\"wd-post-meta\">\n\t\t\t\t\t\t\t\t\t\t\t\t\t\t\t<div class=\"wd-post-author\">\n\t\t\t\t\t\t\t\t\t\t\t<span>Posted by<\/span>\n\t\t\n\t\t\t\t\t<img alt='author-avatar' src='https:\/\/secure.gravatar.com\/avatar\/272cc721ed3bf2adc89c5c9656b927b1aaab73545ded66e4781c1c37afe56d00?s=18&#038;d=mm&#038;r=g' srcset='https:\/\/secure.gravatar.com\/avatar\/272cc721ed3bf2adc89c5c9656b927b1aaab73545ded66e4781c1c37afe56d00?s=36&#038;d=mm&#038;r=g 2x' class='avatar avatar-18 photo' height='18' width='18' \/>\t\t\n\t\t\t\t\t<a href=\"https:\/\/emprocy.com\/de\/author\/administrator\/\" class=\"author\" rel=\"author\">Ewa Empro<\/a>\n\t\t\t\t\t\t\t\t\t<\/div>\n\t\t\t\t\t<div class=\"wd-modified-date\">\n\t\t\t\t\t\t\t\t<time class=\"updated\" datetime=\"2026-02-24T14:14:17+00:00\">\n\t\t\tFebruar 24, 2026\t\t<\/time>\n\t\t\t\t\t\t\t<\/div>\n\n\t\t\t\t\t\t\t\t\t\t\t<div tabindex=\"0\" class=\"wd-post-share wd-tltp\">\n\t\t\t\t\t\t\t<div class=\"tooltip top\">\n\t\t\t\t\t\t\t\t<div class=\"tooltip-inner\">\n\t\t\t\t\t\t\t\t\t\t\t\t<div\n\t\t\t\t\t\tclass=\"wd-social-icons wd-style-default wd-size-small social-share wd-shape-circle color-scheme-light text-center\">\n\t\t\t\t\n\t\t\t\t\n\t\t\t\t\t\t\t\t\t<a rel=\"noopener noreferrer nofollow\" href=\"https:\/\/www.facebook.com\/sharer\/sharer.php?u=https:\/\/emprocy.com\/de\/inwestowanie-w-pafos-vs-limassol-gdzie-lepszy-zwrot-w-2026-roku\/\" target=\"_blank\" class=\"wd-social-icon social-facebook\" aria-label=\"Facebook social link\">\n\t\t\t\t\t\t<span class=\"wd-icon\"><\/span>\n\t\t\t\t\t\t\t\t\t\t\t<\/a>\n\t\t\t\t\n\t\t\t\t\t\t\t\t\t<a rel=\"noopener noreferrer nofollow\" href=\"https:\/\/x.com\/share?url=https:\/\/emprocy.com\/de\/inwestowanie-w-pafos-vs-limassol-gdzie-lepszy-zwrot-w-2026-roku\/\" target=\"_blank\" class=\"wd-social-icon social-twitter\" aria-label=\"X social link\">\n\t\t\t\t\t\t<span class=\"wd-icon\"><\/span>\n\t\t\t\t\t\t\t\t\t\t\t<\/a>\n\t\t\t\t\n\t\t\t\t\n\t\t\t\t\n\t\t\t\t\n\t\t\t\t\n\t\t\t\t\n\t\t\t\t\t\t\t\t\t<a rel=\"noopener noreferrer nofollow\" href=\"https:\/\/pinterest.com\/pin\/create\/button\/?url=https:\/\/emprocy.com\/de\/inwestowanie-w-pafos-vs-limassol-gdzie-lepszy-zwrot-w-2026-roku\/&media=https:\/\/emprocy.com\/wp-content\/uploads\/2026\/02\/Pafos-czy-Limassol.jpg&description=Inwestowanie+w+Pafos+vs+Limassol+%26%238211%3B+gdzie+lepszy+zwrot+w+2026+roku%3F\" target=\"_blank\" class=\"wd-social-icon social-pinterest\" aria-label=\"Pinterest social link\">\n\t\t\t\t\t\t<span class=\"wd-icon\"><\/span>\n\t\t\t\t\t\t\t\t\t\t\t<\/a>\n\t\t\t\t\n\t\t\t\t\n\t\t\t\t\t\t\t\t\t<a rel=\"noopener noreferrer nofollow\" href=\"https:\/\/www.linkedin.com\/shareArticle?mini=true&url=https:\/\/emprocy.com\/de\/inwestowanie-w-pafos-vs-limassol-gdzie-lepszy-zwrot-w-2026-roku\/\" target=\"_blank\" class=\"wd-social-icon social-linkedin\" aria-label=\"Linkedin social link\">\n\t\t\t\t\t\t<span class=\"wd-icon\"><\/span>\n\t\t\t\t\t\t\t\t\t\t\t<\/a>\n\t\t\t\t\n\t\t\t\t\n\t\t\t\t\n\t\t\t\t\n\t\t\t\t\n\t\t\t\t\n\t\t\t\t\n\t\t\t\t\n\t\t\t\t\n\t\t\t\t\n\t\t\t\t\n\t\t\t\t\n\t\t\t\t\n\t\t\t\t\n\t\t\t\t\n\t\t\t\t\t\t\t\t\t<a rel=\"noopener noreferrer nofollow\" href=\"https:\/\/telegram.me\/share\/url?url=https:\/\/emprocy.com\/de\/inwestowanie-w-pafos-vs-limassol-gdzie-lepszy-zwrot-w-2026-roku\/\" target=\"_blank\" class=\"wd-social-icon social-tg\" aria-label=\"Telegram social link\">\n\t\t\t\t\t\t<span class=\"wd-icon\"><\/span>\n\t\t\t\t\t\t\t\t\t\t\t<\/a>\n\t\t\t\t\n\t\t\t\t\n\t\t\t<\/div>\n\n\t\t\t\t\t\t\t\t\t\t<\/div>\n\t\t\t\t\t\t\t\t<div class=\"tooltip-arrow\"><\/div>\n\t\t\t\t\t\t\t<\/div>\n\t\t\t\t\t\t<\/div>\n\t\t\t\t\t\n\t\t\t\t\t\t\t\t\t<\/div>\n\t\t\t\n\t\t\t\t\t\t\t\t\t\t\t\t<div class=\"wd-post-excerpt entry-content\">\n\t\t\t\t\t\tKt\u00f3re miasto na Cyprze - Pafos czy Limassol oferuje lepszy zwrot z inwestycji w 2026? Por\u00f3wnanie ROI, ryzyka, koszt\u00f3w i wsparcia EM PRO.\t\t\t\t\t<\/div>\n\t\t\t\t\n\t\t\t\t\t\t\t\t\t\t\t\t\t\t<div class=\"wd-post-read-more wd-style-link read-more-section\">\n\t\t\t\t\t\t<a class=\"\" href=\"https:\/\/emprocy.com\/de\/inwestowanie-w-pafos-vs-limassol-gdzie-lepszy-zwrot-w-2026-roku\/\">Continue reading<\/a>\t\t\t\t\t<\/div>\n\t\t\t\t\t\t\t\t\t\t\t\t\t<\/div>\n\t<\/div>\n<\/article>\n\n\t\t\t\t\t\t\t\t\t\t\t\t\t\t\n<article id=\"post-30755\" class=\"wd-post blog-design-masonry blog-post-loop blog-style-bg wd-add-shadow wd-col post-30755 post type-post status-publish format-standard has-post-thumbnail hentry category-blog category-cypr category-inwestycje-na-cyprze category-rynek-nieruchomosci tag-inwestowanie-na-cyprze tag-inwestowanie-w-nieruchomosci tag-inwestycje-cypr tag-roi-nieruchomosci\">\n\t<div class=\"wd-post-inner article-inner\">\n\t\t\t\t\t<div class=\"wd-post-thumb entry-header\">\n\t\t\t\t\t\t\t\t\t<div class=\"wd-post-img post-img-wrapp\">\n\t\t\t\t\t\t<img loading=\"lazy\" decoding=\"async\" width=\"1200\" height=\"800\" src=\"https:\/\/emprocy.com\/wp-content\/uploads\/2026\/02\/jak-inwestowac-w-nieruchomosci-na-Cyprze-w-2026.jpg\" class=\"attachment-large size-large\" alt=\"jak inwestowa\u0107 w nieruchomo\u015bci na Cyprze w 2026\" srcset=\"https:\/\/emprocy.com\/wp-content\/uploads\/2026\/02\/jak-inwestowac-w-nieruchomosci-na-Cyprze-w-2026.jpg 1200w, https:\/\/emprocy.com\/wp-content\/uploads\/2026\/02\/jak-inwestowac-w-nieruchomosci-na-Cyprze-w-2026-400x267.jpg 400w, https:\/\/emprocy.com\/wp-content\/uploads\/2026\/02\/jak-inwestowac-w-nieruchomosci-na-Cyprze-w-2026-768x512.jpg 768w, https:\/\/emprocy.com\/wp-content\/uploads\/2026\/02\/jak-inwestowac-w-nieruchomosci-na-Cyprze-w-2026-18x12.jpg 18w\" sizes=\"auto, (max-width: 1200px) 100vw, 1200px\" \/>\t\t\t\t\t<\/div>\n\t\t\t\t\t\t\t\t\t\t<a class=\"wd-fill\" tabindex=\"-1\" href=\"https:\/\/emprocy.com\/de\/jak-inwestowac-w-nieruchomosci-na-cyprze-w-2026-strategie-i-roi\/\" aria-label=\"Link on post Jak inwestowa\u0107 w nieruchomo\u015bci na Cyprze w 2026: strategie i ROI\"><\/a>\n\t\t\t\t\n\t\t\t\t\t\t\t\t\t\t\t\t<div class=\"wd-post-date wd-style-with-bg\">\n\t\t\t\t<span class=\"post-date-day\">\n\t\t\t\t\t18\t\t\t\t<\/span>\n\t\t\t\t<span class=\"post-date-month\">\n\t\t\t\t\tFeb.\t\t\t\t<\/span>\n\t\t\t<\/div>\n\t\t\t\t\t\t\t\t\t<\/div>\n\t\t\n\t\t<div class=\"wd-post-content article-body-container\">\n\t\t\t\t\t\t\t<div class=\"wd-post-cat wd-style-with-bg meta-post-categories\">\n\t\t\t\t\t<a href=\"https:\/\/emprocy.com\/de\/category\/blog\/\" rel=\"category tag\">Blog<\/a>, <a href=\"https:\/\/emprocy.com\/de\/category\/cypr\/\" rel=\"category tag\">Zypern<\/a>, <a href=\"https:\/\/emprocy.com\/de\/category\/inwestycje-na-cyprze\/\" rel=\"category tag\">Investitionen in Zypern<\/a>, <a href=\"https:\/\/emprocy.com\/de\/category\/rynek-nieruchomosci\/\" rel=\"category tag\">Immobilienmarkt<\/a>\t\t\t\t<\/div>\n\t\t\t\n\t\t\t\t\t\t\t<h3 class=\"wd-post-title wd-entities-title title post-title\">\n\t\t\t\t\t<a href=\"https:\/\/emprocy.com\/de\/jak-inwestowac-w-nieruchomosci-na-cyprze-w-2026-strategie-i-roi\/\" rel=\"bookmark\">Wie man im Jahr 2026 in zypriotische Immobilien investiert: Strategien und Renditen<\/a>\n\t\t\t\t<\/h3>\n\t\t\t\n\t\t\t\t\t\t\t<div class=\"wd-post-meta\">\n\t\t\t\t\t\t\t\t\t\t\t\t\t\t\t<div class=\"wd-post-author\">\n\t\t\t\t\t\t\t\t\t\t\t<span>Posted by<\/span>\n\t\t\n\t\t\t\t\t<img alt='author-avatar' src='https:\/\/secure.gravatar.com\/avatar\/272cc721ed3bf2adc89c5c9656b927b1aaab73545ded66e4781c1c37afe56d00?s=18&#038;d=mm&#038;r=g' srcset='https:\/\/secure.gravatar.com\/avatar\/272cc721ed3bf2adc89c5c9656b927b1aaab73545ded66e4781c1c37afe56d00?s=36&#038;d=mm&#038;r=g 2x' class='avatar avatar-18 photo' height='18' width='18' \/>\t\t\n\t\t\t\t\t<a href=\"https:\/\/emprocy.com\/de\/author\/administrator\/\" class=\"author\" rel=\"author\">Ewa Empro<\/a>\n\t\t\t\t\t\t\t\t\t<\/div>\n\t\t\t\t\t<div class=\"wd-modified-date\">\n\t\t\t\t\t\t\t\t<time class=\"updated\" datetime=\"2026-02-24T14:13:42+00:00\">\n\t\t\tFebruar 24, 2026\t\t<\/time>\n\t\t\t\t\t\t\t<\/div>\n\n\t\t\t\t\t\t\t\t\t\t\t<div tabindex=\"0\" class=\"wd-post-share wd-tltp\">\n\t\t\t\t\t\t\t<div class=\"tooltip top\">\n\t\t\t\t\t\t\t\t<div class=\"tooltip-inner\">\n\t\t\t\t\t\t\t\t\t\t\t\t<div\n\t\t\t\t\t\tclass=\"wd-social-icons wd-style-default wd-size-small social-share wd-shape-circle color-scheme-light text-center\">\n\t\t\t\t\n\t\t\t\t\n\t\t\t\t\t\t\t\t\t<a rel=\"noopener noreferrer nofollow\" href=\"https:\/\/www.facebook.com\/sharer\/sharer.php?u=https:\/\/emprocy.com\/de\/jak-inwestowac-w-nieruchomosci-na-cyprze-w-2026-strategie-i-roi\/\" target=\"_blank\" class=\"wd-social-icon social-facebook\" aria-label=\"Facebook social link\">\n\t\t\t\t\t\t<span class=\"wd-icon\"><\/span>\n\t\t\t\t\t\t\t\t\t\t\t<\/a>\n\t\t\t\t\n\t\t\t\t\t\t\t\t\t<a rel=\"noopener noreferrer nofollow\" href=\"https:\/\/x.com\/share?url=https:\/\/emprocy.com\/de\/jak-inwestowac-w-nieruchomosci-na-cyprze-w-2026-strategie-i-roi\/\" target=\"_blank\" class=\"wd-social-icon social-twitter\" aria-label=\"X social link\">\n\t\t\t\t\t\t<span class=\"wd-icon\"><\/span>\n\t\t\t\t\t\t\t\t\t\t\t<\/a>\n\t\t\t\t\n\t\t\t\t\n\t\t\t\t\n\t\t\t\t\n\t\t\t\t\n\t\t\t\t\n\t\t\t\t\t\t\t\t\t<a rel=\"noopener noreferrer nofollow\" href=\"https:\/\/pinterest.com\/pin\/create\/button\/?url=https:\/\/emprocy.com\/de\/jak-inwestowac-w-nieruchomosci-na-cyprze-w-2026-strategie-i-roi\/&media=https:\/\/emprocy.com\/wp-content\/uploads\/2026\/02\/jak-inwestowac-w-nieruchomosci-na-Cyprze-w-2026.jpg&description=Jak+inwestowa%C4%87+w+nieruchomo%C5%9Bci+na+Cyprze+w+2026%3A+strategie+i+ROI\" target=\"_blank\" class=\"wd-social-icon social-pinterest\" aria-label=\"Pinterest social link\">\n\t\t\t\t\t\t<span class=\"wd-icon\"><\/span>\n\t\t\t\t\t\t\t\t\t\t\t<\/a>\n\t\t\t\t\n\t\t\t\t\n\t\t\t\t\t\t\t\t\t<a rel=\"noopener noreferrer nofollow\" href=\"https:\/\/www.linkedin.com\/shareArticle?mini=true&url=https:\/\/emprocy.com\/de\/jak-inwestowac-w-nieruchomosci-na-cyprze-w-2026-strategie-i-roi\/\" target=\"_blank\" class=\"wd-social-icon social-linkedin\" aria-label=\"Linkedin social link\">\n\t\t\t\t\t\t<span class=\"wd-icon\"><\/span>\n\t\t\t\t\t\t\t\t\t\t\t<\/a>\n\t\t\t\t\n\t\t\t\t\n\t\t\t\t\n\t\t\t\t\n\t\t\t\t\n\t\t\t\t\n\t\t\t\t\n\t\t\t\t\n\t\t\t\t\n\t\t\t\t\n\t\t\t\t\n\t\t\t\t\n\t\t\t\t\n\t\t\t\t\n\t\t\t\t\n\t\t\t\t\t\t\t\t\t<a rel=\"noopener noreferrer nofollow\" href=\"https:\/\/telegram.me\/share\/url?url=https:\/\/emprocy.com\/de\/jak-inwestowac-w-nieruchomosci-na-cyprze-w-2026-strategie-i-roi\/\" target=\"_blank\" class=\"wd-social-icon social-tg\" aria-label=\"Telegram social link\">\n\t\t\t\t\t\t<span class=\"wd-icon\"><\/span>\n\t\t\t\t\t\t\t\t\t\t\t<\/a>\n\t\t\t\t\n\t\t\t\t\n\t\t\t<\/div>\n\n\t\t\t\t\t\t\t\t\t\t<\/div>\n\t\t\t\t\t\t\t\t<div class=\"tooltip-arrow\"><\/div>\n\t\t\t\t\t\t\t<\/div>\n\t\t\t\t\t\t<\/div>\n\t\t\t\t\t\n\t\t\t\t\t\t\t\t\t<\/div>\n\t\t\t\n\t\t\t\t\t\t\t\t\t\t\t\t<div class=\"wd-post-excerpt entry-content\">\n\t\t\t\t\t\tPoznaj strategie inwestowania w nieruchomo\u015bci na Cyprze w 2026 roku i sprawd\u017a realne ROI. Analiza off-plan, modernizacji i wynajmu kr\u00f3tkoterminowego.\t\t\t\t\t<\/div>\n\t\t\t\t\n\t\t\t\t\t\t\t\t\t\t\t\t\t\t<div class=\"wd-post-read-more wd-style-link read-more-section\">\n\t\t\t\t\t\t<a class=\"\" href=\"https:\/\/emprocy.com\/de\/jak-inwestowac-w-nieruchomosci-na-cyprze-w-2026-strategie-i-roi\/\">Continue reading<\/a>\t\t\t\t\t<\/div>\n\t\t\t\t\t\t\t\t\t\t\t\t\t<\/div>\n\t<\/div>\n<\/article>\n\n\t\t\t\t\t\t\t\t\t\t\t\t\t\t\n<article id=\"post-30672\" class=\"wd-post blog-design-masonry blog-post-loop blog-style-bg wd-add-shadow wd-col post-30672 post type-post status-publish format-standard has-post-thumbnail hentry category-blog category-cypr category-inwestycje-na-cyprze category-rynek-nieruchomosci tag-inwestowanie-na-cyprze\">\n\t<div class=\"wd-post-inner article-inner\">\n\t\t\t\t\t<div class=\"wd-post-thumb entry-header\">\n\t\t\t\t\t\t\t\t\t<div class=\"wd-post-img post-img-wrapp\">\n\t\t\t\t\t\t<img loading=\"lazy\" decoding=\"async\" width=\"1200\" height=\"800\" src=\"https:\/\/emprocy.com\/wp-content\/uploads\/2026\/02\/prowadzanie-i-zakladanie-firmy-na-Cyprze.jpg\" class=\"attachment-large size-large\" alt=\"prowadzanie i zakladanie firmy na Cyprze\" srcset=\"https:\/\/emprocy.com\/wp-content\/uploads\/2026\/02\/prowadzanie-i-zakladanie-firmy-na-Cyprze.jpg 1200w, https:\/\/emprocy.com\/wp-content\/uploads\/2026\/02\/prowadzanie-i-zakladanie-firmy-na-Cyprze-400x267.jpg 400w, https:\/\/emprocy.com\/wp-content\/uploads\/2026\/02\/prowadzanie-i-zakladanie-firmy-na-Cyprze-768x512.jpg 768w\" sizes=\"auto, (max-width: 1200px) 100vw, 1200px\" \/>\t\t\t\t\t<\/div>\n\t\t\t\t\t\t\t\t\t\t<a class=\"wd-fill\" tabindex=\"-1\" href=\"https:\/\/emprocy.com\/de\/czy-warto-inwestowac-w-nieruchomosci-na-cyprze\/\" aria-label=\"Link on post Czy warto inwestowa\u0107 w nieruchomo\u015bci na Cyprze?\"><\/a>\n\t\t\t\t\n\t\t\t\t\t\t\t\t\t\t\t\t<div class=\"wd-post-date wd-style-with-bg\">\n\t\t\t\t<span class=\"post-date-day\">\n\t\t\t\t\t06\t\t\t\t<\/span>\n\t\t\t\t<span class=\"post-date-month\">\n\t\t\t\t\tFeb.\t\t\t\t<\/span>\n\t\t\t<\/div>\n\t\t\t\t\t\t\t\t\t<\/div>\n\t\t\n\t\t<div class=\"wd-post-content article-body-container\">\n\t\t\t\t\t\t\t<div class=\"wd-post-cat wd-style-with-bg meta-post-categories\">\n\t\t\t\t\t<a href=\"https:\/\/emprocy.com\/de\/category\/blog\/\" rel=\"category tag\">Blog<\/a>, <a href=\"https:\/\/emprocy.com\/de\/category\/cypr\/\" rel=\"category tag\">Zypern<\/a>, <a href=\"https:\/\/emprocy.com\/de\/category\/inwestycje-na-cyprze\/\" rel=\"category tag\">Investitionen in Zypern<\/a>, <a href=\"https:\/\/emprocy.com\/de\/category\/rynek-nieruchomosci\/\" rel=\"category tag\">Immobilienmarkt<\/a>\t\t\t\t<\/div>\n\t\t\t\n\t\t\t\t\t\t\t<h3 class=\"wd-post-title wd-entities-title title post-title\">\n\t\t\t\t\t<a href=\"https:\/\/emprocy.com\/de\/czy-warto-inwestowac-w-nieruchomosci-na-cyprze\/\" rel=\"bookmark\">Lohnt es sich, in Immobilien auf Zypern zu investieren?<\/a>\n\t\t\t\t<\/h3>\n\t\t\t\n\t\t\t\t\t\t\t<div class=\"wd-post-meta\">\n\t\t\t\t\t\t\t\t\t\t\t\t\t\t\t<div class=\"wd-post-author\">\n\t\t\t\t\t\t\t\t\t\t\t<span>Posted by<\/span>\n\t\t\n\t\t\t\t\t<img alt='author-avatar' src='https:\/\/secure.gravatar.com\/avatar\/272cc721ed3bf2adc89c5c9656b927b1aaab73545ded66e4781c1c37afe56d00?s=18&#038;d=mm&#038;r=g' srcset='https:\/\/secure.gravatar.com\/avatar\/272cc721ed3bf2adc89c5c9656b927b1aaab73545ded66e4781c1c37afe56d00?s=36&#038;d=mm&#038;r=g 2x' class='avatar avatar-18 photo' height='18' width='18' \/>\t\t\n\t\t\t\t\t<a href=\"https:\/\/emprocy.com\/de\/author\/administrator\/\" class=\"author\" rel=\"author\">Ewa Empro<\/a>\n\t\t\t\t\t\t\t\t\t<\/div>\n\t\t\t\t\t<div class=\"wd-modified-date\">\n\t\t\t\t\t\t\t\t<time class=\"updated\" datetime=\"2026-03-04T12:02:04+00:00\">\n\t\t\tM\u00e4rz 4, 2026\t\t<\/time>\n\t\t\t\t\t\t\t<\/div>\n\n\t\t\t\t\t\t\t\t\t\t\t<div tabindex=\"0\" class=\"wd-post-share wd-tltp\">\n\t\t\t\t\t\t\t<div class=\"tooltip top\">\n\t\t\t\t\t\t\t\t<div class=\"tooltip-inner\">\n\t\t\t\t\t\t\t\t\t\t\t\t<div\n\t\t\t\t\t\tclass=\"wd-social-icons wd-style-default wd-size-small social-share wd-shape-circle color-scheme-light text-center\">\n\t\t\t\t\n\t\t\t\t\n\t\t\t\t\t\t\t\t\t<a rel=\"noopener noreferrer nofollow\" href=\"https:\/\/www.facebook.com\/sharer\/sharer.php?u=https:\/\/emprocy.com\/de\/czy-warto-inwestowac-w-nieruchomosci-na-cyprze\/\" target=\"_blank\" class=\"wd-social-icon social-facebook\" aria-label=\"Facebook social link\">\n\t\t\t\t\t\t<span class=\"wd-icon\"><\/span>\n\t\t\t\t\t\t\t\t\t\t\t<\/a>\n\t\t\t\t\n\t\t\t\t\t\t\t\t\t<a rel=\"noopener noreferrer nofollow\" href=\"https:\/\/x.com\/share?url=https:\/\/emprocy.com\/de\/czy-warto-inwestowac-w-nieruchomosci-na-cyprze\/\" target=\"_blank\" class=\"wd-social-icon social-twitter\" aria-label=\"X social link\">\n\t\t\t\t\t\t<span class=\"wd-icon\"><\/span>\n\t\t\t\t\t\t\t\t\t\t\t<\/a>\n\t\t\t\t\n\t\t\t\t\n\t\t\t\t\n\t\t\t\t\n\t\t\t\t\n\t\t\t\t\n\t\t\t\t\t\t\t\t\t<a rel=\"noopener noreferrer nofollow\" href=\"https:\/\/pinterest.com\/pin\/create\/button\/?url=https:\/\/emprocy.com\/de\/czy-warto-inwestowac-w-nieruchomosci-na-cyprze\/&media=https:\/\/emprocy.com\/wp-content\/uploads\/2026\/02\/prowadzanie-i-zakladanie-firmy-na-Cyprze.jpg&description=Czy+warto+inwestowa%C4%87+w+nieruchomo%C5%9Bci+na+Cyprze%3F\" target=\"_blank\" class=\"wd-social-icon social-pinterest\" aria-label=\"Pinterest social link\">\n\t\t\t\t\t\t<span class=\"wd-icon\"><\/span>\n\t\t\t\t\t\t\t\t\t\t\t<\/a>\n\t\t\t\t\n\t\t\t\t\n\t\t\t\t\t\t\t\t\t<a rel=\"noopener noreferrer nofollow\" href=\"https:\/\/www.linkedin.com\/shareArticle?mini=true&url=https:\/\/emprocy.com\/de\/czy-warto-inwestowac-w-nieruchomosci-na-cyprze\/\" target=\"_blank\" class=\"wd-social-icon social-linkedin\" aria-label=\"Linkedin social link\">\n\t\t\t\t\t\t<span class=\"wd-icon\"><\/span>\n\t\t\t\t\t\t\t\t\t\t\t<\/a>\n\t\t\t\t\n\t\t\t\t\n\t\t\t\t\n\t\t\t\t\n\t\t\t\t\n\t\t\t\t\n\t\t\t\t\n\t\t\t\t\n\t\t\t\t\n\t\t\t\t\n\t\t\t\t\n\t\t\t\t\n\t\t\t\t\n\t\t\t\t\n\t\t\t\t\n\t\t\t\t\t\t\t\t\t<a rel=\"noopener noreferrer nofollow\" href=\"https:\/\/telegram.me\/share\/url?url=https:\/\/emprocy.com\/de\/czy-warto-inwestowac-w-nieruchomosci-na-cyprze\/\" target=\"_blank\" class=\"wd-social-icon social-tg\" aria-label=\"Telegram social link\">\n\t\t\t\t\t\t<span class=\"wd-icon\"><\/span>\n\t\t\t\t\t\t\t\t\t\t\t<\/a>\n\t\t\t\t\n\t\t\t\t\n\t\t\t<\/div>\n\n\t\t\t\t\t\t\t\t\t\t<\/div>\n\t\t\t\t\t\t\t\t<div class=\"tooltip-arrow\"><\/div>\n\t\t\t\t\t\t\t<\/div>\n\t\t\t\t\t\t<\/div>\n\t\t\t\t\t\n\t\t\t\t\t\t\t\t\t<\/div>\n\t\t\t\n\t\t\t\t\t\t\t\t\t\t\t\t<div class=\"wd-post-excerpt entry-content\">\n\t\t\t\t\t\tInwestowanie w nieruchomo\u015bci na Cyprze 2026 - czy to si\u0119 op\u0142aca?\r\nOff-plan, budowa, wynajem kr\u00f3tkoterminowy, podatki i strategie zwi\u0119kszaj\u0105ce ROI.\t\t\t\t\t<\/div>\n\t\t\t\t\n\t\t\t\t\t\t\t\t\t\t\t\t\t\t<div class=\"wd-post-read-more wd-style-link read-more-section\">\n\t\t\t\t\t\t<a class=\"\" href=\"https:\/\/emprocy.com\/de\/czy-warto-inwestowac-w-nieruchomosci-na-cyprze\/\">Continue reading<\/a>\t\t\t\t\t<\/div>\n\t\t\t\t\t\t\t\t\t\t\t\t\t<\/div>\n\t<\/div>\n<\/article>\n\n\t\t\t\t\t\t\t\t\t\t\t\t\t\t\n<article id=\"post-30549\" class=\"wd-post blog-design-masonry blog-post-loop blog-style-bg wd-add-shadow wd-col post-30549 post type-post status-publish format-standard has-post-thumbnail hentry category-blog category-cypr category-relokacja tag-relokacja-na-cypr\">\n\t<div class=\"wd-post-inner article-inner\">\n\t\t\t\t\t<div class=\"wd-post-thumb entry-header\">\n\t\t\t\t\t\t\t\t\t<div class=\"wd-post-img post-img-wrapp\">\n\t\t\t\t\t\t<img loading=\"lazy\" decoding=\"async\" width=\"1200\" height=\"800\" src=\"https:\/\/emprocy.com\/wp-content\/uploads\/2026\/01\/widok-na-morze-z-apartamentu-Pafos-Cypr.jpg\" class=\"attachment-large size-large\" alt=\"relokacja na Cypr 2026\" srcset=\"https:\/\/emprocy.com\/wp-content\/uploads\/2026\/01\/widok-na-morze-z-apartamentu-Pafos-Cypr.jpg 1200w, https:\/\/emprocy.com\/wp-content\/uploads\/2026\/01\/widok-na-morze-z-apartamentu-Pafos-Cypr-400x267.jpg 400w, https:\/\/emprocy.com\/wp-content\/uploads\/2026\/01\/widok-na-morze-z-apartamentu-Pafos-Cypr-768x512.jpg 768w\" sizes=\"auto, (max-width: 1200px) 100vw, 1200px\" \/>\t\t\t\t\t<\/div>\n\t\t\t\t\t\t\t\t\t\t<a class=\"wd-fill\" tabindex=\"-1\" href=\"https:\/\/emprocy.com\/de\/relokacja-na-cypr-kompletny-poradnik-2026\/\" aria-label=\"Link on post Relokacja na Cypr &#8211; kompletny poradnik 2026\"><\/a>\n\t\t\t\t\n\t\t\t\t\t\t\t\t\t\t\t\t<div class=\"wd-post-date wd-style-with-bg\">\n\t\t\t\t<span class=\"post-date-day\">\n\t\t\t\t\t05\t\t\t\t<\/span>\n\t\t\t\t<span class=\"post-date-month\">\n\t\t\t\t\tFeb.\t\t\t\t<\/span>\n\t\t\t<\/div>\n\t\t\t\t\t\t\t\t\t<\/div>\n\t\t\n\t\t<div class=\"wd-post-content article-body-container\">\n\t\t\t\t\t\t\t<div class=\"wd-post-cat wd-style-with-bg meta-post-categories\">\n\t\t\t\t\t<a href=\"https:\/\/emprocy.com\/de\/category\/blog\/\" rel=\"category tag\">Blog<\/a>, <a href=\"https:\/\/emprocy.com\/de\/category\/cypr\/\" rel=\"category tag\">Zypern<\/a>, <a href=\"https:\/\/emprocy.com\/de\/category\/relokacja\/\" rel=\"category tag\">Umsiedlung<\/a>\t\t\t\t<\/div>\n\t\t\t\n\t\t\t\t\t\t\t<h3 class=\"wd-post-title wd-entities-title title post-title\">\n\t\t\t\t\t<a href=\"https:\/\/emprocy.com\/de\/relokacja-na-cypr-kompletny-poradnik-2026\/\" rel=\"bookmark\">Umzug nach Zypern - ein vollst\u00e4ndiger Leitfaden 2026<\/a>\n\t\t\t\t<\/h3>\n\t\t\t\n\t\t\t\t\t\t\t<div class=\"wd-post-meta\">\n\t\t\t\t\t\t\t\t\t\t\t\t\t\t\t<div class=\"wd-post-author\">\n\t\t\t\t\t\t\t\t\t\t\t<span>Posted by<\/span>\n\t\t\n\t\t\t\t\t<img alt='author-avatar' src='https:\/\/secure.gravatar.com\/avatar\/272cc721ed3bf2adc89c5c9656b927b1aaab73545ded66e4781c1c37afe56d00?s=18&#038;d=mm&#038;r=g' srcset='https:\/\/secure.gravatar.com\/avatar\/272cc721ed3bf2adc89c5c9656b927b1aaab73545ded66e4781c1c37afe56d00?s=36&#038;d=mm&#038;r=g 2x' class='avatar avatar-18 photo' height='18' width='18' \/>\t\t\n\t\t\t\t\t<a href=\"https:\/\/emprocy.com\/de\/author\/administrator\/\" class=\"author\" rel=\"author\">Ewa Empro<\/a>\n\t\t\t\t\t\t\t\t\t<\/div>\n\t\t\t\t\t<div class=\"wd-modified-date\">\n\t\t\t\t\t\t\t\t<time class=\"updated\" datetime=\"2026-03-04T12:02:45+00:00\">\n\t\t\tM\u00e4rz 4, 2026\t\t<\/time>\n\t\t\t\t\t\t\t<\/div>\n\n\t\t\t\t\t\t\t\t\t\t\t<div tabindex=\"0\" class=\"wd-post-share wd-tltp\">\n\t\t\t\t\t\t\t<div class=\"tooltip top\">\n\t\t\t\t\t\t\t\t<div class=\"tooltip-inner\">\n\t\t\t\t\t\t\t\t\t\t\t\t<div\n\t\t\t\t\t\tclass=\"wd-social-icons wd-style-default wd-size-small social-share wd-shape-circle color-scheme-light text-center\">\n\t\t\t\t\n\t\t\t\t\n\t\t\t\t\t\t\t\t\t<a rel=\"noopener noreferrer nofollow\" href=\"https:\/\/www.facebook.com\/sharer\/sharer.php?u=https:\/\/emprocy.com\/de\/relokacja-na-cypr-kompletny-poradnik-2026\/\" target=\"_blank\" class=\"wd-social-icon social-facebook\" aria-label=\"Facebook social link\">\n\t\t\t\t\t\t<span class=\"wd-icon\"><\/span>\n\t\t\t\t\t\t\t\t\t\t\t<\/a>\n\t\t\t\t\n\t\t\t\t\t\t\t\t\t<a rel=\"noopener noreferrer nofollow\" href=\"https:\/\/x.com\/share?url=https:\/\/emprocy.com\/de\/relokacja-na-cypr-kompletny-poradnik-2026\/\" target=\"_blank\" class=\"wd-social-icon social-twitter\" aria-label=\"X social link\">\n\t\t\t\t\t\t<span class=\"wd-icon\"><\/span>\n\t\t\t\t\t\t\t\t\t\t\t<\/a>\n\t\t\t\t\n\t\t\t\t\n\t\t\t\t\n\t\t\t\t\n\t\t\t\t\n\t\t\t\t\n\t\t\t\t\t\t\t\t\t<a rel=\"noopener noreferrer nofollow\" href=\"https:\/\/pinterest.com\/pin\/create\/button\/?url=https:\/\/emprocy.com\/de\/relokacja-na-cypr-kompletny-poradnik-2026\/&media=https:\/\/emprocy.com\/wp-content\/uploads\/2026\/01\/widok-na-morze-z-apartamentu-Pafos-Cypr.jpg&description=Relokacja+na+Cypr+%26%238211%3B+kompletny+poradnik+2026\" target=\"_blank\" class=\"wd-social-icon social-pinterest\" aria-label=\"Pinterest social link\">\n\t\t\t\t\t\t<span class=\"wd-icon\"><\/span>\n\t\t\t\t\t\t\t\t\t\t\t<\/a>\n\t\t\t\t\n\t\t\t\t\n\t\t\t\t\t\t\t\t\t<a rel=\"noopener noreferrer nofollow\" href=\"https:\/\/www.linkedin.com\/shareArticle?mini=true&url=https:\/\/emprocy.com\/de\/relokacja-na-cypr-kompletny-poradnik-2026\/\" target=\"_blank\" class=\"wd-social-icon social-linkedin\" aria-label=\"Linkedin social link\">\n\t\t\t\t\t\t<span class=\"wd-icon\"><\/span>\n\t\t\t\t\t\t\t\t\t\t\t<\/a>\n\t\t\t\t\n\t\t\t\t\n\t\t\t\t\n\t\t\t\t\n\t\t\t\t\n\t\t\t\t\n\t\t\t\t\n\t\t\t\t\n\t\t\t\t\n\t\t\t\t\n\t\t\t\t\n\t\t\t\t\n\t\t\t\t\n\t\t\t\t\n\t\t\t\t\n\t\t\t\t\t\t\t\t\t<a rel=\"noopener noreferrer nofollow\" href=\"https:\/\/telegram.me\/share\/url?url=https:\/\/emprocy.com\/de\/relokacja-na-cypr-kompletny-poradnik-2026\/\" target=\"_blank\" class=\"wd-social-icon social-tg\" aria-label=\"Telegram social link\">\n\t\t\t\t\t\t<span class=\"wd-icon\"><\/span>\n\t\t\t\t\t\t\t\t\t\t\t<\/a>\n\t\t\t\t\n\t\t\t\t\n\t\t\t<\/div>\n\n\t\t\t\t\t\t\t\t\t\t<\/div>\n\t\t\t\t\t\t\t\t<div class=\"tooltip-arrow\"><\/div>\n\t\t\t\t\t\t\t<\/div>\n\t\t\t\t\t\t<\/div>\n\t\t\t\t\t\n\t\t\t\t\t\t\t\t\t<\/div>\n\t\t\t\n\t\t\t\t\t\t\t\t\t\t\t\t<div class=\"wd-post-excerpt entry-content\">\n\t\t\t\t\t\tRelokacja na Cypr to coraz popularniejszy wyb\u00f3r w\u015br\u00f3d os\u00f3b prywatnych i przedsi\u0119biorc\u00f3w z Polski oraz innych k...\t\t\t\t\t<\/div>\n\t\t\t\t\n\t\t\t\t\t\t\t\t\t\t\t\t\t\t<div class=\"wd-post-read-more wd-style-link read-more-section\">\n\t\t\t\t\t\t<a class=\"\" href=\"https:\/\/emprocy.com\/de\/relokacja-na-cypr-kompletny-poradnik-2026\/\">Continue reading<\/a>\t\t\t\t\t<\/div>\n\t\t\t\t\t\t\t\t\t\t\t\t\t<\/div>\n\t<\/div>\n<\/article>\n\n\t\t\t\t\t\t\t\t\t\t\t\t\t\t\n<article id=\"post-29680\" class=\"wd-post blog-design-masonry blog-post-loop blog-style-bg wd-add-shadow wd-col post-29680 post type-post status-publish format-standard has-post-thumbnail hentry category-blog category-inwestycje-na-cyprze category-rynek-nieruchomosci tag-najlepsze-miasta-cypr tag-off-plan-cypr tag-pafos-nieruchomosci tag-relokacja tag-roi-nieruchomosci tag-strategie-inwestycyjne tag-zycie-na-cyprze\">\n\t<div class=\"wd-post-inner article-inner\">\n\t\t\t\t\t<div class=\"wd-post-thumb entry-header\">\n\t\t\t\t\t\t\t\t\t<div class=\"wd-post-img post-img-wrapp\">\n\t\t\t\t\t\t<img loading=\"lazy\" decoding=\"async\" width=\"1201\" height=\"800\" src=\"https:\/\/emprocy.com\/wp-content\/uploads\/2026\/01\/1-1201x800.webp\" class=\"attachment-large size-large\" alt=\"Pafos na Cyprze \u2013 atrakcyjna lokalizacja inwestycyjna\" srcset=\"https:\/\/emprocy.com\/wp-content\/uploads\/2026\/01\/1-1201x800.webp 1201w, https:\/\/emprocy.com\/wp-content\/uploads\/2026\/01\/1-400x266.webp 400w, https:\/\/emprocy.com\/wp-content\/uploads\/2026\/01\/1-768x512.webp 768w, https:\/\/emprocy.com\/wp-content\/uploads\/2026\/01\/1-1536x1023.webp 1536w, https:\/\/emprocy.com\/wp-content\/uploads\/2026\/01\/1-430x286.webp 430w, https:\/\/emprocy.com\/wp-content\/uploads\/2026\/01\/1-700x466.webp 700w, https:\/\/emprocy.com\/wp-content\/uploads\/2026\/01\/1-150x100.webp 150w, https:\/\/emprocy.com\/wp-content\/uploads\/2026\/01\/1.webp 1920w\" sizes=\"auto, (max-width: 1201px) 100vw, 1201px\" \/>\t\t\t\t\t<\/div>\n\t\t\t\t\t\t\t\t\t\t<a class=\"wd-fill\" tabindex=\"-1\" href=\"https:\/\/emprocy.com\/de\/rynek-nieruchomosci-w-pafos-2026-trendy-i-strategie-inwestycyjne\/\" aria-label=\"Link on post Rynek nieruchomo\u015bci w Pafos 2026 &#8211; trendy i strategie inwestycyjne\"><\/a>\n\t\t\t\t\n\t\t\t\t\t\t\t\t\t\t\t\t<div class=\"wd-post-date wd-style-with-bg\">\n\t\t\t\t<span class=\"post-date-day\">\n\t\t\t\t\t02\t\t\t\t<\/span>\n\t\t\t\t<span class=\"post-date-month\">\n\t\t\t\t\tOkt.\t\t\t\t<\/span>\n\t\t\t<\/div>\n\t\t\t\t\t\t\t\t\t<\/div>\n\t\t\n\t\t<div class=\"wd-post-content article-body-container\">\n\t\t\t\t\t\t\t<div class=\"wd-post-cat wd-style-with-bg meta-post-categories\">\n\t\t\t\t\t<a href=\"https:\/\/emprocy.com\/de\/category\/blog\/\" rel=\"category tag\">Blog<\/a>, <a href=\"https:\/\/emprocy.com\/de\/category\/inwestycje-na-cyprze\/\" rel=\"category tag\">Investitionen in Zypern<\/a>, <a href=\"https:\/\/emprocy.com\/de\/category\/rynek-nieruchomosci\/\" rel=\"category tag\">Immobilienmarkt<\/a>\t\t\t\t<\/div>\n\t\t\t\n\t\t\t\t\t\t\t<h3 class=\"wd-post-title wd-entities-title title post-title\">\n\t\t\t\t\t<a href=\"https:\/\/emprocy.com\/de\/rynek-nieruchomosci-w-pafos-2026-trendy-i-strategie-inwestycyjne\/\" rel=\"bookmark\">Rynek nieruchomo\u015bci w Pafos 2026 &#8211; trendy i strategie inwestycyjne<\/a>\n\t\t\t\t<\/h3>\n\t\t\t\n\t\t\t\t\t\t\t<div class=\"wd-post-meta\">\n\t\t\t\t\t\t\t\t\t\t\t\t\t\t\t<div class=\"wd-post-author\">\n\t\t\t\t\t\t\t\t\t\t\t<span>Posted by<\/span>\n\t\t\n\t\t\t\t\t<img alt='author-avatar' src='https:\/\/secure.gravatar.com\/avatar\/decf384daac623f8c5fc4560c38ebc1de9ebe676e726affd62d0a43e9c45079a?s=18&#038;d=mm&#038;r=g' srcset='https:\/\/secure.gravatar.com\/avatar\/decf384daac623f8c5fc4560c38ebc1de9ebe676e726affd62d0a43e9c45079a?s=36&#038;d=mm&#038;r=g 2x' class='avatar avatar-18 photo' height='18' width='18' \/>\t\t\n\t\t\t\t\t<a href=\"https:\/\/emprocy.com\/de\/author\/admin\/\" class=\"author\" rel=\"author\">admin<\/a>\n\t\t\t\t\t\t\t\t\t<\/div>\n\t\t\t\t\t<div class=\"wd-modified-date\">\n\t\t\t\t\t\t\t\t<time class=\"updated\" datetime=\"2026-03-04T12:03:53+00:00\">\n\t\t\tM\u00e4rz 4, 2026\t\t<\/time>\n\t\t\t\t\t\t\t<\/div>\n\n\t\t\t\t\t\t\t\t\t\t\t<div tabindex=\"0\" class=\"wd-post-share wd-tltp\">\n\t\t\t\t\t\t\t<div class=\"tooltip top\">\n\t\t\t\t\t\t\t\t<div class=\"tooltip-inner\">\n\t\t\t\t\t\t\t\t\t\t\t\t<div\n\t\t\t\t\t\tclass=\"wd-social-icons wd-style-default wd-size-small social-share wd-shape-circle color-scheme-light text-center\">\n\t\t\t\t\n\t\t\t\t\n\t\t\t\t\t\t\t\t\t<a rel=\"noopener noreferrer nofollow\" href=\"https:\/\/www.facebook.com\/sharer\/sharer.php?u=https:\/\/emprocy.com\/de\/rynek-nieruchomosci-w-pafos-2026-trendy-i-strategie-inwestycyjne\/\" target=\"_blank\" class=\"wd-social-icon social-facebook\" aria-label=\"Facebook social link\">\n\t\t\t\t\t\t<span class=\"wd-icon\"><\/span>\n\t\t\t\t\t\t\t\t\t\t\t<\/a>\n\t\t\t\t\n\t\t\t\t\t\t\t\t\t<a rel=\"noopener noreferrer nofollow\" href=\"https:\/\/x.com\/share?url=https:\/\/emprocy.com\/de\/rynek-nieruchomosci-w-pafos-2026-trendy-i-strategie-inwestycyjne\/\" target=\"_blank\" class=\"wd-social-icon social-twitter\" aria-label=\"X social link\">\n\t\t\t\t\t\t<span class=\"wd-icon\"><\/span>\n\t\t\t\t\t\t\t\t\t\t\t<\/a>\n\t\t\t\t\n\t\t\t\t\n\t\t\t\t\n\t\t\t\t\n\t\t\t\t\n\t\t\t\t\n\t\t\t\t\t\t\t\t\t<a rel=\"noopener noreferrer nofollow\" href=\"https:\/\/pinterest.com\/pin\/create\/button\/?url=https:\/\/emprocy.com\/de\/rynek-nieruchomosci-w-pafos-2026-trendy-i-strategie-inwestycyjne\/&media=https:\/\/emprocy.com\/wp-content\/uploads\/2026\/01\/1.webp&description=Rynek+nieruchomo%C5%9Bci+w+Pafos+2026+%26%238211%3B+trendy+i+strategie+inwestycyjne\" target=\"_blank\" class=\"wd-social-icon social-pinterest\" aria-label=\"Pinterest social link\">\n\t\t\t\t\t\t<span class=\"wd-icon\"><\/span>\n\t\t\t\t\t\t\t\t\t\t\t<\/a>\n\t\t\t\t\n\t\t\t\t\n\t\t\t\t\t\t\t\t\t<a rel=\"noopener noreferrer nofollow\" href=\"https:\/\/www.linkedin.com\/shareArticle?mini=true&url=https:\/\/emprocy.com\/de\/rynek-nieruchomosci-w-pafos-2026-trendy-i-strategie-inwestycyjne\/\" target=\"_blank\" class=\"wd-social-icon social-linkedin\" aria-label=\"Linkedin social link\">\n\t\t\t\t\t\t<span class=\"wd-icon\"><\/span>\n\t\t\t\t\t\t\t\t\t\t\t<\/a>\n\t\t\t\t\n\t\t\t\t\n\t\t\t\t\n\t\t\t\t\n\t\t\t\t\n\t\t\t\t\n\t\t\t\t\n\t\t\t\t\n\t\t\t\t\n\t\t\t\t\n\t\t\t\t\n\t\t\t\t\n\t\t\t\t\n\t\t\t\t\n\t\t\t\t\n\t\t\t\t\t\t\t\t\t<a rel=\"noopener noreferrer nofollow\" href=\"https:\/\/telegram.me\/share\/url?url=https:\/\/emprocy.com\/de\/rynek-nieruchomosci-w-pafos-2026-trendy-i-strategie-inwestycyjne\/\" target=\"_blank\" class=\"wd-social-icon social-tg\" aria-label=\"Telegram social link\">\n\t\t\t\t\t\t<span class=\"wd-icon\"><\/span>\n\t\t\t\t\t\t\t\t\t\t\t<\/a>\n\t\t\t\t\n\t\t\t\t\n\t\t\t<\/div>\n\n\t\t\t\t\t\t\t\t\t\t<\/div>\n\t\t\t\t\t\t\t\t<div class=\"tooltip-arrow\"><\/div>\n\t\t\t\t\t\t\t<\/div>\n\t\t\t\t\t\t<\/div>\n\t\t\t\t\t\n\t\t\t\t\t\t\t\t\t<\/div>\n\t\t\t\n\t\t\t\t\t\t\t\t\t\t\t\t<div class=\"wd-post-excerpt entry-content\">\n\t\t\t\t\t\tCypr 2026 - jakie inwestycje b\u0119d\u0105 najbardziej op\u0142acalne? Dlaczego Pafos i dlaczego teraz?\r\nCypr to rynek, kt\u00f3r...\t\t\t\t\t<\/div>\n\t\t\t\t\n\t\t\t\t\t\t\t\t\t\t\t\t\t\t<div class=\"wd-post-read-more wd-style-link read-more-section\">\n\t\t\t\t\t\t<a class=\"\" href=\"https:\/\/emprocy.com\/de\/rynek-nieruchomosci-w-pafos-2026-trendy-i-strategie-inwestycyjne\/\">Continue reading<\/a>\t\t\t\t\t<\/div>\n\t\t\t\t\t\t\t\t\t\t\t\t\t<\/div>\n\t<\/div>\n<\/article>\n\n\t\t\t\t\t\t\t\t\t\t\t\t\t\t\n<article id=\"post-29687\" class=\"wd-post blog-design-masonry blog-post-loop blog-style-bg wd-add-shadow wd-col post-29687 post type-post status-publish format-standard has-post-thumbnail hentry category-aktualnosci-i-trendy category-blog category-relokacja-i-zycie-na-cyprze tag-cypr-jesienia tag-turystyka-cypr tag-zycie-na-cyprze\">\n\t<div class=\"wd-post-inner article-inner\">\n\t\t\t\t\t<div class=\"wd-post-thumb entry-header\">\n\t\t\t\t\t\t\t\t\t<div class=\"wd-post-img post-img-wrapp\">\n\t\t\t\t\t\t<img loading=\"lazy\" decoding=\"async\" width=\"1200\" height=\"800\" src=\"https:\/\/emprocy.com\/wp-content\/uploads\/2026\/01\/2-1200x800.webp\" class=\"attachment-large size-large\" alt=\"Pafos na Cyprze \u2013 atrakcyjna lokalizacja inwestycyjna\" srcset=\"https:\/\/emprocy.com\/wp-content\/uploads\/2026\/01\/2-1200x800.webp 1200w, https:\/\/emprocy.com\/wp-content\/uploads\/2026\/01\/2-400x267.webp 400w, https:\/\/emprocy.com\/wp-content\/uploads\/2026\/01\/2-768x512.webp 768w, https:\/\/emprocy.com\/wp-content\/uploads\/2026\/01\/2-430x287.webp 430w, https:\/\/emprocy.com\/wp-content\/uploads\/2026\/01\/2-700x467.webp 700w, https:\/\/emprocy.com\/wp-content\/uploads\/2026\/01\/2-150x100.webp 150w, https:\/\/emprocy.com\/wp-content\/uploads\/2026\/01\/2.webp 1536w\" sizes=\"auto, (max-width: 1200px) 100vw, 1200px\" \/>\t\t\t\t\t<\/div>\n\t\t\t\t\t\t\t\t\t\t<a class=\"wd-fill\" tabindex=\"-1\" href=\"https:\/\/emprocy.com\/de\/jesien-na-cyprze-zycie-nieruchomosci-i-turystyka\/\" aria-label=\"Link on post Jesie\u0144 na Cyprze \u2013 \u017cycie, nieruchomo\u015bci i turystyka\"><\/a>\n\t\t\t\t\n\t\t\t\t\t\t\t\t\t\t\t\t<div class=\"wd-post-date wd-style-with-bg\">\n\t\t\t\t<span class=\"post-date-day\">\n\t\t\t\t\t30\t\t\t\t<\/span>\n\t\t\t\t<span class=\"post-date-month\">\n\t\t\t\t\tSep.\t\t\t\t<\/span>\n\t\t\t<\/div>\n\t\t\t\t\t\t\t\t\t<\/div>\n\t\t\n\t\t<div class=\"wd-post-content article-body-container\">\n\t\t\t\t\t\t\t<div class=\"wd-post-cat wd-style-with-bg meta-post-categories\">\n\t\t\t\t\t<a href=\"https:\/\/emprocy.com\/de\/category\/aktualnosci-i-trendy\/\" rel=\"category tag\">Aktualno\u015bci i trendy<\/a>, <a href=\"https:\/\/emprocy.com\/de\/category\/blog\/\" rel=\"category tag\">Blog<\/a>, <a href=\"https:\/\/emprocy.com\/de\/category\/relokacja-i-zycie-na-cyprze\/\" rel=\"category tag\">Umsiedlung und Leben auf Zypern<\/a>\t\t\t\t<\/div>\n\t\t\t\n\t\t\t\t\t\t\t<h3 class=\"wd-post-title wd-entities-title title post-title\">\n\t\t\t\t\t<a href=\"https:\/\/emprocy.com\/de\/jesien-na-cyprze-zycie-nieruchomosci-i-turystyka\/\" rel=\"bookmark\">Jesie\u0144 na Cyprze \u2013 \u017cycie, nieruchomo\u015bci i turystyka<\/a>\n\t\t\t\t<\/h3>\n\t\t\t\n\t\t\t\t\t\t\t<div class=\"wd-post-meta\">\n\t\t\t\t\t\t\t\t\t\t\t\t\t\t\t<div class=\"wd-post-author\">\n\t\t\t\t\t\t\t\t\t\t\t<span>Posted by<\/span>\n\t\t\n\t\t\t\t\t<img alt='author-avatar' src='https:\/\/secure.gravatar.com\/avatar\/decf384daac623f8c5fc4560c38ebc1de9ebe676e726affd62d0a43e9c45079a?s=18&#038;d=mm&#038;r=g' srcset='https:\/\/secure.gravatar.com\/avatar\/decf384daac623f8c5fc4560c38ebc1de9ebe676e726affd62d0a43e9c45079a?s=36&#038;d=mm&#038;r=g 2x' class='avatar avatar-18 photo' height='18' width='18' \/>\t\t\n\t\t\t\t\t<a href=\"https:\/\/emprocy.com\/de\/author\/admin\/\" class=\"author\" rel=\"author\">admin<\/a>\n\t\t\t\t\t\t\t\t\t<\/div>\n\t\t\t\t\t<div class=\"wd-modified-date\">\n\t\t\t\t\t\t\t\t<time class=\"updated\" datetime=\"2026-03-04T12:06:10+00:00\">\n\t\t\tM\u00e4rz 4, 2026\t\t<\/time>\n\t\t\t\t\t\t\t<\/div>\n\n\t\t\t\t\t\t\t\t\t\t\t<div tabindex=\"0\" class=\"wd-post-share wd-tltp\">\n\t\t\t\t\t\t\t<div class=\"tooltip top\">\n\t\t\t\t\t\t\t\t<div class=\"tooltip-inner\">\n\t\t\t\t\t\t\t\t\t\t\t\t<div\n\t\t\t\t\t\tclass=\"wd-social-icons wd-style-default wd-size-small social-share wd-shape-circle color-scheme-light text-center\">\n\t\t\t\t\n\t\t\t\t\n\t\t\t\t\t\t\t\t\t<a rel=\"noopener noreferrer nofollow\" href=\"https:\/\/www.facebook.com\/sharer\/sharer.php?u=https:\/\/emprocy.com\/de\/jesien-na-cyprze-zycie-nieruchomosci-i-turystyka\/\" target=\"_blank\" class=\"wd-social-icon social-facebook\" aria-label=\"Facebook social link\">\n\t\t\t\t\t\t<span class=\"wd-icon\"><\/span>\n\t\t\t\t\t\t\t\t\t\t\t<\/a>\n\t\t\t\t\n\t\t\t\t\t\t\t\t\t<a rel=\"noopener noreferrer nofollow\" href=\"https:\/\/x.com\/share?url=https:\/\/emprocy.com\/de\/jesien-na-cyprze-zycie-nieruchomosci-i-turystyka\/\" target=\"_blank\" class=\"wd-social-icon social-twitter\" aria-label=\"X social link\">\n\t\t\t\t\t\t<span class=\"wd-icon\"><\/span>\n\t\t\t\t\t\t\t\t\t\t\t<\/a>\n\t\t\t\t\n\t\t\t\t\n\t\t\t\t\n\t\t\t\t\n\t\t\t\t\n\t\t\t\t\n\t\t\t\t\t\t\t\t\t<a rel=\"noopener noreferrer nofollow\" href=\"https:\/\/pinterest.com\/pin\/create\/button\/?url=https:\/\/emprocy.com\/de\/jesien-na-cyprze-zycie-nieruchomosci-i-turystyka\/&media=https:\/\/emprocy.com\/wp-content\/uploads\/2026\/01\/2.webp&description=Jesie%C5%84+na+Cyprze+%E2%80%93+%C5%BCycie%2C+nieruchomo%C5%9Bci+i+turystyka\" target=\"_blank\" class=\"wd-social-icon social-pinterest\" aria-label=\"Pinterest social link\">\n\t\t\t\t\t\t<span class=\"wd-icon\"><\/span>\n\t\t\t\t\t\t\t\t\t\t\t<\/a>\n\t\t\t\t\n\t\t\t\t\n\t\t\t\t\t\t\t\t\t<a rel=\"noopener noreferrer nofollow\" href=\"https:\/\/www.linkedin.com\/shareArticle?mini=true&url=https:\/\/emprocy.com\/de\/jesien-na-cyprze-zycie-nieruchomosci-i-turystyka\/\" target=\"_blank\" class=\"wd-social-icon social-linkedin\" aria-label=\"Linkedin social link\">\n\t\t\t\t\t\t<span class=\"wd-icon\"><\/span>\n\t\t\t\t\t\t\t\t\t\t\t<\/a>\n\t\t\t\t\n\t\t\t\t\n\t\t\t\t\n\t\t\t\t\n\t\t\t\t\n\t\t\t\t\n\t\t\t\t\n\t\t\t\t\n\t\t\t\t\n\t\t\t\t\n\t\t\t\t\n\t\t\t\t\n\t\t\t\t\n\t\t\t\t\n\t\t\t\t\n\t\t\t\t\t\t\t\t\t<a rel=\"noopener noreferrer nofollow\" href=\"https:\/\/telegram.me\/share\/url?url=https:\/\/emprocy.com\/de\/jesien-na-cyprze-zycie-nieruchomosci-i-turystyka\/\" target=\"_blank\" class=\"wd-social-icon social-tg\" aria-label=\"Telegram social link\">\n\t\t\t\t\t\t<span class=\"wd-icon\"><\/span>\n\t\t\t\t\t\t\t\t\t\t\t<\/a>\n\t\t\t\t\n\t\t\t\t\n\t\t\t<\/div>\n\n\t\t\t\t\t\t\t\t\t\t<\/div>\n\t\t\t\t\t\t\t\t<div class=\"tooltip-arrow\"><\/div>\n\t\t\t\t\t\t\t<\/div>\n\t\t\t\t\t\t<\/div>\n\t\t\t\t\t\n\t\t\t\t\t\t\t\t\t<\/div>\n\t\t\t\n\t\t\t\t\t\t\t\t\t\t\t\t<div class=\"wd-post-excerpt entry-content\">\n\t\t\t\t\t\tCypr jesieni\u0105 \u2013 dlaczego to idealny moment, aby odwiedzi\u0107 wysp\u0119 i zobaczy\u0107 nieruchomo\u015bci\r\nJesie\u0144 na Cyprze wyg...\t\t\t\t\t<\/div>\n\t\t\t\t\n\t\t\t\t\t\t\t\t\t\t\t\t\t\t<div class=\"wd-post-read-more wd-style-link read-more-section\">\n\t\t\t\t\t\t<a class=\"\" href=\"https:\/\/emprocy.com\/de\/jesien-na-cyprze-zycie-nieruchomosci-i-turystyka\/\">Continue reading<\/a>\t\t\t\t\t<\/div>\n\t\t\t\t\t\t\t\t\t\t\t\t\t<\/div>\n\t<\/div>\n<\/article>\n\n\t\t\t\t\t\t\t\t\t\t\t\t\t\t\n<article id=\"post-29718\" class=\"wd-post blog-design-masonry blog-post-loop blog-style-bg wd-add-shadow wd-col post-29718 post type-post status-publish format-standard has-post-thumbnail hentry category-blog category-poradniki-praktyczne category-relokacja-i-zycie-na-cyprze tag-najlepsze-miasta-cypr tag-relokacja tag-zycie-na-cyprze\">\n\t<div class=\"wd-post-inner article-inner\">\n\t\t\t\t\t<div class=\"wd-post-thumb entry-header\">\n\t\t\t\t\t\t\t\t\t<div class=\"wd-post-img post-img-wrapp\">\n\t\t\t\t\t\t<img loading=\"lazy\" decoding=\"async\" width=\"1300\" height=\"731\" src=\"https:\/\/emprocy.com\/wp-content\/uploads\/2026\/01\/7-1300x731.webp\" class=\"attachment-large size-large\" alt=\"\" srcset=\"https:\/\/emprocy.com\/wp-content\/uploads\/2026\/01\/7-1300x731.webp 1300w, https:\/\/emprocy.com\/wp-content\/uploads\/2026\/01\/7-400x225.webp 400w, https:\/\/emprocy.com\/wp-content\/uploads\/2026\/01\/7-768x432.webp 768w, https:\/\/emprocy.com\/wp-content\/uploads\/2026\/01\/7-1536x864.webp 1536w, https:\/\/emprocy.com\/wp-content\/uploads\/2026\/01\/7-430x242.webp 430w, https:\/\/emprocy.com\/wp-content\/uploads\/2026\/01\/7-700x394.webp 700w, https:\/\/emprocy.com\/wp-content\/uploads\/2026\/01\/7-150x84.webp 150w, https:\/\/emprocy.com\/wp-content\/uploads\/2026\/01\/7.webp 1600w\" sizes=\"auto, (max-width: 1300px) 100vw, 1300px\" \/>\t\t\t\t\t<\/div>\n\t\t\t\t\t\t\t\t\t\t<a class=\"wd-fill\" tabindex=\"-1\" href=\"https:\/\/emprocy.com\/de\/najlepsze-miasta-na-cyprze-do-zycia-i-inwetowania\/\" aria-label=\"Link on post Najlepsze miasta na Cyprze do \u017cycia i inwestowania\"><\/a>\n\t\t\t\t\n\t\t\t\t\t\t\t\t\t\t\t\t<div class=\"wd-post-date wd-style-with-bg\">\n\t\t\t\t<span class=\"post-date-day\">\n\t\t\t\t\t22\t\t\t\t<\/span>\n\t\t\t\t<span class=\"post-date-month\">\n\t\t\t\t\tAug.\t\t\t\t<\/span>\n\t\t\t<\/div>\n\t\t\t\t\t\t\t\t\t<\/div>\n\t\t\n\t\t<div class=\"wd-post-content article-body-container\">\n\t\t\t\t\t\t\t<div class=\"wd-post-cat wd-style-with-bg meta-post-categories\">\n\t\t\t\t\t<a href=\"https:\/\/emprocy.com\/de\/category\/blog\/\" rel=\"category tag\">Blog<\/a>, <a href=\"https:\/\/emprocy.com\/de\/category\/poradniki-praktyczne\/\" rel=\"category tag\">Praktische Leitf\u00e4den<\/a>, <a href=\"https:\/\/emprocy.com\/de\/category\/relokacja-i-zycie-na-cyprze\/\" rel=\"category tag\">Umsiedlung und Leben auf Zypern<\/a>\t\t\t\t<\/div>\n\t\t\t\n\t\t\t\t\t\t\t<h3 class=\"wd-post-title wd-entities-title title post-title\">\n\t\t\t\t\t<a href=\"https:\/\/emprocy.com\/de\/najlepsze-miasta-na-cyprze-do-zycia-i-inwetowania\/\" rel=\"bookmark\">Najlepsze miasta na Cyprze do \u017cycia i inwestowania<\/a>\n\t\t\t\t<\/h3>\n\t\t\t\n\t\t\t\t\t\t\t<div class=\"wd-post-meta\">\n\t\t\t\t\t\t\t\t\t\t\t\t\t\t\t<div class=\"wd-post-author\">\n\t\t\t\t\t\t\t\t\t\t\t<span>Posted by<\/span>\n\t\t\n\t\t\t\t\t<img alt='author-avatar' src='https:\/\/secure.gravatar.com\/avatar\/decf384daac623f8c5fc4560c38ebc1de9ebe676e726affd62d0a43e9c45079a?s=18&#038;d=mm&#038;r=g' srcset='https:\/\/secure.gravatar.com\/avatar\/decf384daac623f8c5fc4560c38ebc1de9ebe676e726affd62d0a43e9c45079a?s=36&#038;d=mm&#038;r=g 2x' class='avatar avatar-18 photo' height='18' width='18' \/>\t\t\n\t\t\t\t\t<a href=\"https:\/\/emprocy.com\/de\/author\/admin\/\" class=\"author\" rel=\"author\">admin<\/a>\n\t\t\t\t\t\t\t\t\t<\/div>\n\t\t\t\t\t<div class=\"wd-modified-date\">\n\t\t\t\t\t\t\t\t<time class=\"updated\" datetime=\"2026-03-04T12:08:58+00:00\">\n\t\t\tM\u00e4rz 4, 2026\t\t<\/time>\n\t\t\t\t\t\t\t<\/div>\n\n\t\t\t\t\t\t\t\t\t\t\t<div tabindex=\"0\" class=\"wd-post-share wd-tltp\">\n\t\t\t\t\t\t\t<div class=\"tooltip top\">\n\t\t\t\t\t\t\t\t<div class=\"tooltip-inner\">\n\t\t\t\t\t\t\t\t\t\t\t\t<div\n\t\t\t\t\t\tclass=\"wd-social-icons wd-style-default wd-size-small social-share wd-shape-circle color-scheme-light text-center\">\n\t\t\t\t\n\t\t\t\t\n\t\t\t\t\t\t\t\t\t<a rel=\"noopener noreferrer nofollow\" href=\"https:\/\/www.facebook.com\/sharer\/sharer.php?u=https:\/\/emprocy.com\/de\/najlepsze-miasta-na-cyprze-do-zycia-i-inwetowania\/\" target=\"_blank\" class=\"wd-social-icon social-facebook\" aria-label=\"Facebook social link\">\n\t\t\t\t\t\t<span class=\"wd-icon\"><\/span>\n\t\t\t\t\t\t\t\t\t\t\t<\/a>\n\t\t\t\t\n\t\t\t\t\t\t\t\t\t<a rel=\"noopener noreferrer nofollow\" href=\"https:\/\/x.com\/share?url=https:\/\/emprocy.com\/de\/najlepsze-miasta-na-cyprze-do-zycia-i-inwetowania\/\" target=\"_blank\" class=\"wd-social-icon social-twitter\" aria-label=\"X social link\">\n\t\t\t\t\t\t<span class=\"wd-icon\"><\/span>\n\t\t\t\t\t\t\t\t\t\t\t<\/a>\n\t\t\t\t\n\t\t\t\t\n\t\t\t\t\n\t\t\t\t\n\t\t\t\t\n\t\t\t\t\n\t\t\t\t\t\t\t\t\t<a rel=\"noopener noreferrer nofollow\" href=\"https:\/\/pinterest.com\/pin\/create\/button\/?url=https:\/\/emprocy.com\/de\/najlepsze-miasta-na-cyprze-do-zycia-i-inwetowania\/&media=https:\/\/emprocy.com\/wp-content\/uploads\/2026\/01\/7.webp&description=Najlepsze+miasta+na+Cyprze+do+%C5%BCycia+i+inwestowania\" target=\"_blank\" class=\"wd-social-icon social-pinterest\" aria-label=\"Pinterest social link\">\n\t\t\t\t\t\t<span class=\"wd-icon\"><\/span>\n\t\t\t\t\t\t\t\t\t\t\t<\/a>\n\t\t\t\t\n\t\t\t\t\n\t\t\t\t\t\t\t\t\t<a rel=\"noopener noreferrer nofollow\" href=\"https:\/\/www.linkedin.com\/shareArticle?mini=true&url=https:\/\/emprocy.com\/de\/najlepsze-miasta-na-cyprze-do-zycia-i-inwetowania\/\" target=\"_blank\" class=\"wd-social-icon social-linkedin\" aria-label=\"Linkedin social link\">\n\t\t\t\t\t\t<span class=\"wd-icon\"><\/span>\n\t\t\t\t\t\t\t\t\t\t\t<\/a>\n\t\t\t\t\n\t\t\t\t\n\t\t\t\t\n\t\t\t\t\n\t\t\t\t\n\t\t\t\t\n\t\t\t\t\n\t\t\t\t\n\t\t\t\t\n\t\t\t\t\n\t\t\t\t\n\t\t\t\t\n\t\t\t\t\n\t\t\t\t\n\t\t\t\t\n\t\t\t\t\t\t\t\t\t<a rel=\"noopener noreferrer nofollow\" href=\"https:\/\/telegram.me\/share\/url?url=https:\/\/emprocy.com\/de\/najlepsze-miasta-na-cyprze-do-zycia-i-inwetowania\/\" target=\"_blank\" class=\"wd-social-icon social-tg\" aria-label=\"Telegram social link\">\n\t\t\t\t\t\t<span class=\"wd-icon\"><\/span>\n\t\t\t\t\t\t\t\t\t\t\t<\/a>\n\t\t\t\t\n\t\t\t\t\n\t\t\t<\/div>\n\n\t\t\t\t\t\t\t\t\t\t<\/div>\n\t\t\t\t\t\t\t\t<div class=\"tooltip-arrow\"><\/div>\n\t\t\t\t\t\t\t<\/div>\n\t\t\t\t\t\t<\/div>\n\t\t\t\t\t\n\t\t\t\t\t\t\t\t\t<\/div>\n\t\t\t\n\t\t\t\t\t\t\t\t\t\t\t\t<div class=\"wd-post-excerpt entry-content\">\n\t\t\t\t\t\tNajlepsze miasta na Cyprze do \u017cycia i inwestowania \u2013 Pafos, Limassol, Larnaka, Nikozja\r\nCypr oferuje r\u00f3\u017cnorodn...\t\t\t\t\t<\/div>\n\t\t\t\t\n\t\t\t\t\t\t\t\t\t\t\t\t\t\t<div class=\"wd-post-read-more wd-style-link read-more-section\">\n\t\t\t\t\t\t<a class=\"\" href=\"https:\/\/emprocy.com\/de\/najlepsze-miasta-na-cyprze-do-zycia-i-inwetowania\/\">Continue reading<\/a>\t\t\t\t\t<\/div>\n\t\t\t\t\t\t\t\t\t\t\t\t\t<\/div>\n\t<\/div>\n<\/article>\n\n\t\t\t\t\t\t\t\t\t\t\t\t\t\t\n<article id=\"post-29712\" class=\"wd-post blog-design-masonry blog-post-loop blog-style-bg wd-add-shadow wd-col post-29712 post type-post status-publish format-standard has-post-thumbnail hentry category-blog category-inwestycje-na-cyprze category-rynek-nieruchomosci tag-inwestowanie-na-cyprze tag-rynek-pierwotny-cypr tag-rynek-wtorny-cypr\">\n\t<div class=\"wd-post-inner article-inner\">\n\t\t\t\t\t<div class=\"wd-post-thumb entry-header\">\n\t\t\t\t\t\t\t\t\t<div class=\"wd-post-img post-img-wrapp\">\n\t\t\t\t\t\t<img loading=\"lazy\" decoding=\"async\" width=\"1280\" height=\"720\" src=\"https:\/\/emprocy.com\/wp-content\/uploads\/2026\/01\/6.webp\" class=\"attachment-large size-large\" alt=\"rynek nieruchomosci na Cyprzei i Pafos\" srcset=\"https:\/\/emprocy.com\/wp-content\/uploads\/2026\/01\/6.webp 1280w, https:\/\/emprocy.com\/wp-content\/uploads\/2026\/01\/6-400x225.webp 400w, https:\/\/emprocy.com\/wp-content\/uploads\/2026\/01\/6-768x432.webp 768w, https:\/\/emprocy.com\/wp-content\/uploads\/2026\/01\/6-430x242.webp 430w, https:\/\/emprocy.com\/wp-content\/uploads\/2026\/01\/6-700x394.webp 700w, https:\/\/emprocy.com\/wp-content\/uploads\/2026\/01\/6-150x84.webp 150w\" sizes=\"auto, (max-width: 1280px) 100vw, 1280px\" \/>\t\t\t\t\t<\/div>\n\t\t\t\t\t\t\t\t\t\t<a class=\"wd-fill\" tabindex=\"-1\" href=\"https:\/\/emprocy.com\/de\/rynek-pierwotny-vs-wtorny-na-cyprze-przewodnik-inwestora\/\" aria-label=\"Link on post Rynek pierwotny vs wt\u00f3rny na Cyprze &#8211; przewodnik inwestora\"><\/a>\n\t\t\t\t\n\t\t\t\t\t\t\t\t\t\t\t\t<div class=\"wd-post-date wd-style-with-bg\">\n\t\t\t\t<span class=\"post-date-day\">\n\t\t\t\t\t22\t\t\t\t<\/span>\n\t\t\t\t<span class=\"post-date-month\">\n\t\t\t\t\tAug.\t\t\t\t<\/span>\n\t\t\t<\/div>\n\t\t\t\t\t\t\t\t\t<\/div>\n\t\t\n\t\t<div class=\"wd-post-content article-body-container\">\n\t\t\t\t\t\t\t<div class=\"wd-post-cat wd-style-with-bg meta-post-categories\">\n\t\t\t\t\t<a href=\"https:\/\/emprocy.com\/de\/category\/blog\/\" rel=\"category tag\">Blog<\/a>, <a href=\"https:\/\/emprocy.com\/de\/category\/inwestycje-na-cyprze\/\" rel=\"category tag\">Investitionen in Zypern<\/a>, <a href=\"https:\/\/emprocy.com\/de\/category\/rynek-nieruchomosci\/\" rel=\"category tag\">Immobilienmarkt<\/a>\t\t\t\t<\/div>\n\t\t\t\n\t\t\t\t\t\t\t<h3 class=\"wd-post-title wd-entities-title title post-title\">\n\t\t\t\t\t<a href=\"https:\/\/emprocy.com\/de\/rynek-pierwotny-vs-wtorny-na-cyprze-przewodnik-inwestora\/\" rel=\"bookmark\">Rynek pierwotny vs wt\u00f3rny na Cyprze &#8211; przewodnik inwestora<\/a>\n\t\t\t\t<\/h3>\n\t\t\t\n\t\t\t\t\t\t\t<div class=\"wd-post-meta\">\n\t\t\t\t\t\t\t\t\t\t\t\t\t\t\t<div class=\"wd-post-author\">\n\t\t\t\t\t\t\t\t\t\t\t<span>Posted by<\/span>\n\t\t\n\t\t\t\t\t<img alt='author-avatar' src='https:\/\/secure.gravatar.com\/avatar\/decf384daac623f8c5fc4560c38ebc1de9ebe676e726affd62d0a43e9c45079a?s=18&#038;d=mm&#038;r=g' srcset='https:\/\/secure.gravatar.com\/avatar\/decf384daac623f8c5fc4560c38ebc1de9ebe676e726affd62d0a43e9c45079a?s=36&#038;d=mm&#038;r=g 2x' class='avatar avatar-18 photo' height='18' width='18' \/>\t\t\n\t\t\t\t\t<a href=\"https:\/\/emprocy.com\/de\/author\/admin\/\" class=\"author\" rel=\"author\">admin<\/a>\n\t\t\t\t\t\t\t\t\t<\/div>\n\t\t\t\t\t<div class=\"wd-modified-date\">\n\t\t\t\t\t\t\t\t<time class=\"updated\" datetime=\"2026-03-04T12:10:27+00:00\">\n\t\t\tM\u00e4rz 4, 2026\t\t<\/time>\n\t\t\t\t\t\t\t<\/div>\n\n\t\t\t\t\t\t\t\t\t\t\t<div tabindex=\"0\" class=\"wd-post-share wd-tltp\">\n\t\t\t\t\t\t\t<div class=\"tooltip top\">\n\t\t\t\t\t\t\t\t<div class=\"tooltip-inner\">\n\t\t\t\t\t\t\t\t\t\t\t\t<div\n\t\t\t\t\t\tclass=\"wd-social-icons wd-style-default wd-size-small social-share wd-shape-circle color-scheme-light text-center\">\n\t\t\t\t\n\t\t\t\t\n\t\t\t\t\t\t\t\t\t<a rel=\"noopener noreferrer nofollow\" href=\"https:\/\/www.facebook.com\/sharer\/sharer.php?u=https:\/\/emprocy.com\/de\/rynek-pierwotny-vs-wtorny-na-cyprze-przewodnik-inwestora\/\" target=\"_blank\" class=\"wd-social-icon social-facebook\" aria-label=\"Facebook social link\">\n\t\t\t\t\t\t<span class=\"wd-icon\"><\/span>\n\t\t\t\t\t\t\t\t\t\t\t<\/a>\n\t\t\t\t\n\t\t\t\t\t\t\t\t\t<a rel=\"noopener noreferrer nofollow\" href=\"https:\/\/x.com\/share?url=https:\/\/emprocy.com\/de\/rynek-pierwotny-vs-wtorny-na-cyprze-przewodnik-inwestora\/\" target=\"_blank\" class=\"wd-social-icon social-twitter\" aria-label=\"X social link\">\n\t\t\t\t\t\t<span class=\"wd-icon\"><\/span>\n\t\t\t\t\t\t\t\t\t\t\t<\/a>\n\t\t\t\t\n\t\t\t\t\n\t\t\t\t\n\t\t\t\t\n\t\t\t\t\n\t\t\t\t\n\t\t\t\t\t\t\t\t\t<a rel=\"noopener noreferrer nofollow\" href=\"https:\/\/pinterest.com\/pin\/create\/button\/?url=https:\/\/emprocy.com\/de\/rynek-pierwotny-vs-wtorny-na-cyprze-przewodnik-inwestora\/&media=https:\/\/emprocy.com\/wp-content\/uploads\/2026\/01\/6.webp&description=Rynek+pierwotny+vs+wt%C3%B3rny+na+Cyprze+%26%238211%3B+przewodnik+inwestora\" target=\"_blank\" class=\"wd-social-icon social-pinterest\" aria-label=\"Pinterest social link\">\n\t\t\t\t\t\t<span class=\"wd-icon\"><\/span>\n\t\t\t\t\t\t\t\t\t\t\t<\/a>\n\t\t\t\t\n\t\t\t\t\n\t\t\t\t\t\t\t\t\t<a rel=\"noopener noreferrer nofollow\" href=\"https:\/\/www.linkedin.com\/shareArticle?mini=true&url=https:\/\/emprocy.com\/de\/rynek-pierwotny-vs-wtorny-na-cyprze-przewodnik-inwestora\/\" target=\"_blank\" class=\"wd-social-icon social-linkedin\" aria-label=\"Linkedin social link\">\n\t\t\t\t\t\t<span class=\"wd-icon\"><\/span>\n\t\t\t\t\t\t\t\t\t\t\t<\/a>\n\t\t\t\t\n\t\t\t\t\n\t\t\t\t\n\t\t\t\t\n\t\t\t\t\n\t\t\t\t\n\t\t\t\t\n\t\t\t\t\n\t\t\t\t\n\t\t\t\t\n\t\t\t\t\n\t\t\t\t\n\t\t\t\t\n\t\t\t\t\n\t\t\t\t\n\t\t\t\t\t\t\t\t\t<a rel=\"noopener noreferrer nofollow\" href=\"https:\/\/telegram.me\/share\/url?url=https:\/\/emprocy.com\/de\/rynek-pierwotny-vs-wtorny-na-cyprze-przewodnik-inwestora\/\" target=\"_blank\" class=\"wd-social-icon social-tg\" aria-label=\"Telegram social link\">\n\t\t\t\t\t\t<span class=\"wd-icon\"><\/span>\n\t\t\t\t\t\t\t\t\t\t\t<\/a>\n\t\t\t\t\n\t\t\t\t\n\t\t\t<\/div>\n\n\t\t\t\t\t\t\t\t\t\t<\/div>\n\t\t\t\t\t\t\t\t<div class=\"tooltip-arrow\"><\/div>\n\t\t\t\t\t\t\t<\/div>\n\t\t\t\t\t\t<\/div>\n\t\t\t\t\t\n\t\t\t\t\t\t\t\t\t<\/div>\n\t\t\t\n\t\t\t\t\t\t\t\t\t\t\t\t<div class=\"wd-post-excerpt entry-content\">\n\t\t\t\t\t\tRynek pierwotny a rynek wt\u00f3rny \u2013 co wybra\u0107 na Cyprze?\r\nRynek nieruchomo\u015bci na Cyprze oferuje szeroki wachlarz ...\t\t\t\t\t<\/div>\n\t\t\t\t\n\t\t\t\t\t\t\t\t\t\t\t\t\t\t<div class=\"wd-post-read-more wd-style-link read-more-section\">\n\t\t\t\t\t\t<a class=\"\" href=\"https:\/\/emprocy.com\/de\/rynek-pierwotny-vs-wtorny-na-cyprze-przewodnik-inwestora\/\">Continue reading<\/a>\t\t\t\t\t<\/div>\n\t\t\t\t\t\t\t\t\t\t\t\t\t<\/div>\n\t<\/div>\n<\/article>\n\n\t\t\t\t\t\t\t\t\t\t\t\t\t\t\n<article id=\"post-29706\" class=\"wd-post blog-design-masonry blog-post-loop blog-style-bg wd-add-shadow wd-col post-29706 post type-post status-publish format-standard has-post-thumbnail hentry category-blog category-poradniki-praktyczne category-relokacja-i-zycie-na-cyprze tag-koszty-zycia tag-relokacja tag-zycie-codzienne\">\n\t<div class=\"wd-post-inner article-inner\">\n\t\t\t\t\t<div class=\"wd-post-thumb entry-header\">\n\t\t\t\t\t\t\t\t\t<div class=\"wd-post-img post-img-wrapp\">\n\t\t\t\t\t\t<img loading=\"lazy\" decoding=\"async\" width=\"1256\" height=\"800\" src=\"https:\/\/emprocy.com\/wp-content\/uploads\/2026\/01\/5-1256x800.webp\" class=\"attachment-large size-large\" alt=\"Koszty \u017cycia na Cyprze - przewodnik dla relokuj\u0105cych si\u0119\" srcset=\"https:\/\/emprocy.com\/wp-content\/uploads\/2026\/01\/5-1256x800.webp 1256w, https:\/\/emprocy.com\/wp-content\/uploads\/2026\/01\/5-400x255.webp 400w, https:\/\/emprocy.com\/wp-content\/uploads\/2026\/01\/5-768x489.webp 768w, https:\/\/emprocy.com\/wp-content\/uploads\/2026\/01\/5-430x274.webp 430w, https:\/\/emprocy.com\/wp-content\/uploads\/2026\/01\/5-700x446.webp 700w, https:\/\/emprocy.com\/wp-content\/uploads\/2026\/01\/5-150x96.webp 150w, https:\/\/emprocy.com\/wp-content\/uploads\/2026\/01\/5.webp 1280w\" sizes=\"auto, (max-width: 1256px) 100vw, 1256px\" \/>\t\t\t\t\t<\/div>\n\t\t\t\t\t\t\t\t\t\t<a class=\"wd-fill\" tabindex=\"-1\" href=\"https:\/\/emprocy.com\/de\/koszty-zycia-na-cyprze-przewodnik-dla-relokujacych-sie\/\" aria-label=\"Link on post Koszty \u017cycia na Cyprze &#8211; przewodnik dla relokuj\u0105cych si\u0119\"><\/a>\n\t\t\t\t\n\t\t\t\t\t\t\t\t\t\t\t\t<div class=\"wd-post-date wd-style-with-bg\">\n\t\t\t\t<span class=\"post-date-day\">\n\t\t\t\t\t22\t\t\t\t<\/span>\n\t\t\t\t<span class=\"post-date-month\">\n\t\t\t\t\tAug.\t\t\t\t<\/span>\n\t\t\t<\/div>\n\t\t\t\t\t\t\t\t\t<\/div>\n\t\t\n\t\t<div class=\"wd-post-content article-body-container\">\n\t\t\t\t\t\t\t<div class=\"wd-post-cat wd-style-with-bg meta-post-categories\">\n\t\t\t\t\t<a href=\"https:\/\/emprocy.com\/de\/category\/blog\/\" rel=\"category tag\">Blog<\/a>, <a href=\"https:\/\/emprocy.com\/de\/category\/poradniki-praktyczne\/\" rel=\"category tag\">Praktische Leitf\u00e4den<\/a>, <a href=\"https:\/\/emprocy.com\/de\/category\/relokacja-i-zycie-na-cyprze\/\" rel=\"category tag\">Umsiedlung und Leben auf Zypern<\/a>\t\t\t\t<\/div>\n\t\t\t\n\t\t\t\t\t\t\t<h3 class=\"wd-post-title wd-entities-title title post-title\">\n\t\t\t\t\t<a href=\"https:\/\/emprocy.com\/de\/koszty-zycia-na-cyprze-przewodnik-dla-relokujacych-sie\/\" rel=\"bookmark\">Koszty \u017cycia na Cyprze &#8211; przewodnik dla relokuj\u0105cych si\u0119<\/a>\n\t\t\t\t<\/h3>\n\t\t\t\n\t\t\t\t\t\t\t<div class=\"wd-post-meta\">\n\t\t\t\t\t\t\t\t\t\t\t\t\t\t\t<div class=\"wd-post-author\">\n\t\t\t\t\t\t\t\t\t\t\t<span>Posted by<\/span>\n\t\t\n\t\t\t\t\t<img alt='author-avatar' src='https:\/\/secure.gravatar.com\/avatar\/decf384daac623f8c5fc4560c38ebc1de9ebe676e726affd62d0a43e9c45079a?s=18&#038;d=mm&#038;r=g' srcset='https:\/\/secure.gravatar.com\/avatar\/decf384daac623f8c5fc4560c38ebc1de9ebe676e726affd62d0a43e9c45079a?s=36&#038;d=mm&#038;r=g 2x' class='avatar avatar-18 photo' height='18' width='18' \/>\t\t\n\t\t\t\t\t<a href=\"https:\/\/emprocy.com\/de\/author\/admin\/\" class=\"author\" rel=\"author\">admin<\/a>\n\t\t\t\t\t\t\t\t\t<\/div>\n\t\t\t\t\t<div class=\"wd-modified-date\">\n\t\t\t\t\t\t\t\t<time class=\"updated\" datetime=\"2026-03-04T12:15:25+00:00\">\n\t\t\tM\u00e4rz 4, 2026\t\t<\/time>\n\t\t\t\t\t\t\t<\/div>\n\n\t\t\t\t\t\t\t\t\t\t\t<div tabindex=\"0\" class=\"wd-post-share wd-tltp\">\n\t\t\t\t\t\t\t<div class=\"tooltip top\">\n\t\t\t\t\t\t\t\t<div class=\"tooltip-inner\">\n\t\t\t\t\t\t\t\t\t\t\t\t<div\n\t\t\t\t\t\tclass=\"wd-social-icons wd-style-default wd-size-small social-share wd-shape-circle color-scheme-light text-center\">\n\t\t\t\t\n\t\t\t\t\n\t\t\t\t\t\t\t\t\t<a rel=\"noopener noreferrer nofollow\" href=\"https:\/\/www.facebook.com\/sharer\/sharer.php?u=https:\/\/emprocy.com\/de\/koszty-zycia-na-cyprze-przewodnik-dla-relokujacych-sie\/\" target=\"_blank\" class=\"wd-social-icon social-facebook\" aria-label=\"Facebook social link\">\n\t\t\t\t\t\t<span class=\"wd-icon\"><\/span>\n\t\t\t\t\t\t\t\t\t\t\t<\/a>\n\t\t\t\t\n\t\t\t\t\t\t\t\t\t<a rel=\"noopener noreferrer nofollow\" href=\"https:\/\/x.com\/share?url=https:\/\/emprocy.com\/de\/koszty-zycia-na-cyprze-przewodnik-dla-relokujacych-sie\/\" target=\"_blank\" class=\"wd-social-icon social-twitter\" aria-label=\"X social link\">\n\t\t\t\t\t\t<span class=\"wd-icon\"><\/span>\n\t\t\t\t\t\t\t\t\t\t\t<\/a>\n\t\t\t\t\n\t\t\t\t\n\t\t\t\t\n\t\t\t\t\n\t\t\t\t\n\t\t\t\t\n\t\t\t\t\t\t\t\t\t<a rel=\"noopener noreferrer nofollow\" href=\"https:\/\/pinterest.com\/pin\/create\/button\/?url=https:\/\/emprocy.com\/de\/koszty-zycia-na-cyprze-przewodnik-dla-relokujacych-sie\/&media=https:\/\/emprocy.com\/wp-content\/uploads\/2026\/01\/5.webp&description=Koszty+%C5%BCycia+na+Cyprze+%26%238211%3B+przewodnik+dla+relokuj%C4%85cych+si%C4%99\" target=\"_blank\" class=\"wd-social-icon social-pinterest\" aria-label=\"Pinterest social link\">\n\t\t\t\t\t\t<span class=\"wd-icon\"><\/span>\n\t\t\t\t\t\t\t\t\t\t\t<\/a>\n\t\t\t\t\n\t\t\t\t\n\t\t\t\t\t\t\t\t\t<a rel=\"noopener noreferrer nofollow\" href=\"https:\/\/www.linkedin.com\/shareArticle?mini=true&url=https:\/\/emprocy.com\/de\/koszty-zycia-na-cyprze-przewodnik-dla-relokujacych-sie\/\" target=\"_blank\" class=\"wd-social-icon social-linkedin\" aria-label=\"Linkedin social link\">\n\t\t\t\t\t\t<span class=\"wd-icon\"><\/span>\n\t\t\t\t\t\t\t\t\t\t\t<\/a>\n\t\t\t\t\n\t\t\t\t\n\t\t\t\t\n\t\t\t\t\n\t\t\t\t\n\t\t\t\t\n\t\t\t\t\n\t\t\t\t\n\t\t\t\t\n\t\t\t\t\n\t\t\t\t\n\t\t\t\t\n\t\t\t\t\n\t\t\t\t\n\t\t\t\t\n\t\t\t\t\t\t\t\t\t<a rel=\"noopener noreferrer nofollow\" href=\"https:\/\/telegram.me\/share\/url?url=https:\/\/emprocy.com\/de\/koszty-zycia-na-cyprze-przewodnik-dla-relokujacych-sie\/\" target=\"_blank\" class=\"wd-social-icon social-tg\" aria-label=\"Telegram social link\">\n\t\t\t\t\t\t<span class=\"wd-icon\"><\/span>\n\t\t\t\t\t\t\t\t\t\t\t<\/a>\n\t\t\t\t\n\t\t\t\t\n\t\t\t<\/div>\n\n\t\t\t\t\t\t\t\t\t\t<\/div>\n\t\t\t\t\t\t\t\t<div class=\"tooltip-arrow\"><\/div>\n\t\t\t\t\t\t\t<\/div>\n\t\t\t\t\t\t<\/div>\n\t\t\t\t\t\n\t\t\t\t\t\t\t\t\t<\/div>\n\t\t\t\n\t\t\t\t\t\t\t\t\t\t\t\t<div class=\"wd-post-excerpt entry-content\">\n\t\t\t\t\t\tIle kosztuj\u0105 zakupy spo\u017cywcze na Cyprze?\r\nJednym z najwa\u017cniejszych pyta\u0144 dla os\u00f3b planuj\u0105cych przeprowadzk\u0119 je...\t\t\t\t\t<\/div>\n\t\t\t\t\n\t\t\t\t\t\t\t\t\t\t\t\t\t\t<div class=\"wd-post-read-more wd-style-link read-more-section\">\n\t\t\t\t\t\t<a class=\"\" href=\"https:\/\/emprocy.com\/de\/koszty-zycia-na-cyprze-przewodnik-dla-relokujacych-sie\/\">Continue reading<\/a>\t\t\t\t\t<\/div>\n\t\t\t\t\t\t\t\t\t\t\t\t\t<\/div>\n\t<\/div>\n<\/article>\n\n\t\t\t\t\t\t\t\t\t\t\t\t\t\t\n<article id=\"post-29700\" class=\"wd-post blog-design-masonry blog-post-loop blog-style-bg wd-add-shadow wd-col post-29700 post type-post status-publish format-standard has-post-thumbnail hentry category-blog category-prawo-i-podatki category-relokacja-i-zycie-na-cyprze tag-formalnosci-pobytowe tag-relokacja-cypr tag-yellow-slip\">\n\t<div class=\"wd-post-inner article-inner\">\n\t\t\t\t\t<div class=\"wd-post-thumb entry-header\">\n\t\t\t\t\t\t\t\t\t<div class=\"wd-post-img post-img-wrapp\">\n\t\t\t\t\t\t<img loading=\"lazy\" decoding=\"async\" width=\"600\" height=\"382\" src=\"https:\/\/emprocy.com\/wp-content\/uploads\/2026\/01\/4.webp\" class=\"attachment-large size-large\" alt=\"jak uzyska\u0107 Yellow Slip na Cyprze\" srcset=\"https:\/\/emprocy.com\/wp-content\/uploads\/2026\/01\/4.webp 600w, https:\/\/emprocy.com\/wp-content\/uploads\/2026\/01\/4-400x255.webp 400w, https:\/\/emprocy.com\/wp-content\/uploads\/2026\/01\/4-430x274.webp 430w, https:\/\/emprocy.com\/wp-content\/uploads\/2026\/01\/4-150x96.webp 150w\" sizes=\"auto, (max-width: 600px) 100vw, 600px\" \/>\t\t\t\t\t<\/div>\n\t\t\t\t\t\t\t\t\t\t<a class=\"wd-fill\" tabindex=\"-1\" href=\"https:\/\/emprocy.com\/de\/yellow-slip-cypr-procedura-pobytu-i-formalnosci-krok-po-kroku\/\" aria-label=\"Link on post Yellow Slip Cypr &#8211; procedura pobytu i formalno\u015bci krok po kroku\"><\/a>\n\t\t\t\t\n\t\t\t\t\t\t\t\t\t\t\t\t<div class=\"wd-post-date wd-style-with-bg\">\n\t\t\t\t<span class=\"post-date-day\">\n\t\t\t\t\t22\t\t\t\t<\/span>\n\t\t\t\t<span class=\"post-date-month\">\n\t\t\t\t\tAug.\t\t\t\t<\/span>\n\t\t\t<\/div>\n\t\t\t\t\t\t\t\t\t<\/div>\n\t\t\n\t\t<div class=\"wd-post-content article-body-container\">\n\t\t\t\t\t\t\t<div class=\"wd-post-cat wd-style-with-bg meta-post-categories\">\n\t\t\t\t\t<a href=\"https:\/\/emprocy.com\/de\/category\/blog\/\" rel=\"category tag\">Blog<\/a>, <a href=\"https:\/\/emprocy.com\/de\/category\/prawo-i-podatki\/\" rel=\"category tag\">Prawo i podatki<\/a>, <a href=\"https:\/\/emprocy.com\/de\/category\/relokacja-i-zycie-na-cyprze\/\" rel=\"category tag\">Umsiedlung und Leben auf Zypern<\/a>\t\t\t\t<\/div>\n\t\t\t\n\t\t\t\t\t\t\t<h3 class=\"wd-post-title wd-entities-title title post-title\">\n\t\t\t\t\t<a href=\"https:\/\/emprocy.com\/de\/yellow-slip-cypr-procedura-pobytu-i-formalnosci-krok-po-kroku\/\" rel=\"bookmark\">Yellow Slip Cypr &#8211; procedura pobytu i formalno\u015bci krok po kroku<\/a>\n\t\t\t\t<\/h3>\n\t\t\t\n\t\t\t\t\t\t\t<div class=\"wd-post-meta\">\n\t\t\t\t\t\t\t\t\t\t\t\t\t\t\t<div class=\"wd-post-author\">\n\t\t\t\t\t\t\t\t\t\t\t<span>Posted by<\/span>\n\t\t\n\t\t\t\t\t<img alt='author-avatar' src='https:\/\/secure.gravatar.com\/avatar\/decf384daac623f8c5fc4560c38ebc1de9ebe676e726affd62d0a43e9c45079a?s=18&#038;d=mm&#038;r=g' srcset='https:\/\/secure.gravatar.com\/avatar\/decf384daac623f8c5fc4560c38ebc1de9ebe676e726affd62d0a43e9c45079a?s=36&#038;d=mm&#038;r=g 2x' class='avatar avatar-18 photo' height='18' width='18' \/>\t\t\n\t\t\t\t\t<a href=\"https:\/\/emprocy.com\/de\/author\/admin\/\" class=\"author\" rel=\"author\">admin<\/a>\n\t\t\t\t\t\t\t\t\t<\/div>\n\t\t\t\t\t<div class=\"wd-modified-date\">\n\t\t\t\t\t\t\t\t<time class=\"updated\" datetime=\"2026-02-05T12:41:12+00:00\">\n\t\t\t5. Februar 2026\t\t<\/time>\n\t\t\t\t\t\t\t<\/div>\n\n\t\t\t\t\t\t\t\t\t\t\t<div tabindex=\"0\" class=\"wd-post-share wd-tltp\">\n\t\t\t\t\t\t\t<div class=\"tooltip top\">\n\t\t\t\t\t\t\t\t<div class=\"tooltip-inner\">\n\t\t\t\t\t\t\t\t\t\t\t\t<div\n\t\t\t\t\t\tclass=\"wd-social-icons wd-style-default wd-size-small social-share wd-shape-circle color-scheme-light text-center\">\n\t\t\t\t\n\t\t\t\t\n\t\t\t\t\t\t\t\t\t<a rel=\"noopener noreferrer nofollow\" href=\"https:\/\/www.facebook.com\/sharer\/sharer.php?u=https:\/\/emprocy.com\/de\/yellow-slip-cypr-procedura-pobytu-i-formalnosci-krok-po-kroku\/\" target=\"_blank\" class=\"wd-social-icon social-facebook\" aria-label=\"Facebook social link\">\n\t\t\t\t\t\t<span class=\"wd-icon\"><\/span>\n\t\t\t\t\t\t\t\t\t\t\t<\/a>\n\t\t\t\t\n\t\t\t\t\t\t\t\t\t<a rel=\"noopener noreferrer nofollow\" href=\"https:\/\/x.com\/share?url=https:\/\/emprocy.com\/de\/yellow-slip-cypr-procedura-pobytu-i-formalnosci-krok-po-kroku\/\" target=\"_blank\" class=\"wd-social-icon social-twitter\" aria-label=\"X social link\">\n\t\t\t\t\t\t<span class=\"wd-icon\"><\/span>\n\t\t\t\t\t\t\t\t\t\t\t<\/a>\n\t\t\t\t\n\t\t\t\t\n\t\t\t\t\n\t\t\t\t\n\t\t\t\t\n\t\t\t\t\n\t\t\t\t\t\t\t\t\t<a rel=\"noopener noreferrer nofollow\" href=\"https:\/\/pinterest.com\/pin\/create\/button\/?url=https:\/\/emprocy.com\/de\/yellow-slip-cypr-procedura-pobytu-i-formalnosci-krok-po-kroku\/&media=https:\/\/emprocy.com\/wp-content\/uploads\/2026\/01\/4.webp&description=Yellow+Slip+Cypr+%26%238211%3B+procedura+pobytu+i+formalno%C5%9Bci+krok+po+kroku\" target=\"_blank\" class=\"wd-social-icon social-pinterest\" aria-label=\"Pinterest social link\">\n\t\t\t\t\t\t<span class=\"wd-icon\"><\/span>\n\t\t\t\t\t\t\t\t\t\t\t<\/a>\n\t\t\t\t\n\t\t\t\t\n\t\t\t\t\t\t\t\t\t<a rel=\"noopener noreferrer nofollow\" href=\"https:\/\/www.linkedin.com\/shareArticle?mini=true&url=https:\/\/emprocy.com\/de\/yellow-slip-cypr-procedura-pobytu-i-formalnosci-krok-po-kroku\/\" target=\"_blank\" class=\"wd-social-icon social-linkedin\" aria-label=\"Linkedin social link\">\n\t\t\t\t\t\t<span class=\"wd-icon\"><\/span>\n\t\t\t\t\t\t\t\t\t\t\t<\/a>\n\t\t\t\t\n\t\t\t\t\n\t\t\t\t\n\t\t\t\t\n\t\t\t\t\n\t\t\t\t\n\t\t\t\t\n\t\t\t\t\n\t\t\t\t\n\t\t\t\t\n\t\t\t\t\n\t\t\t\t\n\t\t\t\t\n\t\t\t\t\n\t\t\t\t\n\t\t\t\t\t\t\t\t\t<a rel=\"noopener noreferrer nofollow\" href=\"https:\/\/telegram.me\/share\/url?url=https:\/\/emprocy.com\/de\/yellow-slip-cypr-procedura-pobytu-i-formalnosci-krok-po-kroku\/\" target=\"_blank\" class=\"wd-social-icon social-tg\" aria-label=\"Telegram social link\">\n\t\t\t\t\t\t<span class=\"wd-icon\"><\/span>\n\t\t\t\t\t\t\t\t\t\t\t<\/a>\n\t\t\t\t\n\t\t\t\t\n\t\t\t<\/div>\n\n\t\t\t\t\t\t\t\t\t\t<\/div>\n\t\t\t\t\t\t\t\t<div class=\"tooltip-arrow\"><\/div>\n\t\t\t\t\t\t\t<\/div>\n\t\t\t\t\t\t<\/div>\n\t\t\t\t\t\n\t\t\t\t\t\t\t\t\t<\/div>\n\t\t\t\n\t\t\t\t\t\t\t\t\t\t\t\t<div class=\"wd-post-excerpt entry-content\">\n\t\t\t\t\t\tPrawo pobytu na Cyprze dla obywateli UE\r\nCypr jest atrakcyjnym miejscem do \u017cycia i inwestowania, dlatego wielu...\t\t\t\t\t<\/div>\n\t\t\t\t\n\t\t\t\t\t\t\t\t\t\t\t\t\t\t<div class=\"wd-post-read-more wd-style-link read-more-section\">\n\t\t\t\t\t\t<a class=\"\" href=\"https:\/\/emprocy.com\/de\/yellow-slip-cypr-procedura-pobytu-i-formalnosci-krok-po-kroku\/\">Continue reading<\/a>\t\t\t\t\t<\/div>\n\t\t\t\t\t\t\t\t\t\t\t\t\t<\/div>\n\t<\/div>\n<\/article>\n\n\t\t\t\t\t\t\t\t\t\t\t\t\t\t\n<article id=\"post-29693\" class=\"wd-post blog-design-masonry blog-post-loop blog-style-bg wd-add-shadow wd-col post-29693 post type-post status-publish format-standard has-post-thumbnail hentry category-blog category-inwestycje-na-cyprze category-prawo-i-podatki tag-biznes-na-cyprze tag-korzysci-podatkowe tag-relokacja-firm\">\n\t<div class=\"wd-post-inner article-inner\">\n\t\t\t\t\t<div class=\"wd-post-thumb entry-header\">\n\t\t\t\t\t\t\t\t\t<div class=\"wd-post-img post-img-wrapp\">\n\t\t\t\t\t\t<img loading=\"lazy\" decoding=\"async\" width=\"1067\" height=\"800\" src=\"https:\/\/emprocy.com\/wp-content\/uploads\/2026\/01\/3-1067x800.webp\" class=\"attachment-large size-large\" alt=\"Dlaczego firmy przenosz\u0105 si\u0119 na Cypr\" srcset=\"https:\/\/emprocy.com\/wp-content\/uploads\/2026\/01\/3-1067x800.webp 1067w, https:\/\/emprocy.com\/wp-content\/uploads\/2026\/01\/3-400x300.webp 400w, https:\/\/emprocy.com\/wp-content\/uploads\/2026\/01\/3-768x576.webp 768w, https:\/\/emprocy.com\/wp-content\/uploads\/2026\/01\/3-1536x1152.webp 1536w, https:\/\/emprocy.com\/wp-content\/uploads\/2026\/01\/3-430x323.webp 430w, https:\/\/emprocy.com\/wp-content\/uploads\/2026\/01\/3-700x525.webp 700w, https:\/\/emprocy.com\/wp-content\/uploads\/2026\/01\/3-150x113.webp 150w, https:\/\/emprocy.com\/wp-content\/uploads\/2026\/01\/3.webp 1920w\" sizes=\"auto, (max-width: 1067px) 100vw, 1067px\" \/>\t\t\t\t\t<\/div>\n\t\t\t\t\t\t\t\t\t\t<a class=\"wd-fill\" tabindex=\"-1\" href=\"https:\/\/emprocy.com\/de\/dlaczego-firmy-przenosza-sie-na-cypr-podatki-i-korzysci\/\" aria-label=\"Link on post Dlaczego firmy przenosz\u0105 si\u0119 na Cypr ?- podatki i korzy\u015bci\"><\/a>\n\t\t\t\t\n\t\t\t\t\t\t\t\t\t\t\t\t<div class=\"wd-post-date wd-style-with-bg\">\n\t\t\t\t<span class=\"post-date-day\">\n\t\t\t\t\t22\t\t\t\t<\/span>\n\t\t\t\t<span class=\"post-date-month\">\n\t\t\t\t\tAug.\t\t\t\t<\/span>\n\t\t\t<\/div>\n\t\t\t\t\t\t\t\t\t<\/div>\n\t\t\n\t\t<div class=\"wd-post-content article-body-container\">\n\t\t\t\t\t\t\t<div class=\"wd-post-cat wd-style-with-bg meta-post-categories\">\n\t\t\t\t\t<a href=\"https:\/\/emprocy.com\/de\/category\/blog\/\" rel=\"category tag\">Blog<\/a>, <a href=\"https:\/\/emprocy.com\/de\/category\/inwestycje-na-cyprze\/\" rel=\"category tag\">Investitionen in Zypern<\/a>, <a href=\"https:\/\/emprocy.com\/de\/category\/prawo-i-podatki\/\" rel=\"category tag\">Prawo i podatki<\/a>\t\t\t\t<\/div>\n\t\t\t\n\t\t\t\t\t\t\t<h3 class=\"wd-post-title wd-entities-title title post-title\">\n\t\t\t\t\t<a href=\"https:\/\/emprocy.com\/de\/dlaczego-firmy-przenosza-sie-na-cypr-podatki-i-korzysci\/\" rel=\"bookmark\">Dlaczego firmy przenosz\u0105 si\u0119 na Cypr ?- podatki i korzy\u015bci<\/a>\n\t\t\t\t<\/h3>\n\t\t\t\n\t\t\t\t\t\t\t<div class=\"wd-post-meta\">\n\t\t\t\t\t\t\t\t\t\t\t\t\t\t\t<div class=\"wd-post-author\">\n\t\t\t\t\t\t\t\t\t\t\t<span>Posted by<\/span>\n\t\t\n\t\t\t\t\t<img alt='author-avatar' src='https:\/\/secure.gravatar.com\/avatar\/decf384daac623f8c5fc4560c38ebc1de9ebe676e726affd62d0a43e9c45079a?s=18&#038;d=mm&#038;r=g' srcset='https:\/\/secure.gravatar.com\/avatar\/decf384daac623f8c5fc4560c38ebc1de9ebe676e726affd62d0a43e9c45079a?s=36&#038;d=mm&#038;r=g 2x' class='avatar avatar-18 photo' height='18' width='18' \/>\t\t\n\t\t\t\t\t<a href=\"https:\/\/emprocy.com\/de\/author\/admin\/\" class=\"author\" rel=\"author\">admin<\/a>\n\t\t\t\t\t\t\t\t\t<\/div>\n\t\t\t\t\t<div class=\"wd-modified-date\">\n\t\t\t\t\t\t\t\t<time class=\"updated\" datetime=\"2026-02-05T12:56:15+00:00\">\n\t\t\t5. Februar 2026\t\t<\/time>\n\t\t\t\t\t\t\t<\/div>\n\n\t\t\t\t\t\t\t\t\t\t\t<div tabindex=\"0\" class=\"wd-post-share wd-tltp\">\n\t\t\t\t\t\t\t<div class=\"tooltip top\">\n\t\t\t\t\t\t\t\t<div class=\"tooltip-inner\">\n\t\t\t\t\t\t\t\t\t\t\t\t<div\n\t\t\t\t\t\tclass=\"wd-social-icons wd-style-default wd-size-small social-share wd-shape-circle color-scheme-light text-center\">\n\t\t\t\t\n\t\t\t\t\n\t\t\t\t\t\t\t\t\t<a rel=\"noopener noreferrer nofollow\" href=\"https:\/\/www.facebook.com\/sharer\/sharer.php?u=https:\/\/emprocy.com\/de\/dlaczego-firmy-przenosza-sie-na-cypr-podatki-i-korzysci\/\" target=\"_blank\" class=\"wd-social-icon social-facebook\" aria-label=\"Facebook social link\">\n\t\t\t\t\t\t<span class=\"wd-icon\"><\/span>\n\t\t\t\t\t\t\t\t\t\t\t<\/a>\n\t\t\t\t\n\t\t\t\t\t\t\t\t\t<a rel=\"noopener noreferrer nofollow\" href=\"https:\/\/x.com\/share?url=https:\/\/emprocy.com\/de\/dlaczego-firmy-przenosza-sie-na-cypr-podatki-i-korzysci\/\" target=\"_blank\" class=\"wd-social-icon social-twitter\" aria-label=\"X social link\">\n\t\t\t\t\t\t<span class=\"wd-icon\"><\/span>\n\t\t\t\t\t\t\t\t\t\t\t<\/a>\n\t\t\t\t\n\t\t\t\t\n\t\t\t\t\n\t\t\t\t\n\t\t\t\t\n\t\t\t\t\n\t\t\t\t\t\t\t\t\t<a rel=\"noopener noreferrer nofollow\" href=\"https:\/\/pinterest.com\/pin\/create\/button\/?url=https:\/\/emprocy.com\/de\/dlaczego-firmy-przenosza-sie-na-cypr-podatki-i-korzysci\/&media=https:\/\/emprocy.com\/wp-content\/uploads\/2026\/01\/3.webp&description=Dlaczego+firmy+przenosz%C4%85+si%C4%99+na+Cypr+%3F-+podatki+i+korzy%C5%9Bci\" target=\"_blank\" class=\"wd-social-icon social-pinterest\" aria-label=\"Pinterest social link\">\n\t\t\t\t\t\t<span class=\"wd-icon\"><\/span>\n\t\t\t\t\t\t\t\t\t\t\t<\/a>\n\t\t\t\t\n\t\t\t\t\n\t\t\t\t\t\t\t\t\t<a rel=\"noopener noreferrer nofollow\" href=\"https:\/\/www.linkedin.com\/shareArticle?mini=true&url=https:\/\/emprocy.com\/de\/dlaczego-firmy-przenosza-sie-na-cypr-podatki-i-korzysci\/\" target=\"_blank\" class=\"wd-social-icon social-linkedin\" aria-label=\"Linkedin social link\">\n\t\t\t\t\t\t<span class=\"wd-icon\"><\/span>\n\t\t\t\t\t\t\t\t\t\t\t<\/a>\n\t\t\t\t\n\t\t\t\t\n\t\t\t\t\n\t\t\t\t\n\t\t\t\t\n\t\t\t\t\n\t\t\t\t\n\t\t\t\t\n\t\t\t\t\n\t\t\t\t\n\t\t\t\t\n\t\t\t\t\n\t\t\t\t\n\t\t\t\t\n\t\t\t\t\n\t\t\t\t\t\t\t\t\t<a rel=\"noopener noreferrer nofollow\" href=\"https:\/\/telegram.me\/share\/url?url=https:\/\/emprocy.com\/de\/dlaczego-firmy-przenosza-sie-na-cypr-podatki-i-korzysci\/\" target=\"_blank\" class=\"wd-social-icon social-tg\" aria-label=\"Telegram social link\">\n\t\t\t\t\t\t<span class=\"wd-icon\"><\/span>\n\t\t\t\t\t\t\t\t\t\t\t<\/a>\n\t\t\t\t\n\t\t\t\t\n\t\t\t<\/div>\n\n\t\t\t\t\t\t\t\t\t\t<\/div>\n\t\t\t\t\t\t\t\t<div class=\"tooltip-arrow\"><\/div>\n\t\t\t\t\t\t\t<\/div>\n\t\t\t\t\t\t<\/div>\n\t\t\t\t\t\n\t\t\t\t\t\t\t\t\t<\/div>\n\t\t\t\n\t\t\t\t\t\t\t\t\t\t\t\t<div class=\"wd-post-excerpt entry-content\">\n\t\t\t\t\t\tCypr \u2013 korzy\u015bci podatkowe i biznesowe\r\nCypr od lat jest jednym z najbardziej atrakcyjnych kierunk\u00f3w dla przeds...\t\t\t\t\t<\/div>\n\t\t\t\t\n\t\t\t\t\t\t\t\t\t\t\t\t\t\t<div class=\"wd-post-read-more wd-style-link read-more-section\">\n\t\t\t\t\t\t<a class=\"\" href=\"https:\/\/emprocy.com\/de\/dlaczego-firmy-przenosza-sie-na-cypr-podatki-i-korzysci\/\">Continue reading<\/a>\t\t\t\t\t<\/div>\n\t\t\t\t\t\t\t\t\t\t\t\t\t<\/div>\n\t<\/div>\n<\/article>\n\n\t\t\t\t\t\t\t\t\t\t\t\t\t\t\n<article id=\"post-29776\" class=\"wd-post blog-design-masonry blog-post-loop blog-style-bg wd-add-shadow wd-col post-29776 post type-post status-publish format-standard has-post-thumbnail hentry category-blog category-prawo-i-podatki category-rynek-nieruchomosci tag-inwestycje-cypr tag-podatki-wynajem-cypr tag-wynajem-krotkoterminowy\">\n\t<div class=\"wd-post-inner article-inner\">\n\t\t\t\t\t<div class=\"wd-post-thumb entry-header\">\n\t\t\t\t\t\t\t\t\t<div class=\"wd-post-img post-img-wrapp\">\n\t\t\t\t\t\t<img loading=\"lazy\" decoding=\"async\" width=\"1135\" height=\"800\" src=\"https:\/\/emprocy.com\/wp-content\/uploads\/2026\/01\/14-1135x800.webp\" class=\"attachment-large size-large\" alt=\"Podatki od wynajmu nieruchomo\u015bci na Cyprze\" srcset=\"https:\/\/emprocy.com\/wp-content\/uploads\/2026\/01\/14-1135x800.webp 1135w, https:\/\/emprocy.com\/wp-content\/uploads\/2026\/01\/14-400x282.webp 400w, https:\/\/emprocy.com\/wp-content\/uploads\/2026\/01\/14-768x541.webp 768w, https:\/\/emprocy.com\/wp-content\/uploads\/2026\/01\/14-1536x1082.webp 1536w, https:\/\/emprocy.com\/wp-content\/uploads\/2026\/01\/14-430x303.webp 430w, https:\/\/emprocy.com\/wp-content\/uploads\/2026\/01\/14-700x493.webp 700w, https:\/\/emprocy.com\/wp-content\/uploads\/2026\/01\/14-150x106.webp 150w, https:\/\/emprocy.com\/wp-content\/uploads\/2026\/01\/14.webp 1920w\" sizes=\"auto, (max-width: 1135px) 100vw, 1135px\" \/>\t\t\t\t\t<\/div>\n\t\t\t\t\t\t\t\t\t\t<a class=\"wd-fill\" tabindex=\"-1\" href=\"https:\/\/emprocy.com\/de\/podatki-od-wynajmu-nieruchomosci-na-cyprze-stawki-i-przepisy\/\" aria-label=\"Link on post Podatki od wynajmu nieruchomo\u015bci na Cyprze &#8211; stawki i przepisy\"><\/a>\n\t\t\t\t\n\t\t\t\t\t\t\t\t\t\t\t\t<div class=\"wd-post-date wd-style-with-bg\">\n\t\t\t\t<span class=\"post-date-day\">\n\t\t\t\t\t14\t\t\t\t<\/span>\n\t\t\t\t<span class=\"post-date-month\">\n\t\t\t\t\tAug.\t\t\t\t<\/span>\n\t\t\t<\/div>\n\t\t\t\t\t\t\t\t\t<\/div>\n\t\t\n\t\t<div class=\"wd-post-content article-body-container\">\n\t\t\t\t\t\t\t<div class=\"wd-post-cat wd-style-with-bg meta-post-categories\">\n\t\t\t\t\t<a href=\"https:\/\/emprocy.com\/de\/category\/blog\/\" rel=\"category tag\">Blog<\/a>, <a href=\"https:\/\/emprocy.com\/de\/category\/prawo-i-podatki\/\" rel=\"category tag\">Prawo i podatki<\/a>, <a href=\"https:\/\/emprocy.com\/de\/category\/rynek-nieruchomosci\/\" rel=\"category tag\">Immobilienmarkt<\/a>\t\t\t\t<\/div>\n\t\t\t\n\t\t\t\t\t\t\t<h3 class=\"wd-post-title wd-entities-title title post-title\">\n\t\t\t\t\t<a href=\"https:\/\/emprocy.com\/de\/podatki-od-wynajmu-nieruchomosci-na-cyprze-stawki-i-przepisy\/\" rel=\"bookmark\">Podatki od wynajmu nieruchomo\u015bci na Cyprze &#8211; stawki i przepisy<\/a>\n\t\t\t\t<\/h3>\n\t\t\t\n\t\t\t\t\t\t\t<div class=\"wd-post-meta\">\n\t\t\t\t\t\t\t\t\t\t\t\t\t\t\t<div class=\"wd-post-author\">\n\t\t\t\t\t\t\t\t\t\t\t<span>Posted by<\/span>\n\t\t\n\t\t\t\t\t<img alt='author-avatar' src='https:\/\/secure.gravatar.com\/avatar\/decf384daac623f8c5fc4560c38ebc1de9ebe676e726affd62d0a43e9c45079a?s=18&#038;d=mm&#038;r=g' srcset='https:\/\/secure.gravatar.com\/avatar\/decf384daac623f8c5fc4560c38ebc1de9ebe676e726affd62d0a43e9c45079a?s=36&#038;d=mm&#038;r=g 2x' class='avatar avatar-18 photo' height='18' width='18' \/>\t\t\n\t\t\t\t\t<a href=\"https:\/\/emprocy.com\/de\/author\/admin\/\" class=\"author\" rel=\"author\">admin<\/a>\n\t\t\t\t\t\t\t\t\t<\/div>\n\t\t\t\t\t<div class=\"wd-modified-date\">\n\t\t\t\t\t\t\t\t<time class=\"updated\" datetime=\"2026-02-05T12:58:59+00:00\">\n\t\t\t5. Februar 2026\t\t<\/time>\n\t\t\t\t\t\t\t<\/div>\n\n\t\t\t\t\t\t\t\t\t\t\t<div tabindex=\"0\" class=\"wd-post-share wd-tltp\">\n\t\t\t\t\t\t\t<div class=\"tooltip top\">\n\t\t\t\t\t\t\t\t<div class=\"tooltip-inner\">\n\t\t\t\t\t\t\t\t\t\t\t\t<div\n\t\t\t\t\t\tclass=\"wd-social-icons wd-style-default wd-size-small social-share wd-shape-circle color-scheme-light text-center\">\n\t\t\t\t\n\t\t\t\t\n\t\t\t\t\t\t\t\t\t<a rel=\"noopener noreferrer nofollow\" href=\"https:\/\/www.facebook.com\/sharer\/sharer.php?u=https:\/\/emprocy.com\/de\/podatki-od-wynajmu-nieruchomosci-na-cyprze-stawki-i-przepisy\/\" target=\"_blank\" class=\"wd-social-icon social-facebook\" aria-label=\"Facebook social link\">\n\t\t\t\t\t\t<span class=\"wd-icon\"><\/span>\n\t\t\t\t\t\t\t\t\t\t\t<\/a>\n\t\t\t\t\n\t\t\t\t\t\t\t\t\t<a rel=\"noopener noreferrer nofollow\" href=\"https:\/\/x.com\/share?url=https:\/\/emprocy.com\/de\/podatki-od-wynajmu-nieruchomosci-na-cyprze-stawki-i-przepisy\/\" target=\"_blank\" class=\"wd-social-icon social-twitter\" aria-label=\"X social link\">\n\t\t\t\t\t\t<span class=\"wd-icon\"><\/span>\n\t\t\t\t\t\t\t\t\t\t\t<\/a>\n\t\t\t\t\n\t\t\t\t\n\t\t\t\t\n\t\t\t\t\n\t\t\t\t\n\t\t\t\t\n\t\t\t\t\t\t\t\t\t<a rel=\"noopener noreferrer nofollow\" href=\"https:\/\/pinterest.com\/pin\/create\/button\/?url=https:\/\/emprocy.com\/de\/podatki-od-wynajmu-nieruchomosci-na-cyprze-stawki-i-przepisy\/&media=https:\/\/emprocy.com\/wp-content\/uploads\/2026\/01\/14.webp&description=Podatki+od+wynajmu+nieruchomo%C5%9Bci+na+Cyprze+%26%238211%3B+stawki+i+przepisy\" target=\"_blank\" class=\"wd-social-icon social-pinterest\" aria-label=\"Pinterest social link\">\n\t\t\t\t\t\t<span class=\"wd-icon\"><\/span>\n\t\t\t\t\t\t\t\t\t\t\t<\/a>\n\t\t\t\t\n\t\t\t\t\n\t\t\t\t\t\t\t\t\t<a rel=\"noopener noreferrer nofollow\" href=\"https:\/\/www.linkedin.com\/shareArticle?mini=true&url=https:\/\/emprocy.com\/de\/podatki-od-wynajmu-nieruchomosci-na-cyprze-stawki-i-przepisy\/\" target=\"_blank\" class=\"wd-social-icon social-linkedin\" aria-label=\"Linkedin social link\">\n\t\t\t\t\t\t<span class=\"wd-icon\"><\/span>\n\t\t\t\t\t\t\t\t\t\t\t<\/a>\n\t\t\t\t\n\t\t\t\t\n\t\t\t\t\n\t\t\t\t\n\t\t\t\t\n\t\t\t\t\n\t\t\t\t\n\t\t\t\t\n\t\t\t\t\n\t\t\t\t\n\t\t\t\t\n\t\t\t\t\n\t\t\t\t\n\t\t\t\t\n\t\t\t\t\n\t\t\t\t\t\t\t\t\t<a rel=\"noopener noreferrer nofollow\" href=\"https:\/\/telegram.me\/share\/url?url=https:\/\/emprocy.com\/de\/podatki-od-wynajmu-nieruchomosci-na-cyprze-stawki-i-przepisy\/\" target=\"_blank\" class=\"wd-social-icon social-tg\" aria-label=\"Telegram social link\">\n\t\t\t\t\t\t<span class=\"wd-icon\"><\/span>\n\t\t\t\t\t\t\t\t\t\t\t<\/a>\n\t\t\t\t\n\t\t\t\t\n\t\t\t<\/div>\n\n\t\t\t\t\t\t\t\t\t\t<\/div>\n\t\t\t\t\t\t\t\t<div class=\"tooltip-arrow\"><\/div>\n\t\t\t\t\t\t\t<\/div>\n\t\t\t\t\t\t<\/div>\n\t\t\t\t\t\n\t\t\t\t\t\t\t\t\t<\/div>\n\t\t\t\n\t\t\t\t\t\t\t\t\t\t\t\t<div class=\"wd-post-excerpt entry-content\">\n\t\t\t\t\t\tPodatki od wynajmu nieruchomo\u015bci na Cyprze \u2013 przewodnik dla w\u0142a\u015bcicieli\r\nCypr to atrakcyjny kierunek dla inwes...\t\t\t\t\t<\/div>\n\t\t\t\t\n\t\t\t\t\t\t\t\t\t\t\t\t\t\t<div class=\"wd-post-read-more wd-style-link read-more-section\">\n\t\t\t\t\t\t<a class=\"\" href=\"https:\/\/emprocy.com\/de\/podatki-od-wynajmu-nieruchomosci-na-cyprze-stawki-i-przepisy\/\">Continue reading<\/a>\t\t\t\t\t<\/div>\n\t\t\t\t\t\t\t\t\t\t\t\t\t<\/div>\n\t<\/div>\n<\/article>\n\n\t\t\t\t\t\t\t\t\t\t\t\t\t\t\n<article id=\"post-29770\" class=\"wd-post blog-design-masonry blog-post-loop blog-style-bg wd-add-shadow wd-col post-29770 post type-post status-publish format-standard has-post-thumbnail hentry category-blog category-poradniki-praktyczne category-relokacja-i-zycie-na-cyprze tag-edukacja-cypr tag-relokacja-rodzina\">\n\t<div class=\"wd-post-inner article-inner\">\n\t\t\t\t\t<div class=\"wd-post-thumb entry-header\">\n\t\t\t\t\t\t\t\t\t<div class=\"wd-post-img post-img-wrapp\">\n\t\t\t\t\t\t<img loading=\"lazy\" decoding=\"async\" width=\"1199\" height=\"800\" src=\"https:\/\/emprocy.com\/wp-content\/uploads\/2026\/01\/13-1199x800.webp\" class=\"attachment-large size-large\" alt=\"edukacja na Cyprze praktyczny poradnik\" srcset=\"https:\/\/emprocy.com\/wp-content\/uploads\/2026\/01\/13-1199x800.webp 1199w, https:\/\/emprocy.com\/wp-content\/uploads\/2026\/01\/13-400x267.webp 400w, https:\/\/emprocy.com\/wp-content\/uploads\/2026\/01\/13-768x512.webp 768w, https:\/\/emprocy.com\/wp-content\/uploads\/2026\/01\/13-1536x1025.webp 1536w, https:\/\/emprocy.com\/wp-content\/uploads\/2026\/01\/13-430x287.webp 430w, https:\/\/emprocy.com\/wp-content\/uploads\/2026\/01\/13-700x467.webp 700w, https:\/\/emprocy.com\/wp-content\/uploads\/2026\/01\/13-150x100.webp 150w, https:\/\/emprocy.com\/wp-content\/uploads\/2026\/01\/13.webp 1920w\" sizes=\"auto, (max-width: 1199px) 100vw, 1199px\" \/>\t\t\t\t\t<\/div>\n\t\t\t\t\t\t\t\t\t\t<a class=\"wd-fill\" tabindex=\"-1\" href=\"https:\/\/emprocy.com\/de\/edukacja-na-cyprze-szkoly-i-system-edukacyjny-2026\/\" aria-label=\"Link on post Edukacja na Cyprze \u2013 szko\u0142y i system edukacyjny 2026\"><\/a>\n\t\t\t\t\n\t\t\t\t\t\t\t\t\t\t\t\t<div class=\"wd-post-date wd-style-with-bg\">\n\t\t\t\t<span class=\"post-date-day\">\n\t\t\t\t\t14\t\t\t\t<\/span>\n\t\t\t\t<span class=\"post-date-month\">\n\t\t\t\t\tAug.\t\t\t\t<\/span>\n\t\t\t<\/div>\n\t\t\t\t\t\t\t\t\t<\/div>\n\t\t\n\t\t<div class=\"wd-post-content article-body-container\">\n\t\t\t\t\t\t\t<div class=\"wd-post-cat wd-style-with-bg meta-post-categories\">\n\t\t\t\t\t<a href=\"https:\/\/emprocy.com\/de\/category\/blog\/\" rel=\"category tag\">Blog<\/a>, <a href=\"https:\/\/emprocy.com\/de\/category\/poradniki-praktyczne\/\" rel=\"category tag\">Praktische Leitf\u00e4den<\/a>, <a href=\"https:\/\/emprocy.com\/de\/category\/relokacja-i-zycie-na-cyprze\/\" rel=\"category tag\">Umsiedlung und Leben auf Zypern<\/a>\t\t\t\t<\/div>\n\t\t\t\n\t\t\t\t\t\t\t<h3 class=\"wd-post-title wd-entities-title title post-title\">\n\t\t\t\t\t<a href=\"https:\/\/emprocy.com\/de\/edukacja-na-cyprze-szkoly-i-system-edukacyjny-2026\/\" rel=\"bookmark\">Bildung in Zypern - Schulen und das Bildungssystem 2026<\/a>\n\t\t\t\t<\/h3>\n\t\t\t\n\t\t\t\t\t\t\t<div class=\"wd-post-meta\">\n\t\t\t\t\t\t\t\t\t\t\t\t\t\t\t<div class=\"wd-post-author\">\n\t\t\t\t\t\t\t\t\t\t\t<span>Posted by<\/span>\n\t\t\n\t\t\t\t\t<img alt='author-avatar' src='https:\/\/secure.gravatar.com\/avatar\/decf384daac623f8c5fc4560c38ebc1de9ebe676e726affd62d0a43e9c45079a?s=18&#038;d=mm&#038;r=g' srcset='https:\/\/secure.gravatar.com\/avatar\/decf384daac623f8c5fc4560c38ebc1de9ebe676e726affd62d0a43e9c45079a?s=36&#038;d=mm&#038;r=g 2x' class='avatar avatar-18 photo' height='18' width='18' \/>\t\t\n\t\t\t\t\t<a href=\"https:\/\/emprocy.com\/de\/author\/admin\/\" class=\"author\" rel=\"author\">admin<\/a>\n\t\t\t\t\t\t\t\t\t<\/div>\n\t\t\t\t\t<div class=\"wd-modified-date\">\n\t\t\t\t\t\t\t\t<time class=\"updated\" datetime=\"2026-02-05T12:36:03+00:00\">\n\t\t\t5. Februar 2026\t\t<\/time>\n\t\t\t\t\t\t\t<\/div>\n\n\t\t\t\t\t\t\t\t\t\t\t<div tabindex=\"0\" class=\"wd-post-share wd-tltp\">\n\t\t\t\t\t\t\t<div class=\"tooltip top\">\n\t\t\t\t\t\t\t\t<div class=\"tooltip-inner\">\n\t\t\t\t\t\t\t\t\t\t\t\t<div\n\t\t\t\t\t\tclass=\"wd-social-icons wd-style-default wd-size-small social-share wd-shape-circle color-scheme-light text-center\">\n\t\t\t\t\n\t\t\t\t\n\t\t\t\t\t\t\t\t\t<a rel=\"noopener noreferrer nofollow\" href=\"https:\/\/www.facebook.com\/sharer\/sharer.php?u=https:\/\/emprocy.com\/de\/edukacja-na-cyprze-szkoly-i-system-edukacyjny-2026\/\" target=\"_blank\" class=\"wd-social-icon social-facebook\" aria-label=\"Facebook social link\">\n\t\t\t\t\t\t<span class=\"wd-icon\"><\/span>\n\t\t\t\t\t\t\t\t\t\t\t<\/a>\n\t\t\t\t\n\t\t\t\t\t\t\t\t\t<a rel=\"noopener noreferrer nofollow\" href=\"https:\/\/x.com\/share?url=https:\/\/emprocy.com\/de\/edukacja-na-cyprze-szkoly-i-system-edukacyjny-2026\/\" target=\"_blank\" class=\"wd-social-icon social-twitter\" aria-label=\"X social link\">\n\t\t\t\t\t\t<span class=\"wd-icon\"><\/span>\n\t\t\t\t\t\t\t\t\t\t\t<\/a>\n\t\t\t\t\n\t\t\t\t\n\t\t\t\t\n\t\t\t\t\n\t\t\t\t\n\t\t\t\t\n\t\t\t\t\t\t\t\t\t<a rel=\"noopener noreferrer nofollow\" href=\"https:\/\/pinterest.com\/pin\/create\/button\/?url=https:\/\/emprocy.com\/de\/edukacja-na-cyprze-szkoly-i-system-edukacyjny-2026\/&media=https:\/\/emprocy.com\/wp-content\/uploads\/2026\/01\/13.webp&description=Edukacja+na+Cyprze+%E2%80%93+szko%C5%82y+i+system+edukacyjny+2026\" target=\"_blank\" class=\"wd-social-icon social-pinterest\" aria-label=\"Pinterest social link\">\n\t\t\t\t\t\t<span class=\"wd-icon\"><\/span>\n\t\t\t\t\t\t\t\t\t\t\t<\/a>\n\t\t\t\t\n\t\t\t\t\n\t\t\t\t\t\t\t\t\t<a rel=\"noopener noreferrer nofollow\" href=\"https:\/\/www.linkedin.com\/shareArticle?mini=true&url=https:\/\/emprocy.com\/de\/edukacja-na-cyprze-szkoly-i-system-edukacyjny-2026\/\" target=\"_blank\" class=\"wd-social-icon social-linkedin\" aria-label=\"Linkedin social link\">\n\t\t\t\t\t\t<span class=\"wd-icon\"><\/span>\n\t\t\t\t\t\t\t\t\t\t\t<\/a>\n\t\t\t\t\n\t\t\t\t\n\t\t\t\t\n\t\t\t\t\n\t\t\t\t\n\t\t\t\t\n\t\t\t\t\n\t\t\t\t\n\t\t\t\t\n\t\t\t\t\n\t\t\t\t\n\t\t\t\t\n\t\t\t\t\n\t\t\t\t\n\t\t\t\t\n\t\t\t\t\t\t\t\t\t<a rel=\"noopener noreferrer nofollow\" href=\"https:\/\/telegram.me\/share\/url?url=https:\/\/emprocy.com\/de\/edukacja-na-cyprze-szkoly-i-system-edukacyjny-2026\/\" target=\"_blank\" class=\"wd-social-icon social-tg\" aria-label=\"Telegram social link\">\n\t\t\t\t\t\t<span class=\"wd-icon\"><\/span>\n\t\t\t\t\t\t\t\t\t\t\t<\/a>\n\t\t\t\t\n\t\t\t\t\n\t\t\t<\/div>\n\n\t\t\t\t\t\t\t\t\t\t<\/div>\n\t\t\t\t\t\t\t\t<div class=\"tooltip-arrow\"><\/div>\n\t\t\t\t\t\t\t<\/div>\n\t\t\t\t\t\t<\/div>\n\t\t\t\t\t\n\t\t\t\t\t\t\t\t\t<\/div>\n\t\t\t\n\t\t\t\t\t\t\t\t\t\t\t\t<div class=\"wd-post-excerpt entry-content\">\n\t\t\t\t\t\tSzko\u0142y publiczne i prywatne\r\nCypr jest popularnym kierunkiem przeprowadzek dla rodzin z dzie\u0107mi. Jednym z najw...\t\t\t\t\t<\/div>\n\t\t\t\t\n\t\t\t\t\t\t\t\t\t\t\t\t\t\t<div class=\"wd-post-read-more wd-style-link read-more-section\">\n\t\t\t\t\t\t<a class=\"\" href=\"https:\/\/emprocy.com\/de\/edukacja-na-cyprze-szkoly-i-system-edukacyjny-2026\/\">Continue reading<\/a>\t\t\t\t\t<\/div>\n\t\t\t\t\t\t\t\t\t\t\t\t\t<\/div>\n\t<\/div>\n<\/article>\n\n\t\t\t\t\t\t\t\t\t\t\t\t\t\t\n<article id=\"post-29759\" class=\"wd-post blog-design-masonry blog-post-loop blog-style-bg wd-add-shadow wd-col post-29759 post type-post status-publish format-standard has-post-thumbnail hentry category-blog category-poradniki-praktyczne category-relokacja-i-zycie-na-cyprze tag-transport-cypr tag-zycie-codzienne\">\n\t<div class=\"wd-post-inner article-inner\">\n\t\t\t\t\t<div class=\"wd-post-thumb entry-header\">\n\t\t\t\t\t\t\t\t\t<div class=\"wd-post-img post-img-wrapp\">\n\t\t\t\t\t\t<img loading=\"lazy\" decoding=\"async\" width=\"1200\" height=\"800\" src=\"https:\/\/emprocy.com\/wp-content\/uploads\/2025\/08\/transport-publiczny-na-Cyprze-Pafos.jpg\" class=\"attachment-large size-large\" alt=\"transport publiczny na Cyprze Pafos\" srcset=\"https:\/\/emprocy.com\/wp-content\/uploads\/2025\/08\/transport-publiczny-na-Cyprze-Pafos.jpg 1200w, https:\/\/emprocy.com\/wp-content\/uploads\/2025\/08\/transport-publiczny-na-Cyprze-Pafos-400x267.jpg 400w, https:\/\/emprocy.com\/wp-content\/uploads\/2025\/08\/transport-publiczny-na-Cyprze-Pafos-768x512.jpg 768w\" sizes=\"auto, (max-width: 1200px) 100vw, 1200px\" \/>\t\t\t\t\t<\/div>\n\t\t\t\t\t\t\t\t\t\t<a class=\"wd-fill\" tabindex=\"-1\" href=\"https:\/\/emprocy.com\/de\/transport-publiczny-na-cyprze-przewodnik-2026\/\" aria-label=\"Link on post Transport publiczny na Cyprze &#8211; przewodnik 2026\"><\/a>\n\t\t\t\t\n\t\t\t\t\t\t\t\t\t\t\t\t<div class=\"wd-post-date wd-style-with-bg\">\n\t\t\t\t<span class=\"post-date-day\">\n\t\t\t\t\t14\t\t\t\t<\/span>\n\t\t\t\t<span class=\"post-date-month\">\n\t\t\t\t\tAug.\t\t\t\t<\/span>\n\t\t\t<\/div>\n\t\t\t\t\t\t\t\t\t<\/div>\n\t\t\n\t\t<div class=\"wd-post-content article-body-container\">\n\t\t\t\t\t\t\t<div class=\"wd-post-cat wd-style-with-bg meta-post-categories\">\n\t\t\t\t\t<a href=\"https:\/\/emprocy.com\/de\/category\/blog\/\" rel=\"category tag\">Blog<\/a>, <a href=\"https:\/\/emprocy.com\/de\/category\/poradniki-praktyczne\/\" rel=\"category tag\">Praktische Leitf\u00e4den<\/a>, <a href=\"https:\/\/emprocy.com\/de\/category\/relokacja-i-zycie-na-cyprze\/\" rel=\"category tag\">Umsiedlung und Leben auf Zypern<\/a>\t\t\t\t<\/div>\n\t\t\t\n\t\t\t\t\t\t\t<h3 class=\"wd-post-title wd-entities-title title post-title\">\n\t\t\t\t\t<a href=\"https:\/\/emprocy.com\/de\/transport-publiczny-na-cyprze-przewodnik-2026\/\" rel=\"bookmark\">Transport publiczny na Cyprze &#8211; przewodnik 2026<\/a>\n\t\t\t\t<\/h3>\n\t\t\t\n\t\t\t\t\t\t\t<div class=\"wd-post-meta\">\n\t\t\t\t\t\t\t\t\t\t\t\t\t\t\t<div class=\"wd-post-author\">\n\t\t\t\t\t\t\t\t\t\t\t<span>Posted by<\/span>\n\t\t\n\t\t\t\t\t<img alt='author-avatar' src='https:\/\/secure.gravatar.com\/avatar\/decf384daac623f8c5fc4560c38ebc1de9ebe676e726affd62d0a43e9c45079a?s=18&#038;d=mm&#038;r=g' srcset='https:\/\/secure.gravatar.com\/avatar\/decf384daac623f8c5fc4560c38ebc1de9ebe676e726affd62d0a43e9c45079a?s=36&#038;d=mm&#038;r=g 2x' class='avatar avatar-18 photo' height='18' width='18' \/>\t\t\n\t\t\t\t\t<a href=\"https:\/\/emprocy.com\/de\/author\/admin\/\" class=\"author\" rel=\"author\">admin<\/a>\n\t\t\t\t\t\t\t\t\t<\/div>\n\t\t\t\t\t<div class=\"wd-modified-date\">\n\t\t\t\t\t\t\t\t<time class=\"updated\" datetime=\"2026-02-05T14:00:30+00:00\">\n\t\t\t5. Februar 2026\t\t<\/time>\n\t\t\t\t\t\t\t<\/div>\n\n\t\t\t\t\t\t\t\t\t\t\t<div tabindex=\"0\" class=\"wd-post-share wd-tltp\">\n\t\t\t\t\t\t\t<div class=\"tooltip top\">\n\t\t\t\t\t\t\t\t<div class=\"tooltip-inner\">\n\t\t\t\t\t\t\t\t\t\t\t\t<div\n\t\t\t\t\t\tclass=\"wd-social-icons wd-style-default wd-size-small social-share wd-shape-circle color-scheme-light text-center\">\n\t\t\t\t\n\t\t\t\t\n\t\t\t\t\t\t\t\t\t<a rel=\"noopener noreferrer nofollow\" href=\"https:\/\/www.facebook.com\/sharer\/sharer.php?u=https:\/\/emprocy.com\/de\/transport-publiczny-na-cyprze-przewodnik-2026\/\" target=\"_blank\" class=\"wd-social-icon social-facebook\" aria-label=\"Facebook social link\">\n\t\t\t\t\t\t<span class=\"wd-icon\"><\/span>\n\t\t\t\t\t\t\t\t\t\t\t<\/a>\n\t\t\t\t\n\t\t\t\t\t\t\t\t\t<a rel=\"noopener noreferrer nofollow\" href=\"https:\/\/x.com\/share?url=https:\/\/emprocy.com\/de\/transport-publiczny-na-cyprze-przewodnik-2026\/\" target=\"_blank\" class=\"wd-social-icon social-twitter\" aria-label=\"X social link\">\n\t\t\t\t\t\t<span class=\"wd-icon\"><\/span>\n\t\t\t\t\t\t\t\t\t\t\t<\/a>\n\t\t\t\t\n\t\t\t\t\n\t\t\t\t\n\t\t\t\t\n\t\t\t\t\n\t\t\t\t\n\t\t\t\t\t\t\t\t\t<a rel=\"noopener noreferrer nofollow\" href=\"https:\/\/pinterest.com\/pin\/create\/button\/?url=https:\/\/emprocy.com\/de\/transport-publiczny-na-cyprze-przewodnik-2026\/&media=https:\/\/emprocy.com\/wp-content\/uploads\/2025\/08\/transport-publiczny-na-Cyprze-Pafos.jpg&description=Transport+publiczny+na+Cyprze+%26%238211%3B+przewodnik+2026\" target=\"_blank\" class=\"wd-social-icon social-pinterest\" aria-label=\"Pinterest social link\">\n\t\t\t\t\t\t<span class=\"wd-icon\"><\/span>\n\t\t\t\t\t\t\t\t\t\t\t<\/a>\n\t\t\t\t\n\t\t\t\t\n\t\t\t\t\t\t\t\t\t<a rel=\"noopener noreferrer nofollow\" href=\"https:\/\/www.linkedin.com\/shareArticle?mini=true&url=https:\/\/emprocy.com\/de\/transport-publiczny-na-cyprze-przewodnik-2026\/\" target=\"_blank\" class=\"wd-social-icon social-linkedin\" aria-label=\"Linkedin social link\">\n\t\t\t\t\t\t<span class=\"wd-icon\"><\/span>\n\t\t\t\t\t\t\t\t\t\t\t<\/a>\n\t\t\t\t\n\t\t\t\t\n\t\t\t\t\n\t\t\t\t\n\t\t\t\t\n\t\t\t\t\n\t\t\t\t\n\t\t\t\t\n\t\t\t\t\n\t\t\t\t\n\t\t\t\t\n\t\t\t\t\n\t\t\t\t\n\t\t\t\t\n\t\t\t\t\n\t\t\t\t\t\t\t\t\t<a rel=\"noopener noreferrer nofollow\" href=\"https:\/\/telegram.me\/share\/url?url=https:\/\/emprocy.com\/de\/transport-publiczny-na-cyprze-przewodnik-2026\/\" target=\"_blank\" class=\"wd-social-icon social-tg\" aria-label=\"Telegram social link\">\n\t\t\t\t\t\t<span class=\"wd-icon\"><\/span>\n\t\t\t\t\t\t\t\t\t\t\t<\/a>\n\t\t\t\t\n\t\t\t\t\n\t\t\t<\/div>\n\n\t\t\t\t\t\t\t\t\t\t<\/div>\n\t\t\t\t\t\t\t\t<div class=\"tooltip-arrow\"><\/div>\n\t\t\t\t\t\t\t<\/div>\n\t\t\t\t\t\t<\/div>\n\t\t\t\t\t\n\t\t\t\t\t\t\t\t\t<\/div>\n\t\t\t\n\t\t\t\t\t\t\t\t\t\t\t\t<div class=\"wd-post-excerpt entry-content\">\n\t\t\t\t\t\tTransport publiczny na Cyprze to temat, kt\u00f3ry interesuje zar\u00f3wno osoby planuj\u0105ce relokacj\u0119, jak i turyst\u00f3w ora...\t\t\t\t\t<\/div>\n\t\t\t\t\n\t\t\t\t\t\t\t\t\t\t\t\t\t\t<div class=\"wd-post-read-more wd-style-link read-more-section\">\n\t\t\t\t\t\t<a class=\"\" href=\"https:\/\/emprocy.com\/de\/transport-publiczny-na-cyprze-przewodnik-2026\/\">Continue reading<\/a>\t\t\t\t\t<\/div>\n\t\t\t\t\t\t\t\t\t\t\t\t\t<\/div>\n\t<\/div>\n<\/article>\n\n\t\t\t\t\t\t\t\t\t\t\t\t\t\t\n<article id=\"post-29753\" class=\"wd-post blog-design-masonry blog-post-loop blog-style-bg wd-add-shadow wd-col post-29753 post type-post status-publish format-standard has-post-thumbnail hentry category-blog category-inwestycje-na-cyprze category-prawo-i-podatki tag-podatki-cypr tag-relokacja tag-rezydencja-podatkowa-cypr\">\n\t<div class=\"wd-post-inner article-inner\">\n\t\t\t\t\t<div class=\"wd-post-thumb entry-header\">\n\t\t\t\t\t\t\t\t\t<div class=\"wd-post-img post-img-wrapp\">\n\t\t\t\t\t\t<img loading=\"lazy\" decoding=\"async\" width=\"1200\" height=\"800\" src=\"https:\/\/emprocy.com\/wp-content\/uploads\/2026\/01\/10-1200x800.webp\" class=\"attachment-large size-large\" alt=\"Rezydencja podatkowa na Cyprze\" srcset=\"https:\/\/emprocy.com\/wp-content\/uploads\/2026\/01\/10-1200x800.webp 1200w, https:\/\/emprocy.com\/wp-content\/uploads\/2026\/01\/10-400x267.webp 400w, https:\/\/emprocy.com\/wp-content\/uploads\/2026\/01\/10-768x512.webp 768w, https:\/\/emprocy.com\/wp-content\/uploads\/2026\/01\/10-1536x1024.webp 1536w, https:\/\/emprocy.com\/wp-content\/uploads\/2026\/01\/10-430x287.webp 430w, https:\/\/emprocy.com\/wp-content\/uploads\/2026\/01\/10-700x467.webp 700w, https:\/\/emprocy.com\/wp-content\/uploads\/2026\/01\/10-150x100.webp 150w, https:\/\/emprocy.com\/wp-content\/uploads\/2026\/01\/10.webp 1920w\" sizes=\"auto, (max-width: 1200px) 100vw, 1200px\" \/>\t\t\t\t\t<\/div>\n\t\t\t\t\t\t\t\t\t\t<a class=\"wd-fill\" tabindex=\"-1\" href=\"https:\/\/emprocy.com\/de\/rezydencja-podatkowa-na-cyprze-przewodnik\/\" aria-label=\"Link on post Rezydencja podatkowa na Cyprze &#8211; praktyczny przewodnik\"><\/a>\n\t\t\t\t\n\t\t\t\t\t\t\t\t\t\t\t\t<div class=\"wd-post-date wd-style-with-bg\">\n\t\t\t\t<span class=\"post-date-day\">\n\t\t\t\t\t14\t\t\t\t<\/span>\n\t\t\t\t<span class=\"post-date-month\">\n\t\t\t\t\tAug.\t\t\t\t<\/span>\n\t\t\t<\/div>\n\t\t\t\t\t\t\t\t\t<\/div>\n\t\t\n\t\t<div class=\"wd-post-content article-body-container\">\n\t\t\t\t\t\t\t<div class=\"wd-post-cat wd-style-with-bg meta-post-categories\">\n\t\t\t\t\t<a href=\"https:\/\/emprocy.com\/de\/category\/blog\/\" rel=\"category tag\">Blog<\/a>, <a href=\"https:\/\/emprocy.com\/de\/category\/inwestycje-na-cyprze\/\" rel=\"category tag\">Investitionen in Zypern<\/a>, <a href=\"https:\/\/emprocy.com\/de\/category\/prawo-i-podatki\/\" rel=\"category tag\">Prawo i podatki<\/a>\t\t\t\t<\/div>\n\t\t\t\n\t\t\t\t\t\t\t<h3 class=\"wd-post-title wd-entities-title title post-title\">\n\t\t\t\t\t<a href=\"https:\/\/emprocy.com\/de\/rezydencja-podatkowa-na-cyprze-przewodnik\/\" rel=\"bookmark\">Rezydencja podatkowa na Cyprze &#8211; praktyczny przewodnik<\/a>\n\t\t\t\t<\/h3>\n\t\t\t\n\t\t\t\t\t\t\t<div class=\"wd-post-meta\">\n\t\t\t\t\t\t\t\t\t\t\t\t\t\t\t<div class=\"wd-post-author\">\n\t\t\t\t\t\t\t\t\t\t\t<span>Posted by<\/span>\n\t\t\n\t\t\t\t\t<img alt='author-avatar' src='https:\/\/secure.gravatar.com\/avatar\/decf384daac623f8c5fc4560c38ebc1de9ebe676e726affd62d0a43e9c45079a?s=18&#038;d=mm&#038;r=g' srcset='https:\/\/secure.gravatar.com\/avatar\/decf384daac623f8c5fc4560c38ebc1de9ebe676e726affd62d0a43e9c45079a?s=36&#038;d=mm&#038;r=g 2x' class='avatar avatar-18 photo' height='18' width='18' \/>\t\t\n\t\t\t\t\t<a href=\"https:\/\/emprocy.com\/de\/author\/admin\/\" class=\"author\" rel=\"author\">admin<\/a>\n\t\t\t\t\t\t\t\t\t<\/div>\n\t\t\t\t\t<div class=\"wd-modified-date\">\n\t\t\t\t\t\t\t\t<time class=\"updated\" datetime=\"2026-02-05T12:59:42+00:00\">\n\t\t\t5. Februar 2026\t\t<\/time>\n\t\t\t\t\t\t\t<\/div>\n\n\t\t\t\t\t\t\t\t\t\t\t<div tabindex=\"0\" class=\"wd-post-share wd-tltp\">\n\t\t\t\t\t\t\t<div class=\"tooltip top\">\n\t\t\t\t\t\t\t\t<div class=\"tooltip-inner\">\n\t\t\t\t\t\t\t\t\t\t\t\t<div\n\t\t\t\t\t\tclass=\"wd-social-icons wd-style-default wd-size-small social-share wd-shape-circle color-scheme-light text-center\">\n\t\t\t\t\n\t\t\t\t\n\t\t\t\t\t\t\t\t\t<a rel=\"noopener noreferrer nofollow\" href=\"https:\/\/www.facebook.com\/sharer\/sharer.php?u=https:\/\/emprocy.com\/de\/rezydencja-podatkowa-na-cyprze-przewodnik\/\" target=\"_blank\" class=\"wd-social-icon social-facebook\" aria-label=\"Facebook social link\">\n\t\t\t\t\t\t<span class=\"wd-icon\"><\/span>\n\t\t\t\t\t\t\t\t\t\t\t<\/a>\n\t\t\t\t\n\t\t\t\t\t\t\t\t\t<a rel=\"noopener noreferrer nofollow\" href=\"https:\/\/x.com\/share?url=https:\/\/emprocy.com\/de\/rezydencja-podatkowa-na-cyprze-przewodnik\/\" target=\"_blank\" class=\"wd-social-icon social-twitter\" aria-label=\"X social link\">\n\t\t\t\t\t\t<span class=\"wd-icon\"><\/span>\n\t\t\t\t\t\t\t\t\t\t\t<\/a>\n\t\t\t\t\n\t\t\t\t\n\t\t\t\t\n\t\t\t\t\n\t\t\t\t\n\t\t\t\t\n\t\t\t\t\t\t\t\t\t<a rel=\"noopener noreferrer nofollow\" href=\"https:\/\/pinterest.com\/pin\/create\/button\/?url=https:\/\/emprocy.com\/de\/rezydencja-podatkowa-na-cyprze-przewodnik\/&media=https:\/\/emprocy.com\/wp-content\/uploads\/2026\/01\/10.webp&description=Rezydencja+podatkowa+na+Cyprze+%26%238211%3B+praktyczny+przewodnik\" target=\"_blank\" class=\"wd-social-icon social-pinterest\" aria-label=\"Pinterest social link\">\n\t\t\t\t\t\t<span class=\"wd-icon\"><\/span>\n\t\t\t\t\t\t\t\t\t\t\t<\/a>\n\t\t\t\t\n\t\t\t\t\n\t\t\t\t\t\t\t\t\t<a rel=\"noopener noreferrer nofollow\" href=\"https:\/\/www.linkedin.com\/shareArticle?mini=true&url=https:\/\/emprocy.com\/de\/rezydencja-podatkowa-na-cyprze-przewodnik\/\" target=\"_blank\" class=\"wd-social-icon social-linkedin\" aria-label=\"Linkedin social link\">\n\t\t\t\t\t\t<span class=\"wd-icon\"><\/span>\n\t\t\t\t\t\t\t\t\t\t\t<\/a>\n\t\t\t\t\n\t\t\t\t\n\t\t\t\t\n\t\t\t\t\n\t\t\t\t\n\t\t\t\t\n\t\t\t\t\n\t\t\t\t\n\t\t\t\t\n\t\t\t\t\n\t\t\t\t\n\t\t\t\t\n\t\t\t\t\n\t\t\t\t\n\t\t\t\t\n\t\t\t\t\t\t\t\t\t<a rel=\"noopener noreferrer nofollow\" href=\"https:\/\/telegram.me\/share\/url?url=https:\/\/emprocy.com\/de\/rezydencja-podatkowa-na-cyprze-przewodnik\/\" target=\"_blank\" class=\"wd-social-icon social-tg\" aria-label=\"Telegram social link\">\n\t\t\t\t\t\t<span class=\"wd-icon\"><\/span>\n\t\t\t\t\t\t\t\t\t\t\t<\/a>\n\t\t\t\t\n\t\t\t\t\n\t\t\t<\/div>\n\n\t\t\t\t\t\t\t\t\t\t<\/div>\n\t\t\t\t\t\t\t\t<div class=\"tooltip-arrow\"><\/div>\n\t\t\t\t\t\t\t<\/div>\n\t\t\t\t\t\t<\/div>\n\t\t\t\t\t\n\t\t\t\t\t\t\t\t\t<\/div>\n\t\t\t\n\t\t\t\t\t\t\t\t\t\t\t\t<div class=\"wd-post-excerpt entry-content\">\n\t\t\t\t\t\tRezydencja podatkowa na Cyprze \u2013 jak dzia\u0142a i kto mo\u017ce z niej skorzysta\u0107?\r\nCypr od lat jest atrakcyjnym kierun...\t\t\t\t\t<\/div>\n\t\t\t\t\n\t\t\t\t\t\t\t\t\t\t\t\t\t\t<div class=\"wd-post-read-more wd-style-link read-more-section\">\n\t\t\t\t\t\t<a class=\"\" href=\"https:\/\/emprocy.com\/de\/rezydencja-podatkowa-na-cyprze-przewodnik\/\">Continue reading<\/a>\t\t\t\t\t<\/div>\n\t\t\t\t\t\t\t\t\t\t\t\t\t<\/div>\n\t<\/div>\n<\/article>\n\n\t\t\t\t\t\t\t\t\t\t\t\t\t\t\n<article id=\"post-29747\" class=\"wd-post blog-design-masonry blog-post-loop blog-style-bg wd-add-shadow wd-col post-29747 post type-post status-publish format-standard has-post-thumbnail hentry category-blog category-poradniki-praktyczne category-relokacja-i-zycie-na-cyprze tag-koszty-zycia-cypr tag-przeprowadzka-koszty\">\n\t<div class=\"wd-post-inner article-inner\">\n\t\t\t\t\t<div class=\"wd-post-thumb entry-header\">\n\t\t\t\t\t\t\t\t\t<div class=\"wd-post-img post-img-wrapp\">\n\t\t\t\t\t\t<img loading=\"lazy\" decoding=\"async\" width=\"1140\" height=\"490\" src=\"https:\/\/emprocy.com\/wp-content\/uploads\/2025\/08\/9.webp\" class=\"attachment-large size-large\" alt=\"\" srcset=\"https:\/\/emprocy.com\/wp-content\/uploads\/2025\/08\/9.webp 1140w, https:\/\/emprocy.com\/wp-content\/uploads\/2025\/08\/9-400x172.webp 400w, https:\/\/emprocy.com\/wp-content\/uploads\/2025\/08\/9-768x330.webp 768w, https:\/\/emprocy.com\/wp-content\/uploads\/2025\/08\/9-430x185.webp 430w, https:\/\/emprocy.com\/wp-content\/uploads\/2025\/08\/9-700x301.webp 700w, https:\/\/emprocy.com\/wp-content\/uploads\/2025\/08\/9-150x64.webp 150w\" sizes=\"auto, (max-width: 1140px) 100vw, 1140px\" \/>\t\t\t\t\t<\/div>\n\t\t\t\t\t\t\t\t\t\t<a class=\"wd-fill\" tabindex=\"-1\" href=\"https:\/\/emprocy.com\/de\/koszty-zycia-na-cyprze-praktyczny-przewodnik\/\" aria-label=\"Link on post Koszty \u017cycia na Cyprze &#8211; praktyczny przewodnik\"><\/a>\n\t\t\t\t\n\t\t\t\t\t\t\t\t\t\t\t\t<div class=\"wd-post-date wd-style-with-bg\">\n\t\t\t\t<span class=\"post-date-day\">\n\t\t\t\t\t14\t\t\t\t<\/span>\n\t\t\t\t<span class=\"post-date-month\">\n\t\t\t\t\tAug.\t\t\t\t<\/span>\n\t\t\t<\/div>\n\t\t\t\t\t\t\t\t\t<\/div>\n\t\t\n\t\t<div class=\"wd-post-content article-body-container\">\n\t\t\t\t\t\t\t<div class=\"wd-post-cat wd-style-with-bg meta-post-categories\">\n\t\t\t\t\t<a href=\"https:\/\/emprocy.com\/de\/category\/blog\/\" rel=\"category tag\">Blog<\/a>, <a href=\"https:\/\/emprocy.com\/de\/category\/poradniki-praktyczne\/\" rel=\"category tag\">Praktische Leitf\u00e4den<\/a>, <a href=\"https:\/\/emprocy.com\/de\/category\/relokacja-i-zycie-na-cyprze\/\" rel=\"category tag\">Umsiedlung und Leben auf Zypern<\/a>\t\t\t\t<\/div>\n\t\t\t\n\t\t\t\t\t\t\t<h3 class=\"wd-post-title wd-entities-title title post-title\">\n\t\t\t\t\t<a href=\"https:\/\/emprocy.com\/de\/koszty-zycia-na-cyprze-praktyczny-przewodnik\/\" rel=\"bookmark\">Koszty \u017cycia na Cyprze &#8211; praktyczny przewodnik<\/a>\n\t\t\t\t<\/h3>\n\t\t\t\n\t\t\t\t\t\t\t<div class=\"wd-post-meta\">\n\t\t\t\t\t\t\t\t\t\t\t\t\t\t\t<div class=\"wd-post-author\">\n\t\t\t\t\t\t\t\t\t\t\t<span>Posted by<\/span>\n\t\t\n\t\t\t\t\t<img alt='author-avatar' src='https:\/\/secure.gravatar.com\/avatar\/decf384daac623f8c5fc4560c38ebc1de9ebe676e726affd62d0a43e9c45079a?s=18&#038;d=mm&#038;r=g' srcset='https:\/\/secure.gravatar.com\/avatar\/decf384daac623f8c5fc4560c38ebc1de9ebe676e726affd62d0a43e9c45079a?s=36&#038;d=mm&#038;r=g 2x' class='avatar avatar-18 photo' height='18' width='18' \/>\t\t\n\t\t\t\t\t<a href=\"https:\/\/emprocy.com\/de\/author\/admin\/\" class=\"author\" rel=\"author\">admin<\/a>\n\t\t\t\t\t\t\t\t\t<\/div>\n\t\t\t\t\t<div class=\"wd-modified-date\">\n\t\t\t\t\t\t\t\t<time class=\"updated\" datetime=\"2026-02-05T11:44:53+00:00\">\n\t\t\t5. Februar 2026\t\t<\/time>\n\t\t\t\t\t\t\t<\/div>\n\n\t\t\t\t\t\t\t\t\t\t\t<div tabindex=\"0\" class=\"wd-post-share wd-tltp\">\n\t\t\t\t\t\t\t<div class=\"tooltip top\">\n\t\t\t\t\t\t\t\t<div class=\"tooltip-inner\">\n\t\t\t\t\t\t\t\t\t\t\t\t<div\n\t\t\t\t\t\tclass=\"wd-social-icons wd-style-default wd-size-small social-share wd-shape-circle color-scheme-light text-center\">\n\t\t\t\t\n\t\t\t\t\n\t\t\t\t\t\t\t\t\t<a rel=\"noopener noreferrer nofollow\" href=\"https:\/\/www.facebook.com\/sharer\/sharer.php?u=https:\/\/emprocy.com\/de\/koszty-zycia-na-cyprze-praktyczny-przewodnik\/\" target=\"_blank\" class=\"wd-social-icon social-facebook\" aria-label=\"Facebook social link\">\n\t\t\t\t\t\t<span class=\"wd-icon\"><\/span>\n\t\t\t\t\t\t\t\t\t\t\t<\/a>\n\t\t\t\t\n\t\t\t\t\t\t\t\t\t<a rel=\"noopener noreferrer nofollow\" href=\"https:\/\/x.com\/share?url=https:\/\/emprocy.com\/de\/koszty-zycia-na-cyprze-praktyczny-przewodnik\/\" target=\"_blank\" class=\"wd-social-icon social-twitter\" aria-label=\"X social link\">\n\t\t\t\t\t\t<span class=\"wd-icon\"><\/span>\n\t\t\t\t\t\t\t\t\t\t\t<\/a>\n\t\t\t\t\n\t\t\t\t\n\t\t\t\t\n\t\t\t\t\n\t\t\t\t\n\t\t\t\t\n\t\t\t\t\t\t\t\t\t<a rel=\"noopener noreferrer nofollow\" href=\"https:\/\/pinterest.com\/pin\/create\/button\/?url=https:\/\/emprocy.com\/de\/koszty-zycia-na-cyprze-praktyczny-przewodnik\/&media=https:\/\/emprocy.com\/wp-content\/uploads\/2025\/08\/9.webp&description=Koszty+%C5%BCycia+na+Cyprze+%26%238211%3B+praktyczny+przewodnik\" target=\"_blank\" class=\"wd-social-icon social-pinterest\" aria-label=\"Pinterest social link\">\n\t\t\t\t\t\t<span class=\"wd-icon\"><\/span>\n\t\t\t\t\t\t\t\t\t\t\t<\/a>\n\t\t\t\t\n\t\t\t\t\n\t\t\t\t\t\t\t\t\t<a rel=\"noopener noreferrer nofollow\" href=\"https:\/\/www.linkedin.com\/shareArticle?mini=true&url=https:\/\/emprocy.com\/de\/koszty-zycia-na-cyprze-praktyczny-przewodnik\/\" target=\"_blank\" class=\"wd-social-icon social-linkedin\" aria-label=\"Linkedin social link\">\n\t\t\t\t\t\t<span class=\"wd-icon\"><\/span>\n\t\t\t\t\t\t\t\t\t\t\t<\/a>\n\t\t\t\t\n\t\t\t\t\n\t\t\t\t\n\t\t\t\t\n\t\t\t\t\n\t\t\t\t\n\t\t\t\t\n\t\t\t\t\n\t\t\t\t\n\t\t\t\t\n\t\t\t\t\n\t\t\t\t\n\t\t\t\t\n\t\t\t\t\n\t\t\t\t\n\t\t\t\t\t\t\t\t\t<a rel=\"noopener noreferrer nofollow\" href=\"https:\/\/telegram.me\/share\/url?url=https:\/\/emprocy.com\/de\/koszty-zycia-na-cyprze-praktyczny-przewodnik\/\" target=\"_blank\" class=\"wd-social-icon social-tg\" aria-label=\"Telegram social link\">\n\t\t\t\t\t\t<span class=\"wd-icon\"><\/span>\n\t\t\t\t\t\t\t\t\t\t\t<\/a>\n\t\t\t\t\n\t\t\t\t\n\t\t\t<\/div>\n\n\t\t\t\t\t\t\t\t\t\t<\/div>\n\t\t\t\t\t\t\t\t<div class=\"tooltip-arrow\"><\/div>\n\t\t\t\t\t\t\t<\/div>\n\t\t\t\t\t\t<\/div>\n\t\t\t\t\t\n\t\t\t\t\t\t\t\t\t<\/div>\n\t\t\t\n\t\t\t\t\t\t\t\t\t\t\t\t<div class=\"wd-post-excerpt entry-content\">\n\t\t\t\t\t\tKoszty \u017cycia na Cyprze w por\u00f3wnaniu z Polsk\u0105\r\nPrzeprowadzka na Cypr to marzenie wielu os\u00f3b, kt\u00f3re szukaj\u0105 s\u0142o\u0144...\t\t\t\t\t<\/div>\n\t\t\t\t\n\t\t\t\t\t\t\t\t\t\t\t\t\t\t<div class=\"wd-post-read-more wd-style-link read-more-section\">\n\t\t\t\t\t\t<a class=\"\" href=\"https:\/\/emprocy.com\/de\/koszty-zycia-na-cyprze-praktyczny-przewodnik\/\">Continue reading<\/a>\t\t\t\t\t<\/div>\n\t\t\t\t\t\t\t\t\t\t\t\t\t<\/div>\n\t<\/div>\n<\/article>\n\n\t\t\t\t\t\t\t\t\t\t\t\t\t\t\n<article id=\"post-29741\" class=\"wd-post blog-design-masonry blog-post-loop blog-style-bg wd-add-shadow wd-col post-29741 post type-post status-publish format-standard has-post-thumbnail hentry category-blog category-inwestycje-na-cyprze category-rynek-nieruchomosci tag-inwestowanie-na-cyprze tag-nieruchomosci-cypr\">\n\t<div class=\"wd-post-inner article-inner\">\n\t\t\t\t\t<div class=\"wd-post-thumb entry-header\">\n\t\t\t\t\t\t\t\t\t<div class=\"wd-post-img post-img-wrapp\">\n\t\t\t\t\t\t<img loading=\"lazy\" decoding=\"async\" width=\"1300\" height=\"731\" src=\"https:\/\/emprocy.com\/wp-content\/uploads\/2026\/01\/8-1300x731.webp\" class=\"attachment-large size-large\" alt=\"Inwestowanie w nieruchomo\u015bci na Cyprze - przewodnik\" srcset=\"https:\/\/emprocy.com\/wp-content\/uploads\/2026\/01\/8-1300x731.webp 1300w, https:\/\/emprocy.com\/wp-content\/uploads\/2026\/01\/8-400x225.webp 400w, https:\/\/emprocy.com\/wp-content\/uploads\/2026\/01\/8-768x432.webp 768w, https:\/\/emprocy.com\/wp-content\/uploads\/2026\/01\/8-430x242.webp 430w, https:\/\/emprocy.com\/wp-content\/uploads\/2026\/01\/8-700x394.webp 700w, https:\/\/emprocy.com\/wp-content\/uploads\/2026\/01\/8-150x84.webp 150w, https:\/\/emprocy.com\/wp-content\/uploads\/2026\/01\/8.webp 1536w\" sizes=\"auto, (max-width: 1300px) 100vw, 1300px\" \/>\t\t\t\t\t<\/div>\n\t\t\t\t\t\t\t\t\t\t<a class=\"wd-fill\" tabindex=\"-1\" href=\"https:\/\/emprocy.com\/de\/inwestowanie-w-nieruchomosci-na-cyprze-przewodnik\/\" aria-label=\"Link on post Inwestowanie w nieruchomo\u015bci na Cyprze &#8211; przewodnik\"><\/a>\n\t\t\t\t\n\t\t\t\t\t\t\t\t\t\t\t\t<div class=\"wd-post-date wd-style-with-bg\">\n\t\t\t\t<span class=\"post-date-day\">\n\t\t\t\t\t14\t\t\t\t<\/span>\n\t\t\t\t<span class=\"post-date-month\">\n\t\t\t\t\tAug.\t\t\t\t<\/span>\n\t\t\t<\/div>\n\t\t\t\t\t\t\t\t\t<\/div>\n\t\t\n\t\t<div class=\"wd-post-content article-body-container\">\n\t\t\t\t\t\t\t<div class=\"wd-post-cat wd-style-with-bg meta-post-categories\">\n\t\t\t\t\t<a href=\"https:\/\/emprocy.com\/de\/category\/blog\/\" rel=\"category tag\">Blog<\/a>, <a href=\"https:\/\/emprocy.com\/de\/category\/inwestycje-na-cyprze\/\" rel=\"category tag\">Investitionen in Zypern<\/a>, <a href=\"https:\/\/emprocy.com\/de\/category\/rynek-nieruchomosci\/\" rel=\"category tag\">Immobilienmarkt<\/a>\t\t\t\t<\/div>\n\t\t\t\n\t\t\t\t\t\t\t<h3 class=\"wd-post-title wd-entities-title title post-title\">\n\t\t\t\t\t<a href=\"https:\/\/emprocy.com\/de\/inwestowanie-w-nieruchomosci-na-cyprze-przewodnik\/\" rel=\"bookmark\">Inwestowanie w nieruchomo\u015bci na Cyprze &#8211; przewodnik<\/a>\n\t\t\t\t<\/h3>\n\t\t\t\n\t\t\t\t\t\t\t<div class=\"wd-post-meta\">\n\t\t\t\t\t\t\t\t\t\t\t\t\t\t\t<div class=\"wd-post-author\">\n\t\t\t\t\t\t\t\t\t\t\t<span>Posted by<\/span>\n\t\t\n\t\t\t\t\t<img alt='author-avatar' src='https:\/\/secure.gravatar.com\/avatar\/decf384daac623f8c5fc4560c38ebc1de9ebe676e726affd62d0a43e9c45079a?s=18&#038;d=mm&#038;r=g' srcset='https:\/\/secure.gravatar.com\/avatar\/decf384daac623f8c5fc4560c38ebc1de9ebe676e726affd62d0a43e9c45079a?s=36&#038;d=mm&#038;r=g 2x' class='avatar avatar-18 photo' height='18' width='18' \/>\t\t\n\t\t\t\t\t<a href=\"https:\/\/emprocy.com\/de\/author\/admin\/\" class=\"author\" rel=\"author\">admin<\/a>\n\t\t\t\t\t\t\t\t\t<\/div>\n\t\t\t\t\t<div class=\"wd-modified-date\">\n\t\t\t\t\t\t\t\t<time class=\"updated\" datetime=\"2026-03-04T12:26:15+00:00\">\n\t\t\tM\u00e4rz 4, 2026\t\t<\/time>\n\t\t\t\t\t\t\t<\/div>\n\n\t\t\t\t\t\t\t\t\t\t\t<div tabindex=\"0\" class=\"wd-post-share wd-tltp\">\n\t\t\t\t\t\t\t<div class=\"tooltip top\">\n\t\t\t\t\t\t\t\t<div class=\"tooltip-inner\">\n\t\t\t\t\t\t\t\t\t\t\t\t<div\n\t\t\t\t\t\tclass=\"wd-social-icons wd-style-default wd-size-small social-share wd-shape-circle color-scheme-light text-center\">\n\t\t\t\t\n\t\t\t\t\n\t\t\t\t\t\t\t\t\t<a rel=\"noopener noreferrer nofollow\" href=\"https:\/\/www.facebook.com\/sharer\/sharer.php?u=https:\/\/emprocy.com\/de\/inwestowanie-w-nieruchomosci-na-cyprze-przewodnik\/\" target=\"_blank\" class=\"wd-social-icon social-facebook\" aria-label=\"Facebook social link\">\n\t\t\t\t\t\t<span class=\"wd-icon\"><\/span>\n\t\t\t\t\t\t\t\t\t\t\t<\/a>\n\t\t\t\t\n\t\t\t\t\t\t\t\t\t<a rel=\"noopener noreferrer nofollow\" href=\"https:\/\/x.com\/share?url=https:\/\/emprocy.com\/de\/inwestowanie-w-nieruchomosci-na-cyprze-przewodnik\/\" target=\"_blank\" class=\"wd-social-icon social-twitter\" aria-label=\"X social link\">\n\t\t\t\t\t\t<span class=\"wd-icon\"><\/span>\n\t\t\t\t\t\t\t\t\t\t\t<\/a>\n\t\t\t\t\n\t\t\t\t\n\t\t\t\t\n\t\t\t\t\n\t\t\t\t\n\t\t\t\t\n\t\t\t\t\t\t\t\t\t<a rel=\"noopener noreferrer nofollow\" href=\"https:\/\/pinterest.com\/pin\/create\/button\/?url=https:\/\/emprocy.com\/de\/inwestowanie-w-nieruchomosci-na-cyprze-przewodnik\/&media=https:\/\/emprocy.com\/wp-content\/uploads\/2026\/01\/8.webp&description=Inwestowanie+w+nieruchomo%C5%9Bci+na+Cyprze+%26%238211%3B+przewodnik\" target=\"_blank\" class=\"wd-social-icon social-pinterest\" aria-label=\"Pinterest social link\">\n\t\t\t\t\t\t<span class=\"wd-icon\"><\/span>\n\t\t\t\t\t\t\t\t\t\t\t<\/a>\n\t\t\t\t\n\t\t\t\t\n\t\t\t\t\t\t\t\t\t<a rel=\"noopener noreferrer nofollow\" href=\"https:\/\/www.linkedin.com\/shareArticle?mini=true&url=https:\/\/emprocy.com\/de\/inwestowanie-w-nieruchomosci-na-cyprze-przewodnik\/\" target=\"_blank\" class=\"wd-social-icon social-linkedin\" aria-label=\"Linkedin social link\">\n\t\t\t\t\t\t<span class=\"wd-icon\"><\/span>\n\t\t\t\t\t\t\t\t\t\t\t<\/a>\n\t\t\t\t\n\t\t\t\t\n\t\t\t\t\n\t\t\t\t\n\t\t\t\t\n\t\t\t\t\n\t\t\t\t\n\t\t\t\t\n\t\t\t\t\n\t\t\t\t\n\t\t\t\t\n\t\t\t\t\n\t\t\t\t\n\t\t\t\t\n\t\t\t\t\n\t\t\t\t\t\t\t\t\t<a rel=\"noopener noreferrer nofollow\" href=\"https:\/\/telegram.me\/share\/url?url=https:\/\/emprocy.com\/de\/inwestowanie-w-nieruchomosci-na-cyprze-przewodnik\/\" target=\"_blank\" class=\"wd-social-icon social-tg\" aria-label=\"Telegram social link\">\n\t\t\t\t\t\t<span class=\"wd-icon\"><\/span>\n\t\t\t\t\t\t\t\t\t\t\t<\/a>\n\t\t\t\t\n\t\t\t\t\n\t\t\t<\/div>\n\n\t\t\t\t\t\t\t\t\t\t<\/div>\n\t\t\t\t\t\t\t\t<div class=\"tooltip-arrow\"><\/div>\n\t\t\t\t\t\t\t<\/div>\n\t\t\t\t\t\t<\/div>\n\t\t\t\t\t\n\t\t\t\t\t\t\t\t\t<\/div>\n\t\t\t\n\t\t\t\t\t\t\t\t\t\t\t\t<div class=\"wd-post-excerpt entry-content\">\n\t\t\t\t\t\tPrzewodnik dla inwestor\u00f3w\r\nDlaczego warto inwestowa\u0107 na Cyprze?\r\nCypr od lat cieszy si\u0119 popularno\u015bci\u0105 w\u015br\u00f3d in...\t\t\t\t\t<\/div>\n\t\t\t\t\n\t\t\t\t\t\t\t\t\t\t\t\t\t\t<div class=\"wd-post-read-more wd-style-link read-more-section\">\n\t\t\t\t\t\t<a class=\"\" href=\"https:\/\/emprocy.com\/de\/inwestowanie-w-nieruchomosci-na-cyprze-przewodnik\/\">Continue reading<\/a>\t\t\t\t\t<\/div>\n\t\t\t\t\t\t\t\t\t\t\t\t\t<\/div>\n\t<\/div>\n<\/article>\n\n\t\t\t\t\t\t\t\t\t\t\t\t\t\t\n<article id=\"post-29788\" class=\"wd-post blog-design-masonry blog-post-loop blog-style-bg wd-add-shadow wd-col post-29788 post type-post status-publish format-standard has-post-thumbnail hentry category-blog category-poradniki-praktyczne category-relokacja-i-zycie-na-cyprze tag-sluzba-zdrowia-cypr tag-zycie-na-cyprze\">\n\t<div class=\"wd-post-inner article-inner\">\n\t\t\t\t\t<div class=\"wd-post-thumb entry-header\">\n\t\t\t\t\t\t\t\t\t<div class=\"wd-post-img post-img-wrapp\">\n\t\t\t\t\t\t<img loading=\"lazy\" decoding=\"async\" width=\"540\" height=\"390\" src=\"https:\/\/emprocy.com\/wp-content\/uploads\/2026\/01\/16.webp\" class=\"attachment-large size-large\" alt=\"S\u0142u\u017cba zdrowia na Cyprze - przewodnik praktyczny\" srcset=\"https:\/\/emprocy.com\/wp-content\/uploads\/2026\/01\/16.webp 540w, https:\/\/emprocy.com\/wp-content\/uploads\/2026\/01\/16-400x289.webp 400w, https:\/\/emprocy.com\/wp-content\/uploads\/2026\/01\/16-430x311.webp 430w, https:\/\/emprocy.com\/wp-content\/uploads\/2026\/01\/16-150x108.webp 150w\" sizes=\"auto, (max-width: 540px) 100vw, 540px\" \/>\t\t\t\t\t<\/div>\n\t\t\t\t\t\t\t\t\t\t<a class=\"wd-fill\" tabindex=\"-1\" href=\"https:\/\/emprocy.com\/de\/sluzba-zdrowia-na-cyprze-przewodnik-praktyczny\/\" aria-label=\"Link on post S\u0142u\u017cba zdrowia na Cyprze &#8211; przewodnik praktyczny\"><\/a>\n\t\t\t\t\n\t\t\t\t\t\t\t\t\t\t\t\t<div class=\"wd-post-date wd-style-with-bg\">\n\t\t\t\t<span class=\"post-date-day\">\n\t\t\t\t\t13\t\t\t\t<\/span>\n\t\t\t\t<span class=\"post-date-month\">\n\t\t\t\t\tAug.\t\t\t\t<\/span>\n\t\t\t<\/div>\n\t\t\t\t\t\t\t\t\t<\/div>\n\t\t\n\t\t<div class=\"wd-post-content article-body-container\">\n\t\t\t\t\t\t\t<div class=\"wd-post-cat wd-style-with-bg meta-post-categories\">\n\t\t\t\t\t<a href=\"https:\/\/emprocy.com\/de\/category\/blog\/\" rel=\"category tag\">Blog<\/a>, <a href=\"https:\/\/emprocy.com\/de\/category\/poradniki-praktyczne\/\" rel=\"category tag\">Praktische Leitf\u00e4den<\/a>, <a href=\"https:\/\/emprocy.com\/de\/category\/relokacja-i-zycie-na-cyprze\/\" rel=\"category tag\">Umsiedlung und Leben auf Zypern<\/a>\t\t\t\t<\/div>\n\t\t\t\n\t\t\t\t\t\t\t<h3 class=\"wd-post-title wd-entities-title title post-title\">\n\t\t\t\t\t<a href=\"https:\/\/emprocy.com\/de\/sluzba-zdrowia-na-cyprze-przewodnik-praktyczny\/\" rel=\"bookmark\">S\u0142u\u017cba zdrowia na Cyprze &#8211; przewodnik praktyczny<\/a>\n\t\t\t\t<\/h3>\n\t\t\t\n\t\t\t\t\t\t\t<div class=\"wd-post-meta\">\n\t\t\t\t\t\t\t\t\t\t\t\t\t\t\t<div class=\"wd-post-author\">\n\t\t\t\t\t\t\t\t\t\t\t<span>Posted by<\/span>\n\t\t\n\t\t\t\t\t<img alt='author-avatar' src='https:\/\/secure.gravatar.com\/avatar\/decf384daac623f8c5fc4560c38ebc1de9ebe676e726affd62d0a43e9c45079a?s=18&#038;d=mm&#038;r=g' srcset='https:\/\/secure.gravatar.com\/avatar\/decf384daac623f8c5fc4560c38ebc1de9ebe676e726affd62d0a43e9c45079a?s=36&#038;d=mm&#038;r=g 2x' class='avatar avatar-18 photo' height='18' width='18' \/>\t\t\n\t\t\t\t\t<a href=\"https:\/\/emprocy.com\/de\/author\/admin\/\" class=\"author\" rel=\"author\">admin<\/a>\n\t\t\t\t\t\t\t\t\t<\/div>\n\t\t\t\t\t<div class=\"wd-modified-date\">\n\t\t\t\t\t\t\t\t<time class=\"updated\" datetime=\"2026-03-04T12:30:40+00:00\">\n\t\t\tM\u00e4rz 4, 2026\t\t<\/time>\n\t\t\t\t\t\t\t<\/div>\n\n\t\t\t\t\t\t\t\t\t\t\t<div tabindex=\"0\" class=\"wd-post-share wd-tltp\">\n\t\t\t\t\t\t\t<div class=\"tooltip top\">\n\t\t\t\t\t\t\t\t<div class=\"tooltip-inner\">\n\t\t\t\t\t\t\t\t\t\t\t\t<div\n\t\t\t\t\t\tclass=\"wd-social-icons wd-style-default wd-size-small social-share wd-shape-circle color-scheme-light text-center\">\n\t\t\t\t\n\t\t\t\t\n\t\t\t\t\t\t\t\t\t<a rel=\"noopener noreferrer nofollow\" href=\"https:\/\/www.facebook.com\/sharer\/sharer.php?u=https:\/\/emprocy.com\/de\/sluzba-zdrowia-na-cyprze-przewodnik-praktyczny\/\" target=\"_blank\" class=\"wd-social-icon social-facebook\" aria-label=\"Facebook social link\">\n\t\t\t\t\t\t<span class=\"wd-icon\"><\/span>\n\t\t\t\t\t\t\t\t\t\t\t<\/a>\n\t\t\t\t\n\t\t\t\t\t\t\t\t\t<a rel=\"noopener noreferrer nofollow\" href=\"https:\/\/x.com\/share?url=https:\/\/emprocy.com\/de\/sluzba-zdrowia-na-cyprze-przewodnik-praktyczny\/\" target=\"_blank\" class=\"wd-social-icon social-twitter\" aria-label=\"X social link\">\n\t\t\t\t\t\t<span class=\"wd-icon\"><\/span>\n\t\t\t\t\t\t\t\t\t\t\t<\/a>\n\t\t\t\t\n\t\t\t\t\n\t\t\t\t\n\t\t\t\t\n\t\t\t\t\n\t\t\t\t\n\t\t\t\t\t\t\t\t\t<a rel=\"noopener noreferrer nofollow\" href=\"https:\/\/pinterest.com\/pin\/create\/button\/?url=https:\/\/emprocy.com\/de\/sluzba-zdrowia-na-cyprze-przewodnik-praktyczny\/&media=https:\/\/emprocy.com\/wp-content\/uploads\/2026\/01\/16.webp&description=S%C5%82u%C5%BCba+zdrowia+na+Cyprze+%26%238211%3B+przewodnik+praktyczny\" target=\"_blank\" class=\"wd-social-icon social-pinterest\" aria-label=\"Pinterest social link\">\n\t\t\t\t\t\t<span class=\"wd-icon\"><\/span>\n\t\t\t\t\t\t\t\t\t\t\t<\/a>\n\t\t\t\t\n\t\t\t\t\n\t\t\t\t\t\t\t\t\t<a rel=\"noopener noreferrer nofollow\" href=\"https:\/\/www.linkedin.com\/shareArticle?mini=true&url=https:\/\/emprocy.com\/de\/sluzba-zdrowia-na-cyprze-przewodnik-praktyczny\/\" target=\"_blank\" class=\"wd-social-icon social-linkedin\" aria-label=\"Linkedin social link\">\n\t\t\t\t\t\t<span class=\"wd-icon\"><\/span>\n\t\t\t\t\t\t\t\t\t\t\t<\/a>\n\t\t\t\t\n\t\t\t\t\n\t\t\t\t\n\t\t\t\t\n\t\t\t\t\n\t\t\t\t\n\t\t\t\t\n\t\t\t\t\n\t\t\t\t\n\t\t\t\t\n\t\t\t\t\n\t\t\t\t\n\t\t\t\t\n\t\t\t\t\n\t\t\t\t\n\t\t\t\t\t\t\t\t\t<a rel=\"noopener noreferrer nofollow\" href=\"https:\/\/telegram.me\/share\/url?url=https:\/\/emprocy.com\/de\/sluzba-zdrowia-na-cyprze-przewodnik-praktyczny\/\" target=\"_blank\" class=\"wd-social-icon social-tg\" aria-label=\"Telegram social link\">\n\t\t\t\t\t\t<span class=\"wd-icon\"><\/span>\n\t\t\t\t\t\t\t\t\t\t\t<\/a>\n\t\t\t\t\n\t\t\t\t\n\t\t\t<\/div>\n\n\t\t\t\t\t\t\t\t\t\t<\/div>\n\t\t\t\t\t\t\t\t<div class=\"tooltip-arrow\"><\/div>\n\t\t\t\t\t\t\t<\/div>\n\t\t\t\t\t\t<\/div>\n\t\t\t\t\t\n\t\t\t\t\t\t\t\t\t<\/div>\n\t\t\t\n\t\t\t\t\t\t\t\t\t\t\t\t<div class=\"wd-post-excerpt entry-content\">\n\t\t\t\t\t\tS\u0142u\u017cba zdrowia na Cyprze \u2013 jak dzia\u0142a system GESY?\r\nOpieka zdrowotna to jeden z kluczowych aspekt\u00f3w \u017cycia na C...\t\t\t\t\t<\/div>\n\t\t\t\t\n\t\t\t\t\t\t\t\t\t\t\t\t\t\t<div class=\"wd-post-read-more wd-style-link read-more-section\">\n\t\t\t\t\t\t<a class=\"\" href=\"https:\/\/emprocy.com\/de\/sluzba-zdrowia-na-cyprze-przewodnik-praktyczny\/\">Continue reading<\/a>\t\t\t\t\t<\/div>\n\t\t\t\t\t\t\t\t\t\t\t\t\t<\/div>\n\t<\/div>\n<\/article>\n\n\t\t\t\t\t\t\t\t\t\t\t\t\t\t\n<article id=\"post-29782\" class=\"wd-post blog-design-masonry blog-post-loop blog-style-bg wd-add-shadow wd-col post-29782 post type-post status-publish format-standard has-post-thumbnail hentry category-blog category-poradniki-praktyczne category-relokacja-i-zycie-na-cyprze tag-koszt-samochodu-cypr tag-transport-cypr\">\n\t<div class=\"wd-post-inner article-inner\">\n\t\t\t\t\t<div class=\"wd-post-thumb entry-header\">\n\t\t\t\t\t\t\t\t\t<div class=\"wd-post-img post-img-wrapp\">\n\t\t\t\t\t\t<img loading=\"lazy\" decoding=\"async\" width=\"1024\" height=\"576\" src=\"https:\/\/emprocy.com\/wp-content\/uploads\/2026\/01\/15.webp\" class=\"attachment-large size-large\" alt=\"Koszt samochodu i utrzymania na Cyprze Pafos\" srcset=\"https:\/\/emprocy.com\/wp-content\/uploads\/2026\/01\/15.webp 1024w, https:\/\/emprocy.com\/wp-content\/uploads\/2026\/01\/15-400x225.webp 400w, https:\/\/emprocy.com\/wp-content\/uploads\/2026\/01\/15-768x432.webp 768w, https:\/\/emprocy.com\/wp-content\/uploads\/2026\/01\/15-430x242.webp 430w, https:\/\/emprocy.com\/wp-content\/uploads\/2026\/01\/15-700x394.webp 700w, https:\/\/emprocy.com\/wp-content\/uploads\/2026\/01\/15-150x84.webp 150w\" sizes=\"auto, (max-width: 1024px) 100vw, 1024px\" \/>\t\t\t\t\t<\/div>\n\t\t\t\t\t\t\t\t\t\t<a class=\"wd-fill\" tabindex=\"-1\" href=\"https:\/\/emprocy.com\/de\/koszt-zakupu-i-utrzymania-samochodu-na-cyprze\/\" aria-label=\"Link on post Koszt zakupu i utrzymania samochodu na Cyprze &#8211; fakty i wskaz\u00f3wki\"><\/a>\n\t\t\t\t\n\t\t\t\t\t\t\t\t\t\t\t\t<div class=\"wd-post-date wd-style-with-bg\">\n\t\t\t\t<span class=\"post-date-day\">\n\t\t\t\t\t13\t\t\t\t<\/span>\n\t\t\t\t<span class=\"post-date-month\">\n\t\t\t\t\tAug.\t\t\t\t<\/span>\n\t\t\t<\/div>\n\t\t\t\t\t\t\t\t\t<\/div>\n\t\t\n\t\t<div class=\"wd-post-content article-body-container\">\n\t\t\t\t\t\t\t<div class=\"wd-post-cat wd-style-with-bg meta-post-categories\">\n\t\t\t\t\t<a href=\"https:\/\/emprocy.com\/de\/category\/blog\/\" rel=\"category tag\">Blog<\/a>, <a href=\"https:\/\/emprocy.com\/de\/category\/poradniki-praktyczne\/\" rel=\"category tag\">Praktische Leitf\u00e4den<\/a>, <a href=\"https:\/\/emprocy.com\/de\/category\/relokacja-i-zycie-na-cyprze\/\" rel=\"category tag\">Umsiedlung und Leben auf Zypern<\/a>\t\t\t\t<\/div>\n\t\t\t\n\t\t\t\t\t\t\t<h3 class=\"wd-post-title wd-entities-title title post-title\">\n\t\t\t\t\t<a href=\"https:\/\/emprocy.com\/de\/koszt-zakupu-i-utrzymania-samochodu-na-cyprze\/\" rel=\"bookmark\">Koszt zakupu i utrzymania samochodu na Cyprze &#8211; fakty i wskaz\u00f3wki<\/a>\n\t\t\t\t<\/h3>\n\t\t\t\n\t\t\t\t\t\t\t<div class=\"wd-post-meta\">\n\t\t\t\t\t\t\t\t\t\t\t\t\t\t\t<div class=\"wd-post-author\">\n\t\t\t\t\t\t\t\t\t\t\t<span>Posted by<\/span>\n\t\t\n\t\t\t\t\t<img alt='author-avatar' src='https:\/\/secure.gravatar.com\/avatar\/decf384daac623f8c5fc4560c38ebc1de9ebe676e726affd62d0a43e9c45079a?s=18&#038;d=mm&#038;r=g' srcset='https:\/\/secure.gravatar.com\/avatar\/decf384daac623f8c5fc4560c38ebc1de9ebe676e726affd62d0a43e9c45079a?s=36&#038;d=mm&#038;r=g 2x' class='avatar avatar-18 photo' height='18' width='18' \/>\t\t\n\t\t\t\t\t<a href=\"https:\/\/emprocy.com\/de\/author\/admin\/\" class=\"author\" rel=\"author\">admin<\/a>\n\t\t\t\t\t\t\t\t\t<\/div>\n\t\t\t\t\t<div class=\"wd-modified-date\">\n\t\t\t\t\t\t\t\t<time class=\"updated\" datetime=\"2026-03-04T12:33:59+00:00\">\n\t\t\tM\u00e4rz 4, 2026\t\t<\/time>\n\t\t\t\t\t\t\t<\/div>\n\n\t\t\t\t\t\t\t\t\t\t\t<div tabindex=\"0\" class=\"wd-post-share wd-tltp\">\n\t\t\t\t\t\t\t<div class=\"tooltip top\">\n\t\t\t\t\t\t\t\t<div class=\"tooltip-inner\">\n\t\t\t\t\t\t\t\t\t\t\t\t<div\n\t\t\t\t\t\tclass=\"wd-social-icons wd-style-default wd-size-small social-share wd-shape-circle color-scheme-light text-center\">\n\t\t\t\t\n\t\t\t\t\n\t\t\t\t\t\t\t\t\t<a rel=\"noopener noreferrer nofollow\" href=\"https:\/\/www.facebook.com\/sharer\/sharer.php?u=https:\/\/emprocy.com\/de\/koszt-zakupu-i-utrzymania-samochodu-na-cyprze\/\" target=\"_blank\" class=\"wd-social-icon social-facebook\" aria-label=\"Facebook social link\">\n\t\t\t\t\t\t<span class=\"wd-icon\"><\/span>\n\t\t\t\t\t\t\t\t\t\t\t<\/a>\n\t\t\t\t\n\t\t\t\t\t\t\t\t\t<a rel=\"noopener noreferrer nofollow\" href=\"https:\/\/x.com\/share?url=https:\/\/emprocy.com\/de\/koszt-zakupu-i-utrzymania-samochodu-na-cyprze\/\" target=\"_blank\" class=\"wd-social-icon social-twitter\" aria-label=\"X social link\">\n\t\t\t\t\t\t<span class=\"wd-icon\"><\/span>\n\t\t\t\t\t\t\t\t\t\t\t<\/a>\n\t\t\t\t\n\t\t\t\t\n\t\t\t\t\n\t\t\t\t\n\t\t\t\t\n\t\t\t\t\n\t\t\t\t\t\t\t\t\t<a rel=\"noopener noreferrer nofollow\" href=\"https:\/\/pinterest.com\/pin\/create\/button\/?url=https:\/\/emprocy.com\/de\/koszt-zakupu-i-utrzymania-samochodu-na-cyprze\/&media=https:\/\/emprocy.com\/wp-content\/uploads\/2026\/01\/15.webp&description=Koszt+zakupu+i+utrzymania+samochodu+na+Cyprze+%26%238211%3B+fakty+i+wskaz%C3%B3wki\" target=\"_blank\" class=\"wd-social-icon social-pinterest\" aria-label=\"Pinterest social link\">\n\t\t\t\t\t\t<span class=\"wd-icon\"><\/span>\n\t\t\t\t\t\t\t\t\t\t\t<\/a>\n\t\t\t\t\n\t\t\t\t\n\t\t\t\t\t\t\t\t\t<a rel=\"noopener noreferrer nofollow\" href=\"https:\/\/www.linkedin.com\/shareArticle?mini=true&url=https:\/\/emprocy.com\/de\/koszt-zakupu-i-utrzymania-samochodu-na-cyprze\/\" target=\"_blank\" class=\"wd-social-icon social-linkedin\" aria-label=\"Linkedin social link\">\n\t\t\t\t\t\t<span class=\"wd-icon\"><\/span>\n\t\t\t\t\t\t\t\t\t\t\t<\/a>\n\t\t\t\t\n\t\t\t\t\n\t\t\t\t\n\t\t\t\t\n\t\t\t\t\n\t\t\t\t\n\t\t\t\t\n\t\t\t\t\n\t\t\t\t\n\t\t\t\t\n\t\t\t\t\n\t\t\t\t\n\t\t\t\t\n\t\t\t\t\n\t\t\t\t\n\t\t\t\t\t\t\t\t\t<a rel=\"noopener noreferrer nofollow\" href=\"https:\/\/telegram.me\/share\/url?url=https:\/\/emprocy.com\/de\/koszt-zakupu-i-utrzymania-samochodu-na-cyprze\/\" target=\"_blank\" class=\"wd-social-icon social-tg\" aria-label=\"Telegram social link\">\n\t\t\t\t\t\t<span class=\"wd-icon\"><\/span>\n\t\t\t\t\t\t\t\t\t\t\t<\/a>\n\t\t\t\t\n\t\t\t\t\n\t\t\t<\/div>\n\n\t\t\t\t\t\t\t\t\t\t<\/div>\n\t\t\t\t\t\t\t\t<div class=\"tooltip-arrow\"><\/div>\n\t\t\t\t\t\t\t<\/div>\n\t\t\t\t\t\t<\/div>\n\t\t\t\t\t\n\t\t\t\t\t\t\t\t\t<\/div>\n\t\t\t\n\t\t\t\t\t\t\t\t\t\t\t\t<div class=\"wd-post-excerpt entry-content\">\n\t\t\t\t\t\tKoszt zakupu i utrzymania samochodu na Cyprze \u2013 kupi\u0107 czy wynajmowa\u0107?\r\nNa Cyprze transport publiczny jest ogra...\t\t\t\t\t<\/div>\n\t\t\t\t\n\t\t\t\t\t\t\t\t\t\t\t\t\t\t<div class=\"wd-post-read-more wd-style-link read-more-section\">\n\t\t\t\t\t\t<a class=\"\" href=\"https:\/\/emprocy.com\/de\/koszt-zakupu-i-utrzymania-samochodu-na-cyprze\/\">Continue reading<\/a>\t\t\t\t\t<\/div>\n\t\t\t\t\t\t\t\t\t\t\t\t\t<\/div>\n\t<\/div>\n<\/article>\n\n\t\t\t\t\t\t\t\t\t\t\t\t\t\t\n<article id=\"post-29764\" class=\"wd-post blog-design-masonry blog-post-loop blog-style-bg wd-add-shadow wd-col post-29764 post type-post status-publish format-standard has-post-thumbnail hentry category-blog category-prawo-i-podatki category-relokacja-i-zycie-na-cyprze tag-firma-na-cyprze tag-podatki tag-zakladanie-firmy\">\n\t<div class=\"wd-post-inner article-inner\">\n\t\t\t\t\t<div class=\"wd-post-thumb entry-header\">\n\t\t\t\t\t\t\t\t\t<div class=\"wd-post-img post-img-wrapp\">\n\t\t\t\t\t\t<img loading=\"lazy\" decoding=\"async\" width=\"1300\" height=\"732\" src=\"https:\/\/emprocy.com\/wp-content\/uploads\/2026\/01\/12-1300x732.webp\" class=\"attachment-large size-large\" alt=\"\" srcset=\"https:\/\/emprocy.com\/wp-content\/uploads\/2026\/01\/12-1300x732.webp 1300w, https:\/\/emprocy.com\/wp-content\/uploads\/2026\/01\/12-400x225.webp 400w, https:\/\/emprocy.com\/wp-content\/uploads\/2026\/01\/12-768x433.webp 768w, https:\/\/emprocy.com\/wp-content\/uploads\/2026\/01\/12-1536x865.webp 1536w, https:\/\/emprocy.com\/wp-content\/uploads\/2026\/01\/12-430x242.webp 430w, https:\/\/emprocy.com\/wp-content\/uploads\/2026\/01\/12-700x394.webp 700w, https:\/\/emprocy.com\/wp-content\/uploads\/2026\/01\/12-150x85.webp 150w, https:\/\/emprocy.com\/wp-content\/uploads\/2026\/01\/12.webp 1640w\" sizes=\"auto, (max-width: 1300px) 100vw, 1300px\" \/>\t\t\t\t\t<\/div>\n\t\t\t\t\t\t\t\t\t\t<a class=\"wd-fill\" tabindex=\"-1\" href=\"https:\/\/emprocy.com\/de\/jak-zalozyc-firme-na-cyprze-praktyczny-poradnik\/\" aria-label=\"Link on post Jak za\u0142o\u017cy\u0107 firm\u0119 na Cyprze &#8211; praktyczny poradnik\"><\/a>\n\t\t\t\t\n\t\t\t\t\t\t\t\t\t\t\t\t<div class=\"wd-post-date wd-style-with-bg\">\n\t\t\t\t<span class=\"post-date-day\">\n\t\t\t\t\t13\t\t\t\t<\/span>\n\t\t\t\t<span class=\"post-date-month\">\n\t\t\t\t\tAug.\t\t\t\t<\/span>\n\t\t\t<\/div>\n\t\t\t\t\t\t\t\t\t<\/div>\n\t\t\n\t\t<div class=\"wd-post-content article-body-container\">\n\t\t\t\t\t\t\t<div class=\"wd-post-cat wd-style-with-bg meta-post-categories\">\n\t\t\t\t\t<a href=\"https:\/\/emprocy.com\/de\/category\/blog\/\" rel=\"category tag\">Blog<\/a>, <a href=\"https:\/\/emprocy.com\/de\/category\/prawo-i-podatki\/\" rel=\"category tag\">Prawo i podatki<\/a>, <a href=\"https:\/\/emprocy.com\/de\/category\/relokacja-i-zycie-na-cyprze\/\" rel=\"category tag\">Umsiedlung und Leben auf Zypern<\/a>\t\t\t\t<\/div>\n\t\t\t\n\t\t\t\t\t\t\t<h3 class=\"wd-post-title wd-entities-title title post-title\">\n\t\t\t\t\t<a href=\"https:\/\/emprocy.com\/de\/jak-zalozyc-firme-na-cyprze-praktyczny-poradnik\/\" rel=\"bookmark\">Jak za\u0142o\u017cy\u0107 firm\u0119 na Cyprze &#8211; praktyczny poradnik<\/a>\n\t\t\t\t<\/h3>\n\t\t\t\n\t\t\t\t\t\t\t<div class=\"wd-post-meta\">\n\t\t\t\t\t\t\t\t\t\t\t\t\t\t\t<div class=\"wd-post-author\">\n\t\t\t\t\t\t\t\t\t\t\t<span>Posted by<\/span>\n\t\t\n\t\t\t\t\t<img alt='author-avatar' src='https:\/\/secure.gravatar.com\/avatar\/decf384daac623f8c5fc4560c38ebc1de9ebe676e726affd62d0a43e9c45079a?s=18&#038;d=mm&#038;r=g' srcset='https:\/\/secure.gravatar.com\/avatar\/decf384daac623f8c5fc4560c38ebc1de9ebe676e726affd62d0a43e9c45079a?s=36&#038;d=mm&#038;r=g 2x' class='avatar avatar-18 photo' height='18' width='18' \/>\t\t\n\t\t\t\t\t<a href=\"https:\/\/emprocy.com\/de\/author\/admin\/\" class=\"author\" rel=\"author\">admin<\/a>\n\t\t\t\t\t\t\t\t\t<\/div>\n\t\t\t\t\t<div class=\"wd-modified-date\">\n\t\t\t\t\t\t\t\t<time class=\"updated\" datetime=\"2026-03-04T12:36:03+00:00\">\n\t\t\tM\u00e4rz 4, 2026\t\t<\/time>\n\t\t\t\t\t\t\t<\/div>\n\n\t\t\t\t\t\t\t\t\t\t\t<div tabindex=\"0\" class=\"wd-post-share wd-tltp\">\n\t\t\t\t\t\t\t<div class=\"tooltip top\">\n\t\t\t\t\t\t\t\t<div class=\"tooltip-inner\">\n\t\t\t\t\t\t\t\t\t\t\t\t<div\n\t\t\t\t\t\tclass=\"wd-social-icons wd-style-default wd-size-small social-share wd-shape-circle color-scheme-light text-center\">\n\t\t\t\t\n\t\t\t\t\n\t\t\t\t\t\t\t\t\t<a rel=\"noopener noreferrer nofollow\" href=\"https:\/\/www.facebook.com\/sharer\/sharer.php?u=https:\/\/emprocy.com\/de\/jak-zalozyc-firme-na-cyprze-praktyczny-poradnik\/\" target=\"_blank\" class=\"wd-social-icon social-facebook\" aria-label=\"Facebook social link\">\n\t\t\t\t\t\t<span class=\"wd-icon\"><\/span>\n\t\t\t\t\t\t\t\t\t\t\t<\/a>\n\t\t\t\t\n\t\t\t\t\t\t\t\t\t<a rel=\"noopener noreferrer nofollow\" href=\"https:\/\/x.com\/share?url=https:\/\/emprocy.com\/de\/jak-zalozyc-firme-na-cyprze-praktyczny-poradnik\/\" target=\"_blank\" class=\"wd-social-icon social-twitter\" aria-label=\"X social link\">\n\t\t\t\t\t\t<span class=\"wd-icon\"><\/span>\n\t\t\t\t\t\t\t\t\t\t\t<\/a>\n\t\t\t\t\n\t\t\t\t\n\t\t\t\t\n\t\t\t\t\n\t\t\t\t\n\t\t\t\t\n\t\t\t\t\t\t\t\t\t<a rel=\"noopener noreferrer nofollow\" href=\"https:\/\/pinterest.com\/pin\/create\/button\/?url=https:\/\/emprocy.com\/de\/jak-zalozyc-firme-na-cyprze-praktyczny-poradnik\/&media=https:\/\/emprocy.com\/wp-content\/uploads\/2026\/01\/12.webp&description=Jak+za%C5%82o%C5%BCy%C4%87+firm%C4%99+na+Cyprze+%26%238211%3B+praktyczny+poradnik\" target=\"_blank\" class=\"wd-social-icon social-pinterest\" aria-label=\"Pinterest social link\">\n\t\t\t\t\t\t<span class=\"wd-icon\"><\/span>\n\t\t\t\t\t\t\t\t\t\t\t<\/a>\n\t\t\t\t\n\t\t\t\t\n\t\t\t\t\t\t\t\t\t<a rel=\"noopener noreferrer nofollow\" href=\"https:\/\/www.linkedin.com\/shareArticle?mini=true&url=https:\/\/emprocy.com\/de\/jak-zalozyc-firme-na-cyprze-praktyczny-poradnik\/\" target=\"_blank\" class=\"wd-social-icon social-linkedin\" aria-label=\"Linkedin social link\">\n\t\t\t\t\t\t<span class=\"wd-icon\"><\/span>\n\t\t\t\t\t\t\t\t\t\t\t<\/a>\n\t\t\t\t\n\t\t\t\t\n\t\t\t\t\n\t\t\t\t\n\t\t\t\t\n\t\t\t\t\n\t\t\t\t\n\t\t\t\t\n\t\t\t\t\n\t\t\t\t\n\t\t\t\t\n\t\t\t\t\n\t\t\t\t\n\t\t\t\t\n\t\t\t\t\n\t\t\t\t\t\t\t\t\t<a rel=\"noopener noreferrer nofollow\" href=\"https:\/\/telegram.me\/share\/url?url=https:\/\/emprocy.com\/de\/jak-zalozyc-firme-na-cyprze-praktyczny-poradnik\/\" target=\"_blank\" class=\"wd-social-icon social-tg\" aria-label=\"Telegram social link\">\n\t\t\t\t\t\t<span class=\"wd-icon\"><\/span>\n\t\t\t\t\t\t\t\t\t\t\t<\/a>\n\t\t\t\t\n\t\t\t\t\n\t\t\t<\/div>\n\n\t\t\t\t\t\t\t\t\t\t<\/div>\n\t\t\t\t\t\t\t\t<div class=\"tooltip-arrow\"><\/div>\n\t\t\t\t\t\t\t<\/div>\n\t\t\t\t\t\t<\/div>\n\t\t\t\t\t\n\t\t\t\t\t\t\t\t\t<\/div>\n\t\t\t\n\t\t\t\t\t\t\t\t\t\t\t\t<div class=\"wd-post-excerpt entry-content\">\n\t\t\t\t\t\tJak za\u0142o\u017cy\u0107 firm\u0119 na Cyprze krok po kroku\r\nCypr od wielu lat przyci\u0105ga przedsi\u0119biorc\u00f3w z ca\u0142ego \u015bwiata dzi\u0119ki ...\t\t\t\t\t<\/div>\n\t\t\t\t\n\t\t\t\t\t\t\t\t\t\t\t\t\t\t<div class=\"wd-post-read-more wd-style-link read-more-section\">\n\t\t\t\t\t\t<a class=\"\" href=\"https:\/\/emprocy.com\/de\/jak-zalozyc-firme-na-cyprze-praktyczny-poradnik\/\">Continue reading<\/a>\t\t\t\t\t<\/div>\n\t\t\t\t\t\t\t\t\t\t\t\t\t<\/div>\n\t<\/div>\n<\/article>\n\n\t\t\t\t\n\t\t\t\t\t\t\t\t<\/div>\n\t\t\t\n\t\t\t\t\t\t\t\t\t\t<\/div>\n\t\t\t\t\t\t\t\t\t\t<\/div>\n\t\t\t\t<\/div>\n\t\t\t\t\t<\/div>\n\t\t\t\t<\/div>\n\t\t\t\t<\/div>","protected":false},"excerpt":{"rendered":"<p>Najnowsze inspiracje z naszego bloga Poznaj najnowsze artyku\u0142y, porady i historie przygotowane specjalnie dla Ciebie 02 pa\u017a blog Rynek nieruchomo\u015bci<\/p>","protected":false},"author":1,"featured_media":0,"parent":0,"menu_order":0,"comment_status":"closed","ping_status":"closed","template":"","meta":{"_acf_changed":false,"footnotes":""},"class_list":["post-29720","page","type-page","status-publish","hentry"],"acf":[],"yoast_head":"<!-- This site is optimized with the Yoast SEO plugin v27.0 - https:\/\/yoast.com\/product\/yoast-seo-wordpress\/ -->\n<title>Cypr: inwestycje, nieruchomo\u015bci i relokacja firmy | EM PRO Blog<\/title>\n<meta name=\"description\" content=\"Blog o inwestowaniu i relokacji na Cypr. Nieruchomo\u015bci, podatki, przeniesienie firmy i praktyczne porady dla przedsi\u0119biorc\u00f3w i inwestor\u00f3w.\" \/>\n<meta name=\"robots\" content=\"index, follow, max-snippet:-1, max-image-preview:large, max-video-preview:-1\" \/>\n<link rel=\"canonical\" href=\"https:\/\/emprocy.com\/de\/blog\/\" \/>\n<meta property=\"og:locale\" content=\"de_DE\" \/>\n<meta property=\"og:type\" content=\"article\" \/>\n<meta property=\"og:title\" content=\"Cypr: inwestycje, nieruchomo\u015bci i relokacja firmy | EM PRO Blog\" \/>\n<meta property=\"og:description\" content=\"Blog o inwestowaniu i relokacji na Cypr. Nieruchomo\u015bci, podatki, przeniesienie firmy i praktyczne porady dla przedsi\u0119biorc\u00f3w i inwestor\u00f3w.\" \/>\n<meta property=\"og:url\" content=\"https:\/\/emprocy.com\/de\/blog\/\" \/>\n<meta property=\"og:site_name\" content=\"Inwestycje na Cyprze i Relokacja I EM PRO Investments\" \/>\n<meta property=\"article:modified_time\" content=\"2026-03-04T07:55:43+00:00\" \/>\n<meta property=\"og:image\" content=\"https:\/\/emprocy.com\/wp-content\/uploads\/2026\/01\/1-1201x800.webp\" \/>\n<meta name=\"twitter:card\" content=\"summary_large_image\" \/>\n<meta name=\"twitter:label1\" content=\"Gesch\u00e4tzte Lesezeit\" \/>\n\t<meta name=\"twitter:data1\" content=\"10\u00a0Minuten\" \/>\n<script type=\"application\/ld+json\" class=\"yoast-schema-graph\">{\"@context\":\"https:\/\/schema.org\",\"@graph\":[{\"@type\":\"WebPage\",\"@id\":\"https:\/\/emprocy.com\/de\/blog\/\",\"url\":\"https:\/\/emprocy.com\/de\/blog\/\",\"name\":\"Cypr: inwestycje, nieruchomo\u015bci i relokacja firmy | EM PRO Blog\",\"isPartOf\":{\"@id\":\"https:\/\/emprocy.com\/de\/#website\"},\"primaryImageOfPage\":{\"@id\":\"https:\/\/emprocy.com\/de\/blog\/#primaryimage\"},\"image\":{\"@id\":\"https:\/\/emprocy.com\/de\/blog\/#primaryimage\"},\"thumbnailUrl\":\"https:\/\/emprocy.com\/wp-content\/uploads\/2026\/01\/1-1201x800.webp\",\"datePublished\":\"2026-01-07T07:55:53+00:00\",\"dateModified\":\"2026-03-04T07:55:43+00:00\",\"description\":\"Blog o inwestowaniu i relokacji na Cypr. Nieruchomo\u015bci, podatki, przeniesienie firmy i praktyczne porady dla przedsi\u0119biorc\u00f3w i inwestor\u00f3w.\",\"breadcrumb\":{\"@id\":\"https:\/\/emprocy.com\/de\/blog\/#breadcrumb\"},\"inLanguage\":\"de\",\"potentialAction\":[{\"@type\":\"ReadAction\",\"target\":[\"https:\/\/emprocy.com\/de\/blog\/\"]}]},{\"@type\":\"ImageObject\",\"inLanguage\":\"de\",\"@id\":\"https:\/\/emprocy.com\/de\/blog\/#primaryimage\",\"url\":\"https:\/\/emprocy.com\/wp-content\/uploads\/2026\/01\/1-1201x800.webp\",\"contentUrl\":\"https:\/\/emprocy.com\/wp-content\/uploads\/2026\/01\/1-1201x800.webp\"},{\"@type\":\"BreadcrumbList\",\"@id\":\"https:\/\/emprocy.com\/de\/blog\/#breadcrumb\",\"itemListElement\":[{\"@type\":\"ListItem\",\"position\":1,\"name\":\"Strona g\u0142\u00f3wna\",\"item\":\"https:\/\/emprocy.com\/\"},{\"@type\":\"ListItem\",\"position\":2,\"name\":\"Blog\"}]},{\"@type\":\"WebSite\",\"@id\":\"https:\/\/emprocy.com\/de\/#website\",\"url\":\"https:\/\/emprocy.com\/de\/\",\"name\":\"Inwestycje na Cyprze i Relokacja I EM PRO Investments\",\"description\":\"Inwestycje na Cyprze i Relokacja I EM PRO Investments\",\"potentialAction\":[{\"@type\":\"SearchAction\",\"target\":{\"@type\":\"EntryPoint\",\"urlTemplate\":\"https:\/\/emprocy.com\/de\/?s={search_term_string}\"},\"query-input\":{\"@type\":\"PropertyValueSpecification\",\"valueRequired\":true,\"valueName\":\"search_term_string\"}}],\"inLanguage\":\"de\"}]}<\/script>\n<!-- \/ Yoast SEO plugin. -->","yoast_head_json":{"title":"Cypr: inwestycje, nieruchomo\u015bci i relokacja firmy | EM PRO Blog","description":"Blog o inwestowaniu i relokacji na Cypr. Nieruchomo\u015bci, podatki, przeniesienie firmy i praktyczne porady dla przedsi\u0119biorc\u00f3w i inwestor\u00f3w.","robots":{"index":"index","follow":"follow","max-snippet":"max-snippet:-1","max-image-preview":"max-image-preview:large","max-video-preview":"max-video-preview:-1"},"canonical":"https:\/\/emprocy.com\/de\/blog\/","og_locale":"de_DE","og_type":"article","og_title":"Cypr: inwestycje, nieruchomo\u015bci i relokacja firmy | EM PRO Blog","og_description":"Blog o inwestowaniu i relokacji na Cypr. Nieruchomo\u015bci, podatki, przeniesienie firmy i praktyczne porady dla przedsi\u0119biorc\u00f3w i inwestor\u00f3w.","og_url":"https:\/\/emprocy.com\/de\/blog\/","og_site_name":"Inwestycje na Cyprze i Relokacja I EM PRO Investments","article_modified_time":"2026-03-04T07:55:43+00:00","og_image":[{"url":"https:\/\/emprocy.com\/wp-content\/uploads\/2026\/01\/1-1201x800.webp","type":"","width":"","height":""}],"twitter_card":"summary_large_image","twitter_misc":{"Gesch\u00e4tzte Lesezeit":"10\u00a0Minuten"},"schema":{"@context":"https:\/\/schema.org","@graph":[{"@type":"WebPage","@id":"https:\/\/emprocy.com\/de\/blog\/","url":"https:\/\/emprocy.com\/de\/blog\/","name":"Cypr: inwestycje, nieruchomo\u015bci i relokacja firmy | EM PRO Blog","isPartOf":{"@id":"https:\/\/emprocy.com\/de\/#website"},"primaryImageOfPage":{"@id":"https:\/\/emprocy.com\/de\/blog\/#primaryimage"},"image":{"@id":"https:\/\/emprocy.com\/de\/blog\/#primaryimage"},"thumbnailUrl":"https:\/\/emprocy.com\/wp-content\/uploads\/2026\/01\/1-1201x800.webp","datePublished":"2026-01-07T07:55:53+00:00","dateModified":"2026-03-04T07:55:43+00:00","description":"Blog o inwestowaniu i relokacji na Cypr. Nieruchomo\u015bci, podatki, przeniesienie firmy i praktyczne porady dla przedsi\u0119biorc\u00f3w i inwestor\u00f3w.","breadcrumb":{"@id":"https:\/\/emprocy.com\/de\/blog\/#breadcrumb"},"inLanguage":"de","potentialAction":[{"@type":"ReadAction","target":["https:\/\/emprocy.com\/de\/blog\/"]}]},{"@type":"ImageObject","inLanguage":"de","@id":"https:\/\/emprocy.com\/de\/blog\/#primaryimage","url":"https:\/\/emprocy.com\/wp-content\/uploads\/2026\/01\/1-1201x800.webp","contentUrl":"https:\/\/emprocy.com\/wp-content\/uploads\/2026\/01\/1-1201x800.webp"},{"@type":"BreadcrumbList","@id":"https:\/\/emprocy.com\/de\/blog\/#breadcrumb","itemListElement":[{"@type":"ListItem","position":1,"name":"Strona g\u0142\u00f3wna","item":"https:\/\/emprocy.com\/"},{"@type":"ListItem","position":2,"name":"Blog"}]},{"@type":"WebSite","@id":"https:\/\/emprocy.com\/de\/#website","url":"https:\/\/emprocy.com\/de\/","name":"Inwestycje na Cyprze i Relokacja I EM PRO Investments","description":"Inwestycje na Cyprze i Relokacja I EM PRO Investments","potentialAction":[{"@type":"SearchAction","target":{"@type":"EntryPoint","urlTemplate":"https:\/\/emprocy.com\/de\/?s={search_term_string}"},"query-input":{"@type":"PropertyValueSpecification","valueRequired":true,"valueName":"search_term_string"}}],"inLanguage":"de"}]}},"_links":{"self":[{"href":"https:\/\/emprocy.com\/de\/wp-json\/wp\/v2\/pages\/29720","targetHints":{"allow":["GET"]}}],"collection":[{"href":"https:\/\/emprocy.com\/de\/wp-json\/wp\/v2\/pages"}],"about":[{"href":"https:\/\/emprocy.com\/de\/wp-json\/wp\/v2\/types\/page"}],"author":[{"embeddable":true,"href":"https:\/\/emprocy.com\/de\/wp-json\/wp\/v2\/users\/1"}],"replies":[{"embeddable":true,"href":"https:\/\/emprocy.com\/de\/wp-json\/wp\/v2\/comments?post=29720"}],"version-history":[{"count":12,"href":"https:\/\/emprocy.com\/de\/wp-json\/wp\/v2\/pages\/29720\/revisions"}],"predecessor-version":[{"id":30657,"href":"https:\/\/emprocy.com\/de\/wp-json\/wp\/v2\/pages\/29720\/revisions\/30657"}],"wp:attachment":[{"href":"https:\/\/emprocy.com\/de\/wp-json\/wp\/v2\/media?parent=29720"}],"curies":[{"name":"wp","href":"https:\/\/api.w.org\/{rel}","templated":true}]}}